{"id":441,"date":"2022-08-04T07:00:39","date_gmt":"2022-08-04T07:00:39","guid":{"rendered":"https:\/\/ferienchalet-wallis.ch\/?page_id=441"},"modified":"2025-11-24T13:30:39","modified_gmt":"2025-11-24T13:30:39","slug":"sitemap","status":"publish","type":"page","link":"https:\/\/ferienchalet-wallis.ch\/de\/sitemap\/","title":{"rendered":"Sitemap"},"content":{"rendered":"<div class='flex_column av-nl3t-ef910d163d719ac627f57dcdfe4b002d av_one_full  avia-builder-el-0  avia-builder-el-no-sibling  first flex_column_div '   ><section  class='av_textblock_section av-l6epvnml-8460c9c9d17ebb05a6e0161baaaf898a'  itemscope=\"itemscope\" itemtype=\"https:\/\/schema.org\/CreativeWork\" ><div class='avia_textblock'  itemprop=\"text\" ><div class=\"wsp-container\"><h2 class=\"wsp-pages-title\">Seiten<\/h2>\n<ul class=\"wsp-pages-list\">\n<li class=\"page_item page-item-583\"><a href=\"https:\/\/ferienchalet-wallis.ch\/de\/aletscharena-aktiv\/\">Aletsch Arena aktiv<\/a><\/li>\n<li class=\"page_item page-item-517 current_page_parent\"><a href=\"https:\/\/ferienchalet-wallis.ch\/de\/blog\/\">Blog<\/a><\/li>\n<li class=\"page_item page-item-1692\"><a href=\"https:\/\/ferienchalet-wallis.ch\/de\/cookie-richtlinie-eu\/\">Cookie-Richtlinie (EU)<\/a><\/li>\n<li class=\"page_item page-item-1620\"><a href=\"https:\/\/ferienchalet-wallis.ch\/de\/datenschutz\/\">Datenschutz<\/a><\/li>\n<li class=\"page_item page-item-471\"><a href=\"https:\/\/ferienchalet-wallis.ch\/de\/\">Ferien in der Aletsch Arena<\/a><\/li>\n<li class=\"page_item page-item-44\"><a href=\"https:\/\/ferienchalet-wallis.ch\/de\/ferienunterkuenfte\/\">Ferienunterk\u00fcnfte<\/a><\/li>\n<li class=\"page_item page-item-183 page_item_has_children\"><a href=\"https:\/\/ferienchalet-wallis.ch\/de\/fewo\/\">Ferienwohnungen<\/a>\n<ul class='children'>\n\t<li class=\"page_item page-item-226\"><a href=\"https:\/\/ferienchalet-wallis.ch\/de\/fewo\/bettmeralp\/\">Bettmeralp<\/a><\/li>\n\t<li class=\"page_item page-item-223\"><a href=\"https:\/\/ferienchalet-wallis.ch\/de\/fewo\/riederalp\/\">Riederalp<\/a><\/li>\n\t<li class=\"page_item page-item-261\"><a href=\"https:\/\/ferienchalet-wallis.ch\/de\/fewo\/wohnung\/\">Wohnung<\/a><\/li>\n<\/ul>\n<\/li>\n<li class=\"page_item page-item-389\"><a href=\"https:\/\/ferienchalet-wallis.ch\/de\/impressum\/\">Impressum<\/a><\/li>\n<li class=\"page_item page-item-48\"><a href=\"https:\/\/ferienchalet-wallis.ch\/de\/kontakt-und-anfrage\/\">Kontakt &#038; Anfrage<\/a><\/li>\n<li class=\"page_item page-item-441\"><a href=\"https:\/\/ferienchalet-wallis.ch\/de\/sitemap\/\">Sitemap<\/a><\/li>\n<li class=\"page_item page-item-228\"><a href=\"https:\/\/ferienchalet-wallis.ch\/de\/verfuegbarkeiten\/\">Verf\u00fcgbarkeiten<\/a><\/li>\n<li class=\"page_item page-item-80\"><a href=\"https:\/\/ferienchalet-wallis.ch\/de\/ortsplan\/\">Ortsplan<\/a><\/li>\n<li class=\"page_item page-item-78\"><a href=\"https:\/\/ferienchalet-wallis.ch\/de\/anreise\/\">Anreise<\/a><\/li>\n<li class=\"page_item page-item-82\"><a href=\"https:\/\/ferienchalet-wallis.ch\/de\/webcams\/\">Webcams<\/a><\/li>\n<\/ul>\n<h2 class=\"wsp-posts-title\">Beitr\u00e4ge nach Kategorie<\/h2>\n<ul class=\"wsp-posts-list\">\n\t<li><strong class=\"wsp-category-title\">Kategorie: <a href=\"https:\/\/ferienchalet-wallis.ch\/de\/thema\/aletsch\/\">Aletsch<\/a><\/strong>\n<ul class=\"wsp-posts-list\">\t\t<li class=\"wsp-post\"><a href=\"https:\/\/ferienchalet-wallis.ch\/de\/foxtrail-am-aletschgletscher\/\">Foxtrail am Aletschgletscher<\/a><\/li>\n\t\t<li class=\"wsp-post\"><a href=\"https:\/\/ferienchalet-wallis.ch\/de\/suonenweg-fiescher-wyssa\/\">Suonenweg Fiescher Wyssa<\/a><\/li>\n\t\t<li class=\"wsp-post\"><a href=\"https:\/\/ferienchalet-wallis.ch\/de\/bikepark-mit-bikepass\/\">Bikepark mit Bikepass<\/a><\/li>\n\t\t<li class=\"wsp-post\"><a href=\"https:\/\/ferienchalet-wallis.ch\/de\/walliser-alpen-mit-herz\/\">Walliser Alpen mit Herz<\/a><\/li>\n\t\t<li class=\"wsp-post\"><a href=\"https:\/\/ferienchalet-wallis.ch\/de\/uci-mtb-wm-2025-disziplin-enduro-und-cross-country\/\">UCI-Mountainbike-Weltmeisterschaften im Wallis vom 30.08. bis 14.09.25<\/a><\/li>\n\t\t<li class=\"wsp-post\"><a href=\"https:\/\/ferienchalet-wallis.ch\/de\/schaukaesen-am-aletsch\/\">Schauk\u00e4sen am Aletsch<\/a><\/li>\n\t\t<li class=\"wsp-post\"><a href=\"https:\/\/ferienchalet-wallis.ch\/de\/was-ein-zirkus\/\">Was ein Zirkus<\/a><\/li>\n\t\t<li class=\"wsp-post\"><a href=\"https:\/\/ferienchalet-wallis.ch\/de\/bergseen-am-aletsch\/\">Bergseen am Aletsch zum Abk\u00fchlen<\/a><\/li>\n\t\t<li class=\"wsp-post\"><a href=\"https:\/\/ferienchalet-wallis.ch\/de\/aletsch-halbmarathon-am-28-juni-2025\/\">Aletsch Halbmarathon am 28. und 29. Juni 2025<\/a><\/li>\n\t\t<li class=\"wsp-post\"><a href=\"https:\/\/ferienchalet-wallis.ch\/de\/birkhahn-wochenende-am-14-juni-2025\/\">Birkhahn-Wochenende am 14. Juni 2025<\/a><\/li>\n\t\t<li class=\"wsp-post\"><a href=\"https:\/\/ferienchalet-wallis.ch\/de\/ideen-fuer-die-wanderferien-am-aletschgletscher\/\">Ideen f\u00fcr die Wanderferien am Aletschgletscher<\/a><\/li>\n\t\t<li class=\"wsp-post\"><a href=\"https:\/\/ferienchalet-wallis.ch\/de\/zwischensaison-am-aletschgletscher\/\">Fr\u00fchling in den Walliser Bergen<\/a><\/li>\n\t\t<li class=\"wsp-post\"><a href=\"https:\/\/ferienchalet-wallis.ch\/de\/skitouren-in-der-aletschregion\/\">Skitouren in der Aletschregion<\/a><\/li>\n\t\t<li class=\"wsp-post\"><a href=\"https:\/\/ferienchalet-wallis.ch\/de\/huettenerlebnisse-aletsch-arena-ohne-kuehe\/\">H\u00fcttenerlebnisse Aletsch Arena ohne K\u00fche<\/a><\/li>\n\t\t<li class=\"wsp-post\"><a href=\"https:\/\/ferienchalet-wallis.ch\/de\/winterwanderung-riederalp-chueestall\/\">Winterwanderung Riederalp Ch\u00fcestall<\/a><\/li>\n\t\t<li class=\"wsp-post\"><a href=\"https:\/\/ferienchalet-wallis.ch\/de\/sport-und-musik-events-am-aletsch\/\">Sport- und Musik-Events am Aletsch<\/a><\/li>\n\t\t<li class=\"wsp-post\"><a href=\"https:\/\/ferienchalet-wallis.ch\/de\/nachtskifahren-in-der-aletsch-arena\/\">Nachtskifahren in der Aletsch Arena<\/a><\/li>\n\t\t<li class=\"wsp-post\"><a href=\"https:\/\/ferienchalet-wallis.ch\/de\/huettenerlebnisse-in-der-aletsch-arena\/\">H\u00fcttenerlebnisse in der Aletsch Arena<\/a><\/li>\n\t\t<li class=\"wsp-post\"><a href=\"https:\/\/ferienchalet-wallis.ch\/de\/winterwanderweg-moosfluh-riederalp\/\">Winterwanderweg Moosfluh Riederalp<\/a><\/li>\n\t\t<li class=\"wsp-post\"><a href=\"https:\/\/ferienchalet-wallis.ch\/de\/zeitvertreib-fuer-kinder-in-den-weihnachtsferien\/\">Zeitvertreib f\u00fcr Kinder in den Weihnachtsferien 2024<\/a><\/li>\n\t\t<li class=\"wsp-post\"><a href=\"https:\/\/ferienchalet-wallis.ch\/de\/aletsch-wintertraeff-zur-saisoneroeffnung-2024\/\">Aletsch-Wintertr\u00e4ff zur Saisoner\u00f6ffnung 2024<\/a><\/li>\n\t\t<li class=\"wsp-post\"><a href=\"https:\/\/ferienchalet-wallis.ch\/de\/skisaisonbeginn-07-dezember-2024\/\">Skisaisonbeginn der Aletsch Arena am 07. Dezember 2024<\/a><\/li>\n\t\t<li class=\"wsp-post\"><a href=\"https:\/\/ferienchalet-wallis.ch\/de\/november-im-wallis\/\">November im Wallis<\/a><\/li>\n\t\t<li class=\"wsp-post\"><a href=\"https:\/\/ferienchalet-wallis.ch\/de\/herbst-wochenende-fuer-kurzentschlossene\/\">Herbst Wochenende f\u00fcr Kurzentschlossene<\/a><\/li>\n\t\t<li class=\"wsp-post\"><a href=\"https:\/\/ferienchalet-wallis.ch\/de\/5-wanderrouten-im-aletschgebiet\/\">5 Wanderrouten im Aletschgebiet<\/a><\/li>\n\t\t<li class=\"wsp-post\"><a href=\"https:\/\/ferienchalet-wallis.ch\/de\/tradition-im-oberwallis\/\">Tradition im Oberwallis<\/a><\/li>\n\t\t<li class=\"wsp-post\"><a href=\"https:\/\/ferienchalet-wallis.ch\/de\/wanderung-zum-maerjelensee-im-aletschgebiet\/\">Wanderung zum M\u00e4rjelensee am Aletsch<\/a><\/li>\n\t\t<li class=\"wsp-post\"><a href=\"https:\/\/ferienchalet-wallis.ch\/de\/golfturnierwochen-auf-der-riederalp\/\">Golfturnierwochen auf der Riederalp<\/a><\/li>\n\t\t<li class=\"wsp-post\"><a href=\"https:\/\/ferienchalet-wallis.ch\/de\/sommerfeste_am_aletsch\/\">Sommerfeste am Aletsch<\/a><\/li>\n\t\t<li class=\"wsp-post\"><a href=\"https:\/\/ferienchalet-wallis.ch\/de\/uci-mtb-enduro-world-cup-als-ansporn\/\">UCI MTB Enduro World Cup als Ansporn<\/a><\/li>\n\t\t<li class=\"wsp-post\"><a href=\"https:\/\/ferienchalet-wallis.ch\/de\/aktive-alternativen-zum-halbmarathon\/\">Aktive Alternativen zum Aletsch Halbmarathon<\/a><\/li>\n\t\t<li class=\"wsp-post\"><a href=\"https:\/\/ferienchalet-wallis.ch\/de\/flowtrail-wurzenbord\/\">Kids Flowtrail Race 2024 am 15. Juni 2024<\/a><\/li>\n\t\t<li class=\"wsp-post\"><a href=\"https:\/\/ferienchalet-wallis.ch\/de\/aletsch-halbmarathon-familientag\/\">Der Aletsch Halbmarathon &#8211; ein Familientag?<\/a><\/li>\n\t\t<li class=\"wsp-post\"><a href=\"https:\/\/ferienchalet-wallis.ch\/de\/die-wandersaison-am-aletsch-beginnt-am-08-06-24\/\">Wandern \u00fcber die H\u00e4ngebr\u00fccke am Aletsch<\/a><\/li>\n\t\t<li class=\"wsp-post\"><a href=\"https:\/\/ferienchalet-wallis.ch\/de\/saisonende-der-aletsch-arena-am-06-april-2024\/\">Saisonende der Aletsch Arena am 06. April 2024<\/a><\/li>\n\t\t<li class=\"wsp-post\"><a href=\"https:\/\/ferienchalet-wallis.ch\/de\/am-19-maerz-2024-ist-seppi-tag\/\">Am 19. M\u00e4rz 2024 ist Seppi-Tag<\/a><\/li>\n\t\t<li class=\"wsp-post\"><a href=\"https:\/\/ferienchalet-wallis.ch\/de\/veranstaltungen-fuer-kinder-im-aletschgebiet\/\">Kinderanimationen im Aletschgebiet<\/a><\/li>\n\t\t<li class=\"wsp-post\"><a href=\"https:\/\/ferienchalet-wallis.ch\/de\/gletschi-tour-fuer-kinder\/\">Gletschi-Tour f\u00fcr Kinder<\/a><\/li>\n\t\t<li class=\"wsp-post\"><a href=\"https:\/\/ferienchalet-wallis.ch\/de\/mondscheinessen-mit-fackelabfahrt\/\">Mondscheinessen mit Fackelabfahrt<\/a><\/li>\n\t\t<li class=\"wsp-post\"><a href=\"https:\/\/ferienchalet-wallis.ch\/de\/winterferien-in-den-skigebieten-am-aletschgletscher\/\">Winterferien in den Skigebieten am Aletschgletscher<\/a><\/li>\n\t\t<li class=\"wsp-post\"><a href=\"https:\/\/ferienchalet-wallis.ch\/de\/skipass-aletsch-arena-vorverkauf\/\">Skipass Aletsch Arena Vorverkauf<\/a><\/li>\n\t\t<li class=\"wsp-post\"><a href=\"https:\/\/ferienchalet-wallis.ch\/de\/ferien-am-aletsch-im-november\/\">Ferien am Aletsch im November<\/a><\/li>\n\t\t<li class=\"wsp-post\"><a href=\"https:\/\/ferienchalet-wallis.ch\/de\/der-aletschwald\/\">Der Aletschwald<\/a><\/li>\n\t\t<li class=\"wsp-post\"><a href=\"https:\/\/ferienchalet-wallis.ch\/de\/der-grosse-aletschgletscher\/\">Der Grosse Aletschgletscher<\/a><\/li>\n\t\t<li class=\"wsp-post\"><a href=\"https:\/\/ferienchalet-wallis.ch\/de\/view-point-moosfluh\/\">View Point Moosfluh<\/a><\/li>\n\t\t<li class=\"wsp-post\"><a href=\"https:\/\/ferienchalet-wallis.ch\/de\/biken-statt-wandern-von-einfach-bis-anspruchsvoll\/\">Biken statt Wandern \u2013 von einfach bis anspruchsvoll<\/a><\/li>\n\t\t<li class=\"wsp-post\"><a href=\"https:\/\/ferienchalet-wallis.ch\/de\/saisonstart-aletsch-arena-am-10-juni-2023\/\">Saisonstart Aletsch Arena am 10. Juni 2023<\/a><\/li>\n\t\t<li class=\"wsp-post\"><a href=\"https:\/\/ferienchalet-wallis.ch\/de\/saisonende-der-aletsch-arena-15-april-2023\/\">Saisonende der Aletsch Arena &#8211; 15. April 2023<\/a><\/li>\n\t\t<li class=\"wsp-post\"><a href=\"https:\/\/ferienchalet-wallis.ch\/de\/tandemflug-abheben-im-doppelten-sinn\/\">Tandemflug \u2013 Abheben im doppelten Sinn<\/a><\/li>\n\t\t<li class=\"wsp-post\"><a href=\"https:\/\/ferienchalet-wallis.ch\/de\/alternatives-winterwandern\/\">Alternatives Winterwandern<\/a><\/li>\n\t\t<li class=\"wsp-post\"><a href=\"https:\/\/ferienchalet-wallis.ch\/de\/schlitteln-gut\/\">Schlitteln gut?<\/a><\/li>\n\t\t<li class=\"wsp-post\"><a href=\"https:\/\/ferienchalet-wallis.ch\/de\/gletschiland-fuer-kinder\/\">Gletschiland f\u00fcr Kinder<\/a><\/li>\n\t\t<li class=\"wsp-post\"><a href=\"https:\/\/ferienchalet-wallis.ch\/de\/first-track-als-erster-auf-der-skipiste\/\">First track \u2013 Als Erster auf der Skipiste<\/a><\/li>\n\t\t<li class=\"wsp-post\"><a href=\"https:\/\/ferienchalet-wallis.ch\/de\/der-hit-fondue-mit-abendstimmung\/\">Der Hit &#8211; Fondue mit Abendstimmung<\/a><\/li>\n\t\t<li class=\"wsp-post\"><a href=\"https:\/\/ferienchalet-wallis.ch\/de\/skisaison-der-aletsch-arena\/\">Die Skisaison der Aletsch Arena<\/a><\/li>\n\t\t<li class=\"wsp-post\"><a href=\"https:\/\/ferienchalet-wallis.ch\/de\/die-kinderskischule-auf-der-riederalp\/\">Die Kinderskischule auf der Riederalp<\/a><\/li>\n\t\t<li class=\"wsp-post\"><a href=\"https:\/\/ferienchalet-wallis.ch\/de\/weisse-wochen-auf-riederalp-und-bettmeralp\/\">Weisse Wochen auf Riederalp und Bettmeralp sind tiptop!<\/a><\/li>\n\t\t<li class=\"wsp-post\"><a href=\"https:\/\/ferienchalet-wallis.ch\/de\/neue-internetpraesenz-kurz-vorgestellt-2\/\">Neue Internetpr\u00e4senz kurz vorgestellt<\/a><\/li>\n<\/ul><\/li>\n\t<li><strong class=\"wsp-category-title\">Kategorie: <a href=\"https:\/\/ferienchalet-wallis.ch\/de\/thema\/aletsch-arena\/\">Aletsch Arena<\/a><\/strong>\n<ul class=\"wsp-posts-list\">\t\t<li class=\"wsp-post\"><a href=\"https:\/\/ferienchalet-wallis.ch\/de\/skitouren-ab-aletsch-arena\/\">Skitouren ab Aletsch Arena<\/a><\/li>\n\t\t<li class=\"wsp-post\"><a href=\"https:\/\/ferienchalet-wallis.ch\/de\/winterliche-ostern-2026\/\">Winterliche Ostern 2026<\/a><\/li>\n\t\t<li class=\"wsp-post\"><a href=\"https:\/\/ferienchalet-wallis.ch\/de\/skifahren-im-maerz\/\">Skifahren im M\u00e4rz<\/a><\/li>\n\t\t<li class=\"wsp-post\"><a href=\"https:\/\/ferienchalet-wallis.ch\/de\/ein-ferientag-in-der-aletsch-arena\/\">Ein abwechslungsreicher Ferientag in der Aletsch Arena<\/a><\/li>\n\t\t<li class=\"wsp-post\"><a href=\"https:\/\/ferienchalet-wallis.ch\/de\/winterspaziergang-zum-bettmersee\/\">Winterspaziergang zum Bettmersee<\/a><\/li>\n\t\t<li class=\"wsp-post\"><a href=\"https:\/\/ferienchalet-wallis.ch\/de\/sportferien-in-der-schweiz\/\">Sportferien in der Schweiz<\/a><\/li>\n\t\t<li class=\"wsp-post\"><a href=\"https:\/\/ferienchalet-wallis.ch\/de\/romantik-in-der-aletsch-arena\/\">Romantik in der Aletsch Arena<\/a><\/li>\n\t\t<li class=\"wsp-post\"><a href=\"https:\/\/ferienchalet-wallis.ch\/de\/freizeittipps-im-winter-fuer-die-aletsch-arena\/\">Freizeittipps im Winter f\u00fcr die Aletsch Arena<\/a><\/li>\n\t\t<li class=\"wsp-post\"><a href=\"https:\/\/ferienchalet-wallis.ch\/de\/winterurlaub-im-wallis\/\">Winterurlaub im Wallis<\/a><\/li>\n\t\t<li class=\"wsp-post\"><a href=\"https:\/\/ferienchalet-wallis.ch\/de\/6-aletsch-wintertraeff-vom-12-bis-14-dezember-2025\/\">6. Aletsch-Wintertr\u00e4ff vom 12. Bis 14. Dezember 2025<\/a><\/li>\n\t\t<li class=\"wsp-post\"><a href=\"https:\/\/ferienchalet-wallis.ch\/de\/schneesichere-aletsch-arena\/\">Schneesichere Aletsch Arena<\/a><\/li>\n\t\t<li class=\"wsp-post\"><a href=\"https:\/\/ferienchalet-wallis.ch\/de\/skisaison-aletsch-arena-skipass\/\">Ski-Saison Aletsch Arena &#8211; Skipass Winter 2025\/26<\/a><\/li>\n<\/ul><\/li>\n\t<li><strong class=\"wsp-category-title\">Kategorie: <a href=\"https:\/\/ferienchalet-wallis.ch\/de\/thema\/bettmeralp\/\">Bettmeralp<\/a><\/strong>\n<ul class=\"wsp-posts-list\">\t\t<li class=\"wsp-post\"><a href=\"https:\/\/ferienchalet-wallis.ch\/de\/kindererlebnis-mit-holzkugelbahn\/\">Kindererlebnis mit der Holzkugelbahn<\/a><\/li>\n\t\t<li class=\"wsp-post\"><a href=\"https:\/\/ferienchalet-wallis.ch\/de\/schneeschuhtour-betten-dorf-in-richtung-domo-bettmeralp\/\">Schneeschuhtour Betten Dorf in Richtung Domo &#8211; Bettmeralp<\/a><\/li>\n\t\t<li class=\"wsp-post\"><a href=\"https:\/\/ferienchalet-wallis.ch\/de\/der-bettmersee\/\">Bettmersee Wanderung 3 mal anders<\/a><\/li>\n\t\t<li class=\"wsp-post\"><a href=\"https:\/\/ferienchalet-wallis.ch\/de\/traditionswochenende-auf-der-bettmeralp\/\">Ein Wochenende mit Tradition auf der Bettmeralp<\/a><\/li>\n\t\t<li class=\"wsp-post\"><a href=\"https:\/\/ferienchalet-wallis.ch\/de\/winterwanderung-fiescheralp-riederalp\/\">Winterwanderung Fiescheralp \u2013 Riederalp<\/a><\/li>\n\t\t<li class=\"wsp-post\"><a href=\"https:\/\/ferienchalet-wallis.ch\/de\/winterwanderweg-fuer-anfaenger\/\">Winterwanderweg f\u00fcr Anf\u00e4nger<\/a><\/li>\n<\/ul><\/li>\n\t<li><strong class=\"wsp-category-title\">Kategorie: <a href=\"https:\/\/ferienchalet-wallis.ch\/de\/thema\/fiescheralp\/\">Fiescheralp<\/a><\/strong>\n<\/li>\n\t<li><strong class=\"wsp-category-title\">Kategorie: <a href=\"https:\/\/ferienchalet-wallis.ch\/de\/thema\/gleitschirm\/\">Gleitschirm<\/a><\/strong>\n<\/li>\n\t<li><strong class=\"wsp-category-title\">Kategorie: <a href=\"https:\/\/ferienchalet-wallis.ch\/de\/thema\/golf\/\">Golf<\/a><\/strong>\n<ul class=\"wsp-posts-list\">\t\t<li class=\"wsp-post\"><a href=\"https:\/\/ferienchalet-wallis.ch\/de\/golfturnierwoche-riederalp-im-herbst\/\">Golfturnierwoche auf der Riederalp<\/a><\/li>\n<\/ul><\/li>\n\t<li><strong class=\"wsp-category-title\">Kategorie: <a href=\"https:\/\/ferienchalet-wallis.ch\/de\/thema\/huettenerlebnis\/\">H\u00fcttenerlebnis<\/a><\/strong>\n<\/li>\n\t<li><strong class=\"wsp-category-title\">Kategorie: <a href=\"https:\/\/ferienchalet-wallis.ch\/de\/thema\/kinder\/\">Kinder<\/a><\/strong>\n<ul class=\"wsp-posts-list\">\t\t<li class=\"wsp-post\"><a href=\"https:\/\/ferienchalet-wallis.ch\/de\/neue-kneippanlage-auf-der-riederalp\/\">Neue Kneippanlage auf der Riederalp<\/a><\/li>\n<\/ul><\/li>\n\t<li><strong class=\"wsp-category-title\">Kategorie: <a href=\"https:\/\/ferienchalet-wallis.ch\/de\/thema\/kneipp-anlage\/\">Kneipp-Anlage<\/a><\/strong>\n<\/li>\n\t<li><strong class=\"wsp-category-title\">Kategorie: <a href=\"https:\/\/ferienchalet-wallis.ch\/de\/thema\/mountainbike-mtb\/\">Mountainbike MTB<\/a><\/strong>\n<\/li>\n\t<li><strong class=\"wsp-category-title\">Kategorie: <a href=\"https:\/\/ferienchalet-wallis.ch\/de\/thema\/naturerlebnis\/\">Naturerlebnis<\/a><\/strong>\n<\/li>\n\t<li><strong class=\"wsp-category-title\">Kategorie: <a href=\"https:\/\/ferienchalet-wallis.ch\/de\/thema\/riederalp\/\">Riederalp<\/a><\/strong>\n<ul class=\"wsp-posts-list\">\t\t<li class=\"wsp-post\"><a href=\"https:\/\/ferienchalet-wallis.ch\/de\/wanderung-knebelbruecke-auf-der-riederalp\/\">Wanderung Knebelbr\u00fccke auf der Riederalp<\/a><\/li>\n\t\t<li class=\"wsp-post\"><a href=\"https:\/\/ferienchalet-wallis.ch\/de\/spaziergang-im-golmenegg\/\">Spaziergang im Golmenegg\/Riederalp<\/a><\/li>\n\t\t<li class=\"wsp-post\"><a href=\"https:\/\/ferienchalet-wallis.ch\/de\/winterwanderung-erlebnispfad-gratweg\/\">Winterwanderung Erlebnispfad Gratweg<\/a><\/li>\n\t\t<li class=\"wsp-post\"><a href=\"https:\/\/ferienchalet-wallis.ch\/de\/rundwanderung-richtung-chatzulecher\/\">Rundwanderung Riederalp Richtung Chatzulecher<\/a><\/li>\n\t\t<li class=\"wsp-post\"><a href=\"https:\/\/ferienchalet-wallis.ch\/de\/kombiticket-ski-und-langlauf\/\">Kombiticket Ski und Langlauf<\/a><\/li>\n\t\t<li class=\"wsp-post\"><a href=\"https:\/\/ferienchalet-wallis.ch\/de\/sonntagswanderung-auf-der-riederalp\/\">Sonntagswanderung auf der Riederalp<\/a><\/li>\n<\/ul><\/li>\n\t<li><strong class=\"wsp-category-title\">Kategorie: <a href=\"https:\/\/ferienchalet-wallis.ch\/de\/thema\/schlitteln\/\">Schlitteln<\/a><\/strong>\n<\/li>\n\t<li><strong class=\"wsp-category-title\">Kategorie: <a href=\"https:\/\/ferienchalet-wallis.ch\/de\/thema\/schneeschuhtouren\/\">Schneeschuhtouren<\/a><\/strong>\n<\/li>\n\t<li><strong class=\"wsp-category-title\">Kategorie: <a href=\"https:\/\/ferienchalet-wallis.ch\/de\/thema\/skifahren\/\">Skifahren<\/a><\/strong>\n<\/li>\n\t<li><strong class=\"wsp-category-title\">Kategorie: <a href=\"https:\/\/ferienchalet-wallis.ch\/de\/thema\/skitouring\/\">Skitouring<\/a><\/strong>\n<\/li>\n\t<li><strong class=\"wsp-category-title\">Kategorie: <a href=\"https:\/\/ferienchalet-wallis.ch\/de\/thema\/veranstaltungen\/\">Veranstaltungen<\/a><\/strong>\n<\/li>\n\t<li><strong class=\"wsp-category-title\">Kategorie: <a href=\"https:\/\/ferienchalet-wallis.ch\/de\/thema\/wandern\/\">Wandern<\/a><\/strong>\n<\/li>\n\t<li><strong class=\"wsp-category-title\">Kategorie: <a href=\"https:\/\/ferienchalet-wallis.ch\/de\/thema\/winter\/\">Winter<\/a><\/strong>\n<\/li>\n\t<li><strong class=\"wsp-category-title\">Kategorie: <a href=\"https:\/\/ferienchalet-wallis.ch\/de\/thema\/wintersport\/\">Wintersport<\/a><\/strong>\n<\/li>\n<\/ul>\n<h2 class=\"wsp-popups-title\">Pop-ups<\/h2>\n<ul class=\"wsp-popups-list\">\n<li><a href=\"https:\/\/ferienchalet-wallis.ch\/de\/?post_type=popup&amp;p=1995\">Example: Auto-opening announcement popup<\/a><\/li>\n<li><a href=\"https:\/\/ferienchalet-wallis.ch\/de\/?post_type=popup&amp;p=1769\">Spartipp Februar 2026<\/a><\/li>\n<li><a href=\"https:\/\/ferienchalet-wallis.ch\/de\/?post_type=popup&amp;p=1768\">Example: Auto-opening announcement popup<\/a><\/li>\n<\/ul>\n<h2 class=\"wsp-popup_themes-title\">Pop-up-Themes<\/h2>\n<ul class=\"wsp-popup_themes-list\">\n<li><a href=\"https:\/\/ferienchalet-wallis.ch\/de\/?post_type=popup_theme&amp;p=1767\">Content Only - For use with page builders or block editor<\/a><\/li>\n<li><a href=\"https:\/\/ferienchalet-wallis.ch\/de\/?post_type=popup_theme&amp;p=1766\">Floating Bar - Soft Blue<\/a><\/li>\n<li><a href=\"https:\/\/ferienchalet-wallis.ch\/de\/?post_type=popup_theme&amp;p=1765\">Rahmen<\/a><\/li>\n<li><a href=\"https:\/\/ferienchalet-wallis.ch\/de\/?post_type=popup_theme&amp;p=1764\">Spitzenposition<\/a><\/li>\n<li><a href=\"https:\/\/ferienchalet-wallis.ch\/de\/?post_type=popup_theme&amp;p=1763\">Hallo Box<\/a><\/li>\n<li><a href=\"https:\/\/ferienchalet-wallis.ch\/de\/?post_type=popup_theme&amp;p=1762\">Enterprise Blue<\/a><\/li>\n<li><a href=\"https:\/\/ferienchalet-wallis.ch\/de\/?post_type=popup_theme&amp;p=1761\">Light Box<\/a><\/li>\n<li><a href=\"https:\/\/ferienchalet-wallis.ch\/de\/?post_type=popup_theme&amp;p=1760\">Standard-Theme<\/a><\/li>\n<\/ul>\n<\/div>\n<\/div><\/section><\/div>\n","protected":false},"excerpt":{"rendered":"","protected":false},"author":1,"featured_media":0,"parent":0,"menu_order":0,"comment_status":"closed","ping_status":"closed","template":"","meta":{"footnotes":""},"class_list":["post-441","page","type-page","status-publish","hentry"],"yoast_head":"<!-- This site is optimized with the Yoast SEO plugin v27.5 - https:\/\/yoast.com\/product\/yoast-seo-wordpress\/ -->\n<title>Sitemap - Bettmeralp und Riederalp<\/title>\n<meta name=\"robots\" content=\"index, follow, max-snippet:-1, max-image-preview:large, max-video-preview:-1\" \/>\n<link rel=\"canonical\" href=\"https:\/\/ferienchalet-wallis.ch\/de\/sitemap\/\" \/>\n<meta property=\"og:locale\" content=\"de_DE\" \/>\n<meta property=\"og:type\" content=\"article\" \/>\n<meta property=\"og:title\" content=\"Sitemap - Bettmeralp und Riederalp\" \/>\n<meta property=\"og:url\" content=\"https:\/\/ferienchalet-wallis.ch\/de\/sitemap\/\" \/>\n<meta property=\"og:site_name\" content=\"Bettmeralp und Riederalp\" \/>\n<meta property=\"article:modified_time\" content=\"2025-11-24T13:30:39+00:00\" \/>\n<meta name=\"twitter:card\" content=\"summary_large_image\" \/>\n<meta name=\"twitter:label1\" content=\"Gesch\u00e4tzte Lesezeit\" \/>\n\t<meta name=\"twitter:data1\" content=\"1\u00a0Minute\" \/>\n<script type=\"application\/ld+json\" class=\"yoast-schema-graph\">{\"@context\":\"https:\\\/\\\/schema.org\",\"@graph\":[{\"@type\":\"WebPage\",\"@id\":\"https:\\\/\\\/ferienchalet-wallis.ch\\\/sitemap\\\/\",\"url\":\"https:\\\/\\\/ferienchalet-wallis.ch\\\/sitemap\\\/\",\"name\":\"Sitemap - Bettmeralp und Riederalp\",\"isPartOf\":{\"@id\":\"https:\\\/\\\/ferienchalet-wallis.ch\\\/#website\"},\"datePublished\":\"2022-08-04T07:00:39+00:00\",\"dateModified\":\"2025-11-24T13:30:39+00:00\",\"breadcrumb\":{\"@id\":\"https:\\\/\\\/ferienchalet-wallis.ch\\\/sitemap\\\/#breadcrumb\"},\"inLanguage\":\"de\",\"potentialAction\":[{\"@type\":\"ReadAction\",\"target\":[\"https:\\\/\\\/ferienchalet-wallis.ch\\\/sitemap\\\/\"]}]},{\"@type\":\"BreadcrumbList\",\"@id\":\"https:\\\/\\\/ferienchalet-wallis.ch\\\/sitemap\\\/#breadcrumb\",\"itemListElement\":[{\"@type\":\"ListItem\",\"position\":1,\"name\":\"Home\",\"item\":\"https:\\\/\\\/ferienchalet-wallis.ch\\\/\"},{\"@type\":\"ListItem\",\"position\":2,\"name\":\"Sitemap\"}]},{\"@type\":\"WebSite\",\"@id\":\"https:\\\/\\\/ferienchalet-wallis.ch\\\/#website\",\"url\":\"https:\\\/\\\/ferienchalet-wallis.ch\\\/\",\"name\":\"Bettmeralp und Riederalp\",\"description\":\"Kranzfelder Markus\",\"publisher\":{\"@id\":\"https:\\\/\\\/ferienchalet-wallis.ch\\\/#organization\"},\"potentialAction\":[{\"@type\":\"SearchAction\",\"target\":{\"@type\":\"EntryPoint\",\"urlTemplate\":\"https:\\\/\\\/ferienchalet-wallis.ch\\\/?s={search_term_string}\"},\"query-input\":{\"@type\":\"PropertyValueSpecification\",\"valueRequired\":true,\"valueName\":\"search_term_string\"}}],\"inLanguage\":\"de\"},{\"@type\":\"Organization\",\"@id\":\"https:\\\/\\\/ferienchalet-wallis.ch\\\/#organization\",\"name\":\"Liegenschaftsbetreuung \\\/ Vermietung \u2013 M. Kranzfelder\",\"url\":\"https:\\\/\\\/ferienchalet-wallis.ch\\\/\",\"logo\":{\"@type\":\"ImageObject\",\"inLanguage\":\"de\",\"@id\":\"https:\\\/\\\/ferienchalet-wallis.ch\\\/#\\\/schema\\\/logo\\\/image\\\/\",\"url\":\"https:\\\/\\\/ferienchalet-wallis.ch\\\/wp-content\\\/uploads\\\/2022\\\/01\\\/Logo_Kranzfelder.png\",\"contentUrl\":\"https:\\\/\\\/ferienchalet-wallis.ch\\\/wp-content\\\/uploads\\\/2022\\\/01\\\/Logo_Kranzfelder.png\",\"width\":1526,\"height\":447,\"caption\":\"Liegenschaftsbetreuung \\\/ Vermietung \u2013 M. Kranzfelder\"},\"image\":{\"@id\":\"https:\\\/\\\/ferienchalet-wallis.ch\\\/#\\\/schema\\\/logo\\\/image\\\/\"}}]}<\/script>\n<!-- \/ Yoast SEO plugin. -->","yoast_head_json":{"title":"Sitemap - Bettmeralp und Riederalp","robots":{"index":"index","follow":"follow","max-snippet":"max-snippet:-1","max-image-preview":"max-image-preview:large","max-video-preview":"max-video-preview:-1"},"canonical":"https:\/\/ferienchalet-wallis.ch\/de\/sitemap\/","og_locale":"de_DE","og_type":"article","og_title":"Sitemap - Bettmeralp und Riederalp","og_url":"https:\/\/ferienchalet-wallis.ch\/de\/sitemap\/","og_site_name":"Bettmeralp und Riederalp","article_modified_time":"2025-11-24T13:30:39+00:00","twitter_card":"summary_large_image","twitter_misc":{"Gesch\u00e4tzte Lesezeit":"1\u00a0Minute"},"schema":{"@context":"https:\/\/schema.org","@graph":[{"@type":"WebPage","@id":"https:\/\/ferienchalet-wallis.ch\/sitemap\/","url":"https:\/\/ferienchalet-wallis.ch\/sitemap\/","name":"Sitemap - Bettmeralp und Riederalp","isPartOf":{"@id":"https:\/\/ferienchalet-wallis.ch\/#website"},"datePublished":"2022-08-04T07:00:39+00:00","dateModified":"2025-11-24T13:30:39+00:00","breadcrumb":{"@id":"https:\/\/ferienchalet-wallis.ch\/sitemap\/#breadcrumb"},"inLanguage":"de","potentialAction":[{"@type":"ReadAction","target":["https:\/\/ferienchalet-wallis.ch\/sitemap\/"]}]},{"@type":"BreadcrumbList","@id":"https:\/\/ferienchalet-wallis.ch\/sitemap\/#breadcrumb","itemListElement":[{"@type":"ListItem","position":1,"name":"Home","item":"https:\/\/ferienchalet-wallis.ch\/"},{"@type":"ListItem","position":2,"name":"Sitemap"}]},{"@type":"WebSite","@id":"https:\/\/ferienchalet-wallis.ch\/#website","url":"https:\/\/ferienchalet-wallis.ch\/","name":"Bettmeralp und Riederalp","description":"Kranzfelder Markus","publisher":{"@id":"https:\/\/ferienchalet-wallis.ch\/#organization"},"potentialAction":[{"@type":"SearchAction","target":{"@type":"EntryPoint","urlTemplate":"https:\/\/ferienchalet-wallis.ch\/?s={search_term_string}"},"query-input":{"@type":"PropertyValueSpecification","valueRequired":true,"valueName":"search_term_string"}}],"inLanguage":"de"},{"@type":"Organization","@id":"https:\/\/ferienchalet-wallis.ch\/#organization","name":"Liegenschaftsbetreuung \/ Vermietung \u2013 M. Kranzfelder","url":"https:\/\/ferienchalet-wallis.ch\/","logo":{"@type":"ImageObject","inLanguage":"de","@id":"https:\/\/ferienchalet-wallis.ch\/#\/schema\/logo\/image\/","url":"https:\/\/ferienchalet-wallis.ch\/wp-content\/uploads\/2022\/01\/Logo_Kranzfelder.png","contentUrl":"https:\/\/ferienchalet-wallis.ch\/wp-content\/uploads\/2022\/01\/Logo_Kranzfelder.png","width":1526,"height":447,"caption":"Liegenschaftsbetreuung \/ Vermietung \u2013 M. Kranzfelder"},"image":{"@id":"https:\/\/ferienchalet-wallis.ch\/#\/schema\/logo\/image\/"}}]}},"_links":{"self":[{"href":"https:\/\/ferienchalet-wallis.ch\/de\/wp-json\/wp\/v2\/pages\/441","targetHints":{"allow":["GET"]}}],"collection":[{"href":"https:\/\/ferienchalet-wallis.ch\/de\/wp-json\/wp\/v2\/pages"}],"about":[{"href":"https:\/\/ferienchalet-wallis.ch\/de\/wp-json\/wp\/v2\/types\/page"}],"author":[{"embeddable":true,"href":"https:\/\/ferienchalet-wallis.ch\/de\/wp-json\/wp\/v2\/users\/1"}],"replies":[{"embeddable":true,"href":"https:\/\/ferienchalet-wallis.ch\/de\/wp-json\/wp\/v2\/comments?post=441"}],"version-history":[{"count":6,"href":"https:\/\/ferienchalet-wallis.ch\/de\/wp-json\/wp\/v2\/pages\/441\/revisions"}],"predecessor-version":[{"id":2690,"href":"https:\/\/ferienchalet-wallis.ch\/de\/wp-json\/wp\/v2\/pages\/441\/revisions\/2690"}],"wp:attachment":[{"href":"https:\/\/ferienchalet-wallis.ch\/de\/wp-json\/wp\/v2\/media?parent=441"}],"curies":[{"name":"wp","href":"https:\/\/api.w.org\/{rel}","templated":true}]}}