{"id":583,"date":"2022-08-09T14:37:28","date_gmt":"2022-08-09T14:37:28","guid":{"rendered":"https:\/\/ferienchalet-wallis.ch\/?page_id=583"},"modified":"2026-01-06T15:48:53","modified_gmt":"2026-01-06T15:48:53","slug":"aletscharena-aktiv","status":"publish","type":"page","link":"https:\/\/ferienchalet-wallis.ch\/de\/aletscharena-aktiv\/","title":{"rendered":"Aletsch Arena aktiv"},"content":{"rendered":"\n<style type=\"text\/css\" data-created_by=\"avia_inline_auto\" id=\"style-css-av-6z7nr-4b2026678d4b39e70a3c8170785704c1\">\n#top .av-special-heading.av-6z7nr-4b2026678d4b39e70a3c8170785704c1{\npadding-bottom:10px;\n}\nbody .av-special-heading.av-6z7nr-4b2026678d4b39e70a3c8170785704c1 .av-special-heading-tag .heading-char{\nfont-size:25px;\n}\n.av-special-heading.av-6z7nr-4b2026678d4b39e70a3c8170785704c1 .av-subheading{\nfont-size:15px;\n}\n<\/style>\n<div  class='av-special-heading av-6z7nr-4b2026678d4b39e70a3c8170785704c1 av-special-heading-h1 meta-heading blockquote modern-quote modern-centered  avia-builder-el-0  el_before_av_slideshow_full  avia-builder-el-no-sibling '><h1 class='av-special-heading-tag'  itemprop=\"headline\"  >Aletsch Arena aktiv<\/h1><div class='av-subheading av-subheading_below'><p>Das Ferienparadies f\u00fcr fast alle Anspr\u00fcche<\/p>\n<\/div><div class=\"special-heading-border\"><div class=\"special-heading-inner-border\"><\/div><\/div><\/div>\n<\/div><\/div><\/div><!-- close content main div --><\/div><\/div><div id='full_slider_1'  class='avia-fullwidth-slider main_color avia-shadow   avia-builder-el-1  el_after_av_heading  el_before_av_one_full   slider-not-first container_wrap sidebar_right'  ><div   data-size='entry_without_sidebar'  data-lightbox_size='large'  data-animation='fade'  data-conditional_play=''  data-ids='2093,1957,1254'  data-video_counter='0'  data-autoplay='true'  data-bg_slider='false'  data-slide_height=''  data-handle='av_slideshow_full'  data-interval='4'  data-class=' '  data-el_id=''  data-css_id=''  data-scroll_down=''  data-control_layout='av-control-hidden'  data-custom_markup=''  data-perma_caption=''  data-autoplay_stopper=''  data-image_attachment=''  data-min_height='0px'  data-lazy_loading='disabled'  data-src=''  data-position='top left'  data-repeat='no-repeat'  data-attach='scroll'  data-stretch=''  data-img_scrset=''  data-default-height='34.95867768595'  class='avia-slideshow avia-slideshow-1  av-control-hidden av-default-height-applied avia-slideshow-entry_without_sidebar av_slideshow_full   avia-fade-slider '  itemprop=\"image\" itemscope=\"itemscope\" itemtype=\"https:\/\/schema.org\/ImageObject\" ><ul class='avia-slideshow-inner ' style='padding-bottom: 34.95867768595%;' ><li  class=' slide-1 ' ><div data-rel='slideshow-1' class='avia-slide-wrap '   ><div class = \"caption_fullwidth av-slideshow-caption caption_right caption_right_framed caption_framed\"><div class = \"container caption_container\"><div class = \"slideshow_caption\"><div class = \"slideshow_inner_caption\"><div class = \"slideshow_align_caption\"><h2  style='color:#ffffff; ' class='avia-caption-title  '  itemprop=\"name\" >Ein Sonnenplatz im Sommer<\/h2><\/div><\/div><\/div><\/div><\/div><img decoding=\"async\" class=\"wp-image-2093 avia-img-lazy-loading-not-2093\"  src=\"https:\/\/ferienchalet-wallis.ch\/wp-content\/uploads\/2024\/08\/Aletschgletscher-2-1210x423.jpg\" width=\"1210\" height=\"423\" title='' alt='Aletschgletscher'  itemprop=\"thumbnailUrl\"   \/><\/div><\/li><li  class=' slide-2 ' ><div data-rel='slideshow-1' class='avia-slide-wrap '   ><div class = \"caption_fullwidth av-slideshow-caption caption_right caption_right_framed caption_framed\"><div class = \"container caption_container\"><div class = \"slideshow_caption\"><div class = \"slideshow_inner_caption\"><div class = \"slideshow_align_caption\"><h2  style='color:#ffffff; ' class='avia-caption-title  '  itemprop=\"name\" >Ein Farbwunder im Herbst<\/h2><\/div><\/div><\/div><\/div><\/div><img decoding=\"async\" class=\"wp-image-1957 avia-img-lazy-loading-not-1957\"  src=\"https:\/\/ferienchalet-wallis.ch\/wp-content\/uploads\/2024\/05\/Panorama_gletscher-1210x423.jpg\" width=\"1210\" height=\"423\" title='Panorama_gletscher' alt=''  itemprop=\"thumbnailUrl\" srcset=\"https:\/\/ferienchalet-wallis.ch\/wp-content\/uploads\/2024\/05\/Panorama_gletscher-1210x423.jpg 1210w, https:\/\/ferienchalet-wallis.ch\/wp-content\/uploads\/2024\/05\/Panorama_gletscher-18x6.jpg 18w\" sizes=\"(max-width: 1210px) 100vw, 1210px\" \/><\/div><\/li><li  class=' slide-3 ' ><div data-rel='slideshow-1' class='avia-slide-wrap '   ><div class = \"caption_fullwidth av-slideshow-caption caption_right caption_right_framed caption_framed\"><div class = \"container caption_container\"><div class = \"slideshow_caption\"><div class = \"slideshow_inner_caption\"><div class = \"slideshow_align_caption\"><h2  style='color:#ffffff; ' class='avia-caption-title  '  itemprop=\"name\" >Eine weisse Wonne im Winter<\/h2><\/div><\/div><\/div><\/div><\/div><img decoding=\"async\" class=\"wp-image-1254 avia-img-lazy-loading-not-1254\"  src=\"https:\/\/ferienchalet-wallis.ch\/wp-content\/uploads\/2022\/12\/Winter_aletschgletscher-1600-1210x423.jpg\" width=\"1210\" height=\"423\" title='' alt='Aletschgletscher im Winter'  itemprop=\"thumbnailUrl\"   \/><\/div><\/li><\/ul><div class='avia-slideshow-arrows avia-slideshow-controls' ><a href='#prev' class='prev-slide ' aria-hidden='true' data-av_icon='\ue87c' data-av_iconfont='entypo-fontello'  tabindex='-1'>Zur\u00fcck<\/a><a href='#next' class='next-slide ' aria-hidden='true' data-av_icon='\ue87d' data-av_iconfont='entypo-fontello'  tabindex='-1'>Weiter<\/a><\/div><div class='avia-slideshow-dots avia-slideshow-controls'><a href='#1' class='goto-slide active' >1<\/a><a href='#2' class='goto-slide ' >2<\/a><a href='#3' class='goto-slide ' >3<\/a><\/div><\/div><\/div><div id='after_full_slider_1'  class='main_color av_default_container_wrap container_wrap sidebar_right'  ><div class='container av-section-cont-open' ><div class='template-page content  av-content-small alpha units'><div class='post-entry post-entry-type-page post-entry-583'><div class='entry-content-wrapper clearfix'>\n<div class='flex_column av-y4eo7-1a6d824c7a521255e7d65ab2cc9e1925 av_one_full  avia-builder-el-2  el_after_av_slideshow_full  el_before_av_layout_row  avia-builder-el-no-sibling  first flex_column_div '   ><style type=\"text\/css\" data-created_by=\"avia_inline_auto\" id=\"style-css-av-l6madzpf-36104f239f72d4e842020751ccf7512a\">\n#top .av-special-heading.av-l6madzpf-36104f239f72d4e842020751ccf7512a{\npadding-bottom:10px;\n}\nbody .av-special-heading.av-l6madzpf-36104f239f72d4e842020751ccf7512a .av-special-heading-tag .heading-char{\nfont-size:25px;\n}\n.av-special-heading.av-l6madzpf-36104f239f72d4e842020751ccf7512a .av-subheading{\nfont-size:15px;\n}\n<\/style>\n<div  class='av-special-heading av-l6madzpf-36104f239f72d4e842020751ccf7512a av-special-heading-h2 blockquote modern-quote modern-centered  avia-builder-el-3  avia-builder-el-no-sibling '><h2 class='av-special-heading-tag'  itemprop=\"headline\"  >Wer f\u00fchlt sich angesprochen?<\/h2><div class=\"special-heading-border\"><div class=\"special-heading-inner-border\"><\/div><\/div><\/div><\/div>\n<\/div><\/div><\/div><!-- close content main div --><\/div><\/div><div id='av-layout-grid-1'  class='av-layout-grid-container av-2g0nr-11809fffaaebb543c2a7f92a53328e09 entry-content-wrapper main_color av-flex-cells  avia-builder-el-4  el_after_av_one_full  el_before_av_layout_row  grid-row-not-first av-mini-hide container_wrap sidebar_right'  >\n\n<style type=\"text\/css\" data-created_by=\"avia_inline_auto\" id=\"style-css-av-l6mals8j-69043b0980a9e3c3e580939f79eb7086\">\n.flex_cell.av-l6mals8j-69043b0980a9e3c3e580939f79eb7086{\nvertical-align:middle;\nheight:500px;\nmin-height:500px;\npadding:0 50px 0 50px;\nbackground:url(https:\/\/ferienchalet-wallis.ch\/wp-content\/uploads\/2022\/04\/aletschwald_herbst-845x684.jpg) 100% 50% no-repeat scroll ;\n}\n<\/style>\n<div class='flex_cell av_one_half av-l6mals8j-69043b0980a9e3c3e580939f79eb7086 no_margin av-hide-on-mobile  avia-builder-el-5  el_before_av_cell_one_half  avia-builder-el-first ' ><div class='flex_cell_inner'><\/div><\/div>\n<style type=\"text\/css\" data-created_by=\"avia_inline_auto\" id=\"style-css-av-l6maoprw-e93fbb5d16336b9153a3097829ad36a9\">\n.flex_cell.av-l6maoprw-e93fbb5d16336b9153a3097829ad36a9{\nvertical-align:top;\nheight:500px;\nmin-height:500px;\npadding:0 50px 0 50px;\n}\n<\/style>\n<div class='flex_cell av_one_half av-l6maoprw-e93fbb5d16336b9153a3097829ad36a9 no_margin  avia-builder-el-6  el_after_av_cell_one_half  avia-builder-el-last ' ><div class='flex_cell_inner'><section  class='av_textblock_section av-l6maqskz-32f5a90f3b5eadf5fe1113034f9a1c29'  itemscope=\"itemscope\" itemtype=\"https:\/\/schema.org\/CreativeWork\" ><div class='avia_textblock'  itemprop=\"text\" ><h3>Naturliebhaber<\/h3>\n<p class=\"bodytext\">Das Aletschgebiet \u2013 mit dem l\u00e4ngsten Gletscher von 23 km im gesamten Alpenraum l\u00e4dt zum Wandern und Fotografieren ein! Zahlreiche Wanderwege f\u00fchren Sie \u00fcber Bergwiesen durch duftende Arvenw\u00e4lder und entlang frischer Bergb\u00e4che.<\/p>\n<h4 class=\"bodytext\">UNESCO Weltnaturerbe<\/h4>\n<p class=\"bodytext\">Erleben Sie die Einzigartigkeit und Sch\u00f6nheit dieses <a href=\"https:\/\/wnf.ch\/\" target=\"_blank\" rel=\"noopener\">UNESCO Weltnaturerbes<\/a>. Jeder Wanderer und Naturfreund findet auf den 150 km Wanderwegen die passende Wanderung, um den Reiz dieser einmaligen Bergwelt erkunden und erleben zu k\u00f6nnen. Von kinderwagengerechten Spazierg\u00e4ngen, leichten M\u00e4rschen bis hin zu H\u00fcttenwanderungen oder anspruchsvollen alpinen Hochtouren bieten wir alles f\u00fcr Sie.<\/p>\n<\/div><\/section>\n<\/div><\/div>\n<\/div>\n<div id='av-layout-grid-2'  class='av-layout-grid-container av-l6z1g3wi-826c74ddb641af3ebdaf0cefac200d37 entry-content-wrapper main_color av-flex-cells  avia-builder-el-8  el_after_av_layout_row  el_before_av_layout_row  grid-row-not-first  container_wrap sidebar_right'  >\n\n<style type=\"text\/css\" data-created_by=\"avia_inline_auto\" id=\"style-css-av-l6z1gctf-7283cb2f61200611c11d50fb6b4f99bd\">\n.flex_cell.av-l6z1gctf-7283cb2f61200611c11d50fb6b4f99bd{\nvertical-align:top;\nheight:500px;\nmin-height:500px;\npadding:50px 50px 0 50px;\n}\n<\/style>\n<div class='flex_cell av_one_half av-l6z1gctf-7283cb2f61200611c11d50fb6b4f99bd no_margin  avia-builder-el-9  el_before_av_cell_one_half  avia-builder-el-first ' ><div class='flex_cell_inner'><section  class='av_textblock_section av-l6z1irms-6dcc1882d804c4ebebc90eabc253730c'  itemscope=\"itemscope\" itemtype=\"https:\/\/schema.org\/CreativeWork\" ><div class='avia_textblock'  itemprop=\"text\" ><h3>Aktive im Sommer<\/h3>\n<p class=\"bodytext\">F\u00fcr kleine und grosse Sportler gibt es Angebote zu<\/p>\n<ul>\n<li class=\"bodytext\">Nordic-Walking<\/li>\n<li class=\"bodytext\">Mountainbiken (100 km Trails)<\/li>\n<li class=\"bodytext\">Klettern auch f\u00fcr Kinder<\/li>\n<li class=\"bodytext\">Rafting und Canyoning<\/li>\n<li class=\"bodytext\">Paragliding<\/li>\n<\/ul>\n<p>Auch Sportarten wie Tennis, Minigolf, Fitness, Beachvolleyball, Schwimmen im Blausee oder Bettmersee, begeistern jeden Sommer viele Urlauber.<\/p>\n<h4 class=\"bodytext\">Golfen mit Aussicht<\/h4>\n<p class=\"bodytext\">Des weiteren gibt es einen <a href=\"https:\/\/www.golfclub-riederalp.ch\/sites\/de\/\" target=\"_blank\" rel=\"noopener\">9-Loch-Golfplatz<\/a> (Par 60), eingebettet in eine wundersch\u00f6ne Berglandschaft.<\/p>\n<\/div><\/section>\n<\/div><\/div>\n<style type=\"text\/css\" data-created_by=\"avia_inline_auto\" id=\"style-css-av-l6z1e0z6-cb600fbc90d13038916623356d9de587\">\n.flex_cell.av-l6z1e0z6-cb600fbc90d13038916623356d9de587{\nvertical-align:top;\nheight:500px;\nmin-height:500px;\npadding:0 50px 0 0;\nbackground:url(https:\/\/ferienchalet-wallis.ch\/wp-content\/uploads\/2022\/04\/Gletscher_Mountenbike-845x684.jpg) 100% 50% no-repeat scroll ;\n}\n<\/style>\n<div class='flex_cell av_one_half av-l6z1e0z6-cb600fbc90d13038916623356d9de587 no_margin av-hide-on-mobile  avia-builder-el-11  el_after_av_cell_one_half  avia-builder-el-last ' ><div class='flex_cell_inner'><\/div><\/div>\n<\/div>\n<div id='av-layout-grid-3'  class='av-layout-grid-container av-l6z1u4s9-61741a7c56bd2548c0aa206b02cc58d4 entry-content-wrapper main_color av-flex-cells  avia-builder-el-12  el_after_av_layout_row  el_before_av_layout_row  grid-row-not-first  container_wrap sidebar_right'  >\n\n<style type=\"text\/css\" data-created_by=\"avia_inline_auto\" id=\"style-css-av-l6z1mmpt-cf4029924d16aec6e3c163bd4bb1d3f4\">\n.flex_cell.av-l6z1mmpt-cf4029924d16aec6e3c163bd4bb1d3f4{\nvertical-align:top;\nheight:500px;\nmin-height:500px;\npadding:0 50px 0 50px;\nbackground:url(https:\/\/ferienchalet-wallis.ch\/wp-content\/uploads\/2022\/12\/Winter_skifahren-1600.jpg) 0% 50% no-repeat scroll ;\n}\n<\/style>\n<div class='flex_cell av_one_half av-l6z1mmpt-cf4029924d16aec6e3c163bd4bb1d3f4 no_margin av-hide-on-mobile  avia-builder-el-13  el_before_av_cell_one_half  avia-builder-el-first ' ><div class='flex_cell_inner'><\/div><\/div>\n<style type=\"text\/css\" data-created_by=\"avia_inline_auto\" id=\"style-css-av-l6z1wc2q-58a9bf08789680fe7ba73d49d974e6b1\">\n.flex_cell.av-l6z1wc2q-58a9bf08789680fe7ba73d49d974e6b1{\nvertical-align:top;\nheight:500px;\nmin-height:500px;\npadding:50px 50px 0 50px;\n}\n<\/style>\n<div class='flex_cell av_one_half av-l6z1wc2q-58a9bf08789680fe7ba73d49d974e6b1 no_margin  avia-builder-el-14  el_after_av_cell_one_half  avia-builder-el-last ' ><div class='flex_cell_inner'><section  class='av_textblock_section av-l6z1kwa0-7535e0c046a32348518beafe787d51f6'  itemscope=\"itemscope\" itemtype=\"https:\/\/schema.org\/CreativeWork\" ><div class='avia_textblock'  itemprop=\"text\" ><h3>Aktive im Winter<\/h3>\n<p class=\"bodytext\">Das Gebiet der Aletsch Arena bietet f\u00fcr Ski-, Snowboard-, Schneeschuh- und Langlaufbegeisterte und alle anderen Schneesportfreunde ein weisses Vergn\u00fcgen. Das Skigebiet (ab 2&#8217;000m. \u00fc. M) der <a href=\"https:\/\/www.aletscharena.ch\/aletsch-bahnen-ag\">Aletschbahnen<\/a> mit \u00fcber 100 km hervorragend pr\u00e4parierten Pisten gilt als sehr schneesicher und abwechslungsreich. Mit verschiedenen Pisten und Schwierigkeitsgraden ist es auch f\u00fcr Familien ein ausgezeichnetes Schneevergn\u00fcgen.<\/p>\n<h4>Action mit Kinderbetreuung<\/h4>\n<p class=\"bodytext\">Weiter gibt es Snowparks, Halfpipes und Freeride-Pisten, eine Natur-Eisbahn, Schlittenwege- und Pisten, Kinderspielpl\u00e4tze, Schneesportschulen, besondere Kinderbetreuung, G\u00e4ste-Skirennen, etc.<\/p>\n<p class=\"bodytext\">F\u00fcr Schneebummler stehen \u00fcber 72 Kilometer gepfadete Winterwanderwege auf dem\u00a0familienfreundlichen, autofreien Plateau der Aletsch Arena bereit.<\/p>\n<\/div><\/section>\n<\/div><\/div>\n<\/div>\n<div id='av-layout-grid-4'  class='av-layout-grid-container av-l6z1v181-b80e5c3ee8ae39595e112d6c3b48c235 entry-content-wrapper main_color av-flex-cells  avia-builder-el-16  el_after_av_layout_row  el_before_av_layout_row  grid-row-not-first  container_wrap sidebar_right'  >\n\n<style type=\"text\/css\" data-created_by=\"avia_inline_auto\" id=\"style-css-av-axhkn-88b89ebee7c7d5a821f1a21f1befc80e\">\n.flex_cell.av-axhkn-88b89ebee7c7d5a821f1a21f1befc80e{\nvertical-align:top;\nheight:500px;\nmin-height:500px;\npadding:50px 50px 0 50px;\n}\n<\/style>\n<div class='flex_cell av_one_half av-axhkn-88b89ebee7c7d5a821f1a21f1befc80e no_margin  avia-builder-el-17  el_before_av_cell_one_half  avia-builder-el-first ' ><div class='flex_cell_inner'><section  class='av_textblock_section av-l6mag0b7-d5ca286d31f75337a7fa76321d91a8c0'  itemscope=\"itemscope\" itemtype=\"https:\/\/schema.org\/CreativeWork\" ><div class='avia_textblock'  itemprop=\"text\" ><h3>Abenteurer<\/h3>\n<p class=\"bodytext\">Bestens ausgebildete Berg- und Wanderf\u00fchrer laden Sie ein, an gef\u00fchrten Gletscher \u2013 Hochtouren oder Canyoning teilzunehmen.<\/p>\n<h4>Animationsprogramme f\u00fcr Kinder und Erwachsene<\/h4>\n<p class=\"bodytext\">Mit Sessel- und Gondelbahnen chauffieren lassen oder an spannenden Animationsprogrammen teilnehmen wie zum Beispiel Mitmachzirkus, Handy Safari, Sportprogramm f\u00fcr Kinder und Erwachsene, etc. fischen im Bettmersee. Benutzen Sie kinderwageng\u00e4ngige Wanderwege und besuchen Kinderspielpl\u00e4tze.<\/p>\n<h4>Natur pur<\/h4>\n<p>Murmeltiere und viele andere Wildtiere wie G\u00e4mse, Hirsche, manchmal auch Steinb\u00f6cke ziehen jeden Sommer Tausende von Wanderern in ihren Bann. Verschiedene Lehrpfade vermitteln Ihnen viel Wissenswertes \u00fcber das Leben der Tiere und Pflanzen im hochalpinen Gebiet.<\/p>\n<\/div><\/section>\n<\/div><\/div>\n<style type=\"text\/css\" data-created_by=\"avia_inline_auto\" id=\"style-css-av-l6z1rkqa-015fcd69dca82a08cbb0a29d08e61a4b\">\n.flex_cell.av-l6z1rkqa-015fcd69dca82a08cbb0a29d08e61a4b{\nvertical-align:top;\nheight:500px;\nmin-height:500px;\npadding:0 50px 0 0;\nbackground:url(https:\/\/ferienchalet-wallis.ch\/wp-content\/uploads\/2022\/04\/Klettern-in-der-Aletscharena-845x684.jpg) 100% 50% no-repeat scroll ;\n}\n<\/style>\n<div class='flex_cell av_one_half av-l6z1rkqa-015fcd69dca82a08cbb0a29d08e61a4b no_margin av-hide-on-mobile  avia-builder-el-19  el_after_av_cell_one_half  avia-builder-el-last ' ><div class='flex_cell_inner'><\/div><\/div>\n<\/div>\n<div id='av-layout-grid-5'  class='av-layout-grid-container av-l9cx3-c400f5c0137fc327387f28a953d003c5 entry-content-wrapper main_color av-flex-cells  avia-builder-el-20  el_after_av_layout_row  avia-builder-el-last  grid-row-not-first  container_wrap sidebar_right'  >\n\n<style type=\"text\/css\" data-created_by=\"avia_inline_auto\" id=\"style-css-av-l6mak4u2-6a7aad79361b7d891cfebb6d77c958cd\">\n.flex_cell.av-l6mak4u2-6a7aad79361b7d891cfebb6d77c958cd{\nvertical-align:top;\nheight:500px;\nmin-height:500px;\npadding:0 50px 0 50px;\nbackground:url(https:\/\/ferienchalet-wallis.ch\/wp-content\/uploads\/2022\/04\/Villacasel_Winter-845x684.jpg) 50% 50% no-repeat scroll ;\n}\n<\/style>\n<div class='flex_cell av_one_half av-l6mak4u2-6a7aad79361b7d891cfebb6d77c958cd no_margin av-hide-on-mobile  avia-builder-el-21  el_before_av_cell_one_half  avia-builder-el-first ' ><div class='flex_cell_inner'><\/div><\/div>\n<style type=\"text\/css\" data-created_by=\"avia_inline_auto\" id=\"style-css-av-glyon-c31750fe3c7592f0794116ca0d691f91\">\n.flex_cell.av-glyon-c31750fe3c7592f0794116ca0d691f91{\nvertical-align:top;\nheight:500px;\nmin-height:500px;\npadding:50px 50px 0 50px;\n}\n<\/style>\n<div class='flex_cell av_one_half av-glyon-c31750fe3c7592f0794116ca0d691f91 no_margin  avia-builder-el-22  el_after_av_cell_one_half  avia-builder-el-last ' ><div class='flex_cell_inner'><section  class='av_textblock_section av-l6mb1f16-291f63cd55072d9886005b54cd755617'  itemscope=\"itemscope\" itemtype=\"https:\/\/schema.org\/CreativeWork\" ><div class='avia_textblock'  itemprop=\"text\" ><h3><strong>Unternehmungslustige<\/strong><\/h3>\n<p>Ob zum Apr\u00e8s-Ski oder nach einer ausgedehnten Wanderung, ob tags\u00fcber oder abends, Dancing, Disco, Bars, Pup, Konzerte, Dia-Vortr\u00e4ge, Alpmuseum, <a href=\"https:\/\/www.pronatura-aletsch.ch\/de\">Pro Natura Zentrum<\/a> (Villa Cassel), <a href=\"https:\/\/salina.maris.ch\/de\/bad-wellness\">Wellness und Solarium<\/a>, Fitnessr\u00e4ume usw. bieten Spass und Unterhaltung.<\/p>\n<h4><strong>Gut zu wissen, dass:<\/strong><\/h4>\n<p>Sowohl auf Riederalp wie auf Bettmeralp gibt es<\/p>\n<ul>\n<li>\u00c4rzte mit Praxis und\u00a0eine Apotheke<\/li>\n<li>Coiffeure<\/li>\n<li>Lebensmittel- und Sportgesch\u00e4fte sowie eine Metzgerei und eine Boutique<\/li>\n<li>Banken und Poststellen<\/li>\n<\/ul>\n<p>Und nat\u00fcrlich viele Restaurants und Pubs, die bequem zu Fuss oder mit Pisten- oder Elektrofahrzeugen erreichbar sind.<\/p>\n<\/div><\/section>\n<\/div><\/div>\n<\/div>\n","protected":false},"excerpt":{"rendered":"","protected":false},"author":2,"featured_media":0,"parent":0,"menu_order":0,"comment_status":"closed","ping_status":"closed","template":"","meta":{"footnotes":""},"class_list":["post-583","page","type-page","status-publish","hentry"],"yoast_head":"<!-- This site is optimized with the Yoast SEO plugin v27.5 - https:\/\/yoast.com\/product\/yoast-seo-wordpress\/ -->\n<title>Aletsch Arena aktiv - Bettmeralp und Riederalp<\/title>\n<meta name=\"description\" content=\"Aletscharena aktiv, das bedeutet Skifahren im Winter und Wandern im Sommer und noch vieles mehr. Und anschliessend zum Apr\u00e9s-Ski oder gem\u00fctlich die Ferienwohnung geniessen. Je nach Gusto!\" \/>\n<meta name=\"robots\" content=\"index, follow, max-snippet:-1, max-image-preview:large, max-video-preview:-1\" \/>\n<link rel=\"canonical\" href=\"https:\/\/ferienchalet-wallis.ch\/de\/aletscharena-aktiv\/\" \/>\n<meta property=\"og:locale\" content=\"de_DE\" \/>\n<meta property=\"og:type\" content=\"article\" \/>\n<meta property=\"og:title\" content=\"Aletsch Arena aktiv - Bettmeralp und Riederalp\" \/>\n<meta property=\"og:description\" content=\"Aletscharena aktiv, das bedeutet Skifahren im Winter und Wandern im Sommer und noch vieles mehr. Und anschliessend zum Apr\u00e9s-Ski oder gem\u00fctlich die Ferienwohnung geniessen. Je nach Gusto!\" \/>\n<meta property=\"og:url\" content=\"https:\/\/ferienchalet-wallis.ch\/de\/aletscharena-aktiv\/\" \/>\n<meta property=\"og:site_name\" content=\"Bettmeralp und Riederalp\" \/>\n<meta property=\"article:modified_time\" content=\"2026-01-06T15:48:53+00:00\" \/>\n<meta name=\"twitter:card\" content=\"summary_large_image\" \/>\n<meta name=\"twitter:label1\" content=\"Gesch\u00e4tzte Lesezeit\" \/>\n\t<meta name=\"twitter:data1\" content=\"7\u00a0Minuten\" \/>\n<script type=\"application\/ld+json\" class=\"yoast-schema-graph\">{\"@context\":\"https:\\\/\\\/schema.org\",\"@graph\":[{\"@type\":\"WebPage\",\"@id\":\"https:\\\/\\\/ferienchalet-wallis.ch\\\/aletscharena-aktiv\\\/\",\"url\":\"https:\\\/\\\/ferienchalet-wallis.ch\\\/aletscharena-aktiv\\\/\",\"name\":\"Aletsch Arena aktiv - Bettmeralp und Riederalp\",\"isPartOf\":{\"@id\":\"https:\\\/\\\/ferienchalet-wallis.ch\\\/#website\"},\"datePublished\":\"2022-08-09T14:37:28+00:00\",\"dateModified\":\"2026-01-06T15:48:53+00:00\",\"description\":\"Aletscharena aktiv, das bedeutet Skifahren im Winter und Wandern im Sommer und noch vieles mehr. Und anschliessend zum Apr\u00e9s-Ski oder gem\u00fctlich die Ferienwohnung geniessen. Je nach Gusto!\",\"breadcrumb\":{\"@id\":\"https:\\\/\\\/ferienchalet-wallis.ch\\\/aletscharena-aktiv\\\/#breadcrumb\"},\"inLanguage\":\"de\",\"potentialAction\":[{\"@type\":\"ReadAction\",\"target\":[\"https:\\\/\\\/ferienchalet-wallis.ch\\\/aletscharena-aktiv\\\/\"]}]},{\"@type\":\"BreadcrumbList\",\"@id\":\"https:\\\/\\\/ferienchalet-wallis.ch\\\/aletscharena-aktiv\\\/#breadcrumb\",\"itemListElement\":[{\"@type\":\"ListItem\",\"position\":1,\"name\":\"Home\",\"item\":\"https:\\\/\\\/ferienchalet-wallis.ch\\\/\"},{\"@type\":\"ListItem\",\"position\":2,\"name\":\"Aletsch Arena aktiv\"}]},{\"@type\":\"WebSite\",\"@id\":\"https:\\\/\\\/ferienchalet-wallis.ch\\\/#website\",\"url\":\"https:\\\/\\\/ferienchalet-wallis.ch\\\/\",\"name\":\"Bettmeralp und Riederalp\",\"description\":\"Kranzfelder Markus\",\"publisher\":{\"@id\":\"https:\\\/\\\/ferienchalet-wallis.ch\\\/#organization\"},\"potentialAction\":[{\"@type\":\"SearchAction\",\"target\":{\"@type\":\"EntryPoint\",\"urlTemplate\":\"https:\\\/\\\/ferienchalet-wallis.ch\\\/?s={search_term_string}\"},\"query-input\":{\"@type\":\"PropertyValueSpecification\",\"valueRequired\":true,\"valueName\":\"search_term_string\"}}],\"inLanguage\":\"de\"},{\"@type\":\"Organization\",\"@id\":\"https:\\\/\\\/ferienchalet-wallis.ch\\\/#organization\",\"name\":\"Liegenschaftsbetreuung \\\/ Vermietung \u2013 M. Kranzfelder\",\"url\":\"https:\\\/\\\/ferienchalet-wallis.ch\\\/\",\"logo\":{\"@type\":\"ImageObject\",\"inLanguage\":\"de\",\"@id\":\"https:\\\/\\\/ferienchalet-wallis.ch\\\/#\\\/schema\\\/logo\\\/image\\\/\",\"url\":\"https:\\\/\\\/ferienchalet-wallis.ch\\\/wp-content\\\/uploads\\\/2022\\\/01\\\/Logo_Kranzfelder.png\",\"contentUrl\":\"https:\\\/\\\/ferienchalet-wallis.ch\\\/wp-content\\\/uploads\\\/2022\\\/01\\\/Logo_Kranzfelder.png\",\"width\":1526,\"height\":447,\"caption\":\"Liegenschaftsbetreuung \\\/ Vermietung \u2013 M. Kranzfelder\"},\"image\":{\"@id\":\"https:\\\/\\\/ferienchalet-wallis.ch\\\/#\\\/schema\\\/logo\\\/image\\\/\"}}]}<\/script>\n<!-- \/ Yoast SEO plugin. -->","yoast_head_json":{"title":"Aletsch Arena aktiv - Bettmeralp und Riederalp","description":"Aletscharena aktiv, das bedeutet Skifahren im Winter und Wandern im Sommer und noch vieles mehr. Und anschliessend zum Apr\u00e9s-Ski oder gem\u00fctlich die Ferienwohnung geniessen. Je nach Gusto!","robots":{"index":"index","follow":"follow","max-snippet":"max-snippet:-1","max-image-preview":"max-image-preview:large","max-video-preview":"max-video-preview:-1"},"canonical":"https:\/\/ferienchalet-wallis.ch\/de\/aletscharena-aktiv\/","og_locale":"de_DE","og_type":"article","og_title":"Aletsch Arena aktiv - Bettmeralp und Riederalp","og_description":"Aletscharena aktiv, das bedeutet Skifahren im Winter und Wandern im Sommer und noch vieles mehr. Und anschliessend zum Apr\u00e9s-Ski oder gem\u00fctlich die Ferienwohnung geniessen. Je nach Gusto!","og_url":"https:\/\/ferienchalet-wallis.ch\/de\/aletscharena-aktiv\/","og_site_name":"Bettmeralp und Riederalp","article_modified_time":"2026-01-06T15:48:53+00:00","twitter_card":"summary_large_image","twitter_misc":{"Gesch\u00e4tzte Lesezeit":"7\u00a0Minuten"},"schema":{"@context":"https:\/\/schema.org","@graph":[{"@type":"WebPage","@id":"https:\/\/ferienchalet-wallis.ch\/aletscharena-aktiv\/","url":"https:\/\/ferienchalet-wallis.ch\/aletscharena-aktiv\/","name":"Aletsch Arena aktiv - Bettmeralp und Riederalp","isPartOf":{"@id":"https:\/\/ferienchalet-wallis.ch\/#website"},"datePublished":"2022-08-09T14:37:28+00:00","dateModified":"2026-01-06T15:48:53+00:00","description":"Aletscharena aktiv, das bedeutet Skifahren im Winter und Wandern im Sommer und noch vieles mehr. Und anschliessend zum Apr\u00e9s-Ski oder gem\u00fctlich die Ferienwohnung geniessen. Je nach Gusto!","breadcrumb":{"@id":"https:\/\/ferienchalet-wallis.ch\/aletscharena-aktiv\/#breadcrumb"},"inLanguage":"de","potentialAction":[{"@type":"ReadAction","target":["https:\/\/ferienchalet-wallis.ch\/aletscharena-aktiv\/"]}]},{"@type":"BreadcrumbList","@id":"https:\/\/ferienchalet-wallis.ch\/aletscharena-aktiv\/#breadcrumb","itemListElement":[{"@type":"ListItem","position":1,"name":"Home","item":"https:\/\/ferienchalet-wallis.ch\/"},{"@type":"ListItem","position":2,"name":"Aletsch Arena aktiv"}]},{"@type":"WebSite","@id":"https:\/\/ferienchalet-wallis.ch\/#website","url":"https:\/\/ferienchalet-wallis.ch\/","name":"Bettmeralp und Riederalp","description":"Kranzfelder Markus","publisher":{"@id":"https:\/\/ferienchalet-wallis.ch\/#organization"},"potentialAction":[{"@type":"SearchAction","target":{"@type":"EntryPoint","urlTemplate":"https:\/\/ferienchalet-wallis.ch\/?s={search_term_string}"},"query-input":{"@type":"PropertyValueSpecification","valueRequired":true,"valueName":"search_term_string"}}],"inLanguage":"de"},{"@type":"Organization","@id":"https:\/\/ferienchalet-wallis.ch\/#organization","name":"Liegenschaftsbetreuung \/ Vermietung \u2013 M. Kranzfelder","url":"https:\/\/ferienchalet-wallis.ch\/","logo":{"@type":"ImageObject","inLanguage":"de","@id":"https:\/\/ferienchalet-wallis.ch\/#\/schema\/logo\/image\/","url":"https:\/\/ferienchalet-wallis.ch\/wp-content\/uploads\/2022\/01\/Logo_Kranzfelder.png","contentUrl":"https:\/\/ferienchalet-wallis.ch\/wp-content\/uploads\/2022\/01\/Logo_Kranzfelder.png","width":1526,"height":447,"caption":"Liegenschaftsbetreuung \/ Vermietung \u2013 M. Kranzfelder"},"image":{"@id":"https:\/\/ferienchalet-wallis.ch\/#\/schema\/logo\/image\/"}}]}},"_links":{"self":[{"href":"https:\/\/ferienchalet-wallis.ch\/de\/wp-json\/wp\/v2\/pages\/583","targetHints":{"allow":["GET"]}}],"collection":[{"href":"https:\/\/ferienchalet-wallis.ch\/de\/wp-json\/wp\/v2\/pages"}],"about":[{"href":"https:\/\/ferienchalet-wallis.ch\/de\/wp-json\/wp\/v2\/types\/page"}],"author":[{"embeddable":true,"href":"https:\/\/ferienchalet-wallis.ch\/de\/wp-json\/wp\/v2\/users\/2"}],"replies":[{"embeddable":true,"href":"https:\/\/ferienchalet-wallis.ch\/de\/wp-json\/wp\/v2\/comments?post=583"}],"version-history":[{"count":156,"href":"https:\/\/ferienchalet-wallis.ch\/de\/wp-json\/wp\/v2\/pages\/583\/revisions"}],"predecessor-version":[{"id":2959,"href":"https:\/\/ferienchalet-wallis.ch\/de\/wp-json\/wp\/v2\/pages\/583\/revisions\/2959"}],"wp:attachment":[{"href":"https:\/\/ferienchalet-wallis.ch\/de\/wp-json\/wp\/v2\/media?parent=583"}],"curies":[{"name":"wp","href":"https:\/\/api.w.org\/{rel}","templated":true}]}}