{"id":1620,"date":"2023-09-06T14:25:09","date_gmt":"2023-09-06T14:25:09","guid":{"rendered":"https:\/\/ferienchalet-wallis.ch\/?page_id=1620"},"modified":"2025-12-30T07:57:28","modified_gmt":"2025-12-30T07:57:28","slug":"datenschutz","status":"publish","type":"page","link":"https:\/\/ferienchalet-wallis.ch\/en\/datenschutz\/","title":{"rendered":"Datenschutz"},"content":{"rendered":"<div class='flex_column av-2l3stw-c22f067b85763f36d65122b19b5634b7 av_one_full  avia-builder-el-0  el_before_av_textblock  avia-builder-el-first  first flex_column_div'   ><style type=\"text\/css\" data-created_by=\"avia_inline_auto\" id=\"style-css-av-mjsah7o8-51d11ba8ba52c36624d9ef48f9bf8c83\">\n#top .av-special-heading.av-mjsah7o8-51d11ba8ba52c36624d9ef48f9bf8c83{\npadding-bottom:10px;\n}\nbody .av-special-heading.av-mjsah7o8-51d11ba8ba52c36624d9ef48f9bf8c83 .av-special-heading-tag .heading-char{\nfont-size:25px;\n}\n.av-special-heading.av-mjsah7o8-51d11ba8ba52c36624d9ef48f9bf8c83 .av-subheading{\nfont-size:15px;\n}\n<\/style>\n<div  class='av-special-heading av-mjsah7o8-51d11ba8ba52c36624d9ef48f9bf8c83 av-special-heading-h2 blockquote modern-quote  avia-builder-el-1  avia-builder-el-no-sibling'><h2 class='av-special-heading-tag'  itemprop=\"headline\"  >Data protection declaration<\/h2><div class=\"special-heading-border\"><div class=\"special-heading-inner-border\"><\/div><\/div><\/div><\/div>\n<section  class='av_textblock_section av-lm7u36jd-2b320b05d6449d8ec4437643015bf3e8'  itemscope=\"itemscope\" itemtype=\"https:\/\/schema.org\/CreativeWork\" ><div class='avia_textblock'  itemprop=\"text\" ><div class=\"Global_text__SBBRr undefined\">Zuletzt aktualisiert am 6. September 2023<\/div>\n<div><\/div>\n<div><\/div>\n<div class=\"Global_text__SBBRr Global_mt6__ML1lS\">Ein transparenter Umgang mit Personendaten ist uns ein sehr wichtiges Anliegen. Die vorliegende Datenschutzerkl\u00e4rung informiert dar\u00fcber, welche Personendaten wir zu welchem Zweck erheben und an wen wir diese weitergeben. Wir \u00fcberpr\u00fcfen und erneuern diese Datenschutzerkl\u00e4rung regelm\u00e4ssig, um h\u00f6chste Transparenz gew\u00e4hrleisten zu k\u00f6nnen.<\/div>\n<\/div><\/section>\n<div  class='avia-icon-list-container av-lm7ud8za-7e9d7d74279281c875d2b92a0aa1f372  avia-builder-el-3  el_after_av_textblock  el_before_av_textblock'><ul class='avia-icon-list avia_animate_when_almost_visible avia-icon-list-left av-iconlist-big av-lm7ud8za-7e9d7d74279281c875d2b92a0aa1f372'>\n<li><div class='iconlist_icon av-lm7u9dsa-66999dc72686ab6f442596ba78a861e0 avia-font-entypo-fontello'><span class='iconlist-char' aria-hidden='true' data-av_icon='\ue840' data-av_iconfont='entypo-fontello'><\/span><\/div><article class=\"article-icon-entry\"  itemscope=\"itemscope\" itemtype=\"https:\/\/schema.org\/CreativeWork\" ><div class=\"iconlist_content_wrap\"><header class=\"entry-content-header\"><h4 class='av_iconlist_title iconlist_title'  itemprop=\"headline\" >Allgemeine Personendaten<\/h4><\/header><div class='iconlist_content'  itemprop=\"text\" ><p>Wir bearbeiten Ihre allgemeinen Personendaten. Personendaten sind jede Art von Information, die sich auf eine identifizierbare nat\u00fcrliche Person beziehen. Identifizierbar ist die nat\u00fcrliche Person, wenn sich aus den vorhandenen Informationen R\u00fcckschl\u00fcsse auf die Identit\u00e4t der Person ziehen lassen.<\/p>\n<p><strong>Beispiel:<\/strong>\u00a0Bei Ihrem Namen, IP-Adresse und Privatadresse handelt es sich um Personendaten.<\/p>\n<\/div><\/div><footer class=\"entry-footer\"><\/footer><\/article><div class=\"iconlist-timeline\"><\/div><\/li>\n<li><div class='iconlist_icon av-lm7ub4so-8e43cf62061334a97f722ca85129f83e avia-font-entypo-fontello'><span class='iconlist-char' aria-hidden='true' data-av_icon='\ue852' data-av_iconfont='entypo-fontello'><\/span><\/div><article class=\"article-icon-entry\"  itemscope=\"itemscope\" itemtype=\"https:\/\/schema.org\/CreativeWork\" ><div class=\"iconlist_content_wrap\"><header class=\"entry-content-header\"><h4 class='av_iconlist_title iconlist_title'  itemprop=\"headline\" >\u00dcberlassene Daten<\/h4><\/header><div class='iconlist_content'  itemprop=\"text\" ><p>Sie stellen uns h\u00e4ufig Ihre Personendaten selbst zur Verf\u00fcgung. Immer wenn Sie Ihre Personendaten eingeben und an uns \u00fcbermitteln, so gelten diese als an uns \u00fcberlassen. Die \u00dcbermittlung der Daten an uns erfolgt grunds\u00e4tzlich freiwillig, ist aber teilweise zwingend erforderlich, um unsere Angebote nutzen zu k\u00f6nnen.<\/p>\n<p><strong>Beispiel:<\/strong>\u00a0Sie geben Ihre Daten in einem Kontaktformular ein oder melden sich f\u00fcr einen Newsletter an.<\/p>\n<\/div><\/div><footer class=\"entry-footer\"><\/footer><\/article><div class=\"iconlist-timeline\"><\/div><\/li>\n<li><div class='iconlist_icon av-lm7ubs48-4e606394e578208bd35e9879beea3631 avia-font-wp-svg-plugin-icon-set1'><span class='iconlist-char' aria-hidden='true' data-av_icon='\ue024' data-av_iconfont='wp-svg-plugin-icon-set1'><\/span><\/div><article class=\"article-icon-entry\"  itemscope=\"itemscope\" itemtype=\"https:\/\/schema.org\/CreativeWork\" ><div class=\"iconlist_content_wrap\"><header class=\"entry-content-header\"><h4 class='av_iconlist_title iconlist_title'  itemprop=\"headline\" >Erhobene Daten<\/h4><\/header><div class='iconlist_content'  itemprop=\"text\" ><p>Wenn Sie unsere Dienste benutzen, erheben wir teilweise ihre Daten, ohne dass Ihre aktive Mitwirkung erforderlich ist. Bei diesen Daten handelt es sich in der Regel um Daten \u00fcber Ihr Ger\u00e4t und um Daten \u00fcber das Nutzerverhalten.<\/p>\n<p><strong>Beispiel:<\/strong>\u00a0Wir erheben Daten \u00fcber das Betriebssystem des Ger\u00e4ts, mit dem Sie unsere Webseite aufgerufen haben.<\/p>\n<\/div><\/div><footer class=\"entry-footer\"><\/footer><\/article><div class=\"iconlist-timeline\"><\/div><\/li>\n<li><div class='iconlist_icon av-lm8rwiwd-eb4d948169b5e6d95bacb5067f505c18 avia-font-entypo-fontello'><span class='iconlist-char' aria-hidden='true' data-av_icon='\ue8d2' data-av_iconfont='entypo-fontello'><\/span><\/div><article class=\"article-icon-entry\"  itemscope=\"itemscope\" itemtype=\"https:\/\/schema.org\/CreativeWork\" ><div class=\"iconlist_content_wrap\"><header class=\"entry-content-header\"><h4 class='av_iconlist_title iconlist_title'  itemprop=\"headline\" >Marketing<\/h4><\/header><div class='iconlist_content'  itemprop=\"text\" ><p>Die Daten, die Sie uns \u00fcberlassen haben und die wir erhoben haben, verwenden wir zu Marketing und Werbung. Unser Ziel ist es das Verhalten der Besucher zu verstehen, um gezielte Marketingentscheidungen treffen zu k\u00f6nnen und gezielt Werbung schalten zu k\u00f6nnen. Beispiel: Wir analysieren wie viele Besucher sich f\u00fcr welches unserer Angebote am meisten interessieren.<\/p>\n<\/div><\/div><footer class=\"entry-footer\"><\/footer><\/article><div class=\"iconlist-timeline\"><\/div><\/li>\n<li><div class='iconlist_icon av-lm7uc8ni-cd1dd237db67c82d6c95f7f4282c448a avia-font-entypo-fontello'><span class='iconlist-char' aria-hidden='true' data-av_icon='\ue864' data-av_iconfont='entypo-fontello'><\/span><\/div><article class=\"article-icon-entry\"  itemscope=\"itemscope\" itemtype=\"https:\/\/schema.org\/CreativeWork\" ><div class=\"iconlist_content_wrap\"><header class=\"entry-content-header\"><h4 class='av_iconlist_title iconlist_title'  itemprop=\"headline\" >Produktentwicklung<\/h4><\/header><div class='iconlist_content'  itemprop=\"text\" ><p>Wir sind bestrebt unser Angebot fortlaufend zu verbessern. Zu diesem Zweck nutzen wir Ihre Personendaten f\u00fcr die Entwicklung und Verbesserung von unseren Produkten und Dienstleistungen.<\/p>\n<p><strong>Beispiel:<\/strong>\u00a0Wir erheben Daten \u00fcber das Besucherverhalten auf der Webseite, um die Nutzerfreundlichkeit st\u00e4ndig zu verbessern.<\/p>\n<\/div><\/div><footer class=\"entry-footer\"><\/footer><\/article><div class=\"iconlist-timeline\"><\/div><\/li>\n<li><div class='iconlist_icon av-lm7ucqnc-46dc11a06a0a2f29a398963179641fa2 avia-font-wp-svg-plugin-icon-set1'><span class='iconlist-char' aria-hidden='true' data-av_icon='\ue06f' data-av_iconfont='wp-svg-plugin-icon-set1'><\/span><\/div><article class=\"article-icon-entry\"  itemscope=\"itemscope\" itemtype=\"https:\/\/schema.org\/CreativeWork\" ><div class=\"iconlist_content_wrap\"><header class=\"entry-content-header\"><h4 class='av_iconlist_title iconlist_title'  itemprop=\"headline\" >Datenweitergabe<\/h4><\/header><div class='iconlist_content'  itemprop=\"text\" ><p>Wir sind bestrebt unser Angebot fortlaufend zu verbessern. Zu diesem Zweck nutzen wir Ihre Personendaten f\u00fcr die Entwicklung und Verbesserung von unseren Produkten und Dienstleistungen.<\/p>\n<p><strong>Beispiel:<\/strong>\u00a0Wir erheben Daten \u00fcber das Besucherverhalten auf der Webseite, um die Nutzerfreundlichkeit st\u00e4ndig zu verbessern.<\/p>\n<\/div><\/div><footer class=\"entry-footer\"><\/footer><\/article><div class=\"iconlist-timeline\"><\/div><\/li>\n<li><div class='iconlist_icon av-lm7ud87k-24d15c4cb0933d2d4937ffbd0c3297c9 avia-font-entypo-fontello'><span class='iconlist-char' aria-hidden='true' data-av_icon='\ue8b1' data-av_iconfont='entypo-fontello'><\/span><\/div><article class=\"article-icon-entry\"  itemscope=\"itemscope\" itemtype=\"https:\/\/schema.org\/CreativeWork\" ><div class=\"iconlist_content_wrap\"><header class=\"entry-content-header\"><h4 class='av_iconlist_title iconlist_title'  itemprop=\"headline\" >Weltweit<\/h4><\/header><div class='iconlist_content'  itemprop=\"text\" ><p>Wir arbeiten f\u00fcr die Bearbeitung Ihrer Personendaten mit Anbietern aus der gesamten Welt zusammen. So k\u00f6nnen wir vom weltweiten Angebot profitieren und auf die besten und zuverl\u00e4ssigsten Dienste zur\u00fcckgreifen. Unter Umst\u00e4nden weist das Land, in das die Daten exportiert werden, nicht denselben Datenschutzstandard wie die Schweiz auf.<\/p>\n<p><strong>Beispiel:<\/strong>\u00a0Wir verwenden die Dienste eines Cloud-Anbieters wie Google, der seinen Sitz in den USA hat.<\/p>\n<\/div><\/div><footer class=\"entry-footer\"><\/footer><\/article><div class=\"iconlist-timeline\"><\/div><\/li>\n<\/ul><\/div>\n\n<style type=\"text\/css\" data-created_by=\"avia_inline_auto\" id=\"style-css-av-lm7ufa41-8f187c9f7f8568b4549c44eeef3e8b42\">\n#top .av_textblock_section.av-lm7ufa41-8f187c9f7f8568b4549c44eeef3e8b42 .avia_textblock{\nfont-size:35px;\n}\n\n@media only screen and (min-width: 480px) and (max-width: 767px){ \n#top .av_textblock_section.av-lm7ufa41-8f187c9f7f8568b4549c44eeef3e8b42 .avia_textblock{\nfont-size:9px;\n}\n}\n<\/style>\n<section  class='av_textblock_section av-lm7ufa41-8f187c9f7f8568b4549c44eeef3e8b42'  itemscope=\"itemscope\" itemtype=\"https:\/\/schema.org\/CreativeWork\" ><div class='avia_textblock'  itemprop=\"text\" ><\/div><\/section>\n\n<style type=\"text\/css\" data-created_by=\"avia_inline_auto\" id=\"style-css-av-mjsaidqb-4d4d892f789b11d92fa4da1f8c4bb5fd\">\n#top .av-special-heading.av-mjsaidqb-4d4d892f789b11d92fa4da1f8c4bb5fd{\npadding-bottom:10px;\n}\nbody .av-special-heading.av-mjsaidqb-4d4d892f789b11d92fa4da1f8c4bb5fd .av-special-heading-tag .heading-char{\nfont-size:25px;\n}\n.av-special-heading.av-mjsaidqb-4d4d892f789b11d92fa4da1f8c4bb5fd .av-subheading{\nfont-size:15px;\n}\n<\/style>\n<div  class='av-special-heading av-mjsaidqb-4d4d892f789b11d92fa4da1f8c4bb5fd av-special-heading-h3 blockquote modern-quote  avia-builder-el-5  el_after_av_textblock  el_before_av_toggle_container'><h3 class='av-special-heading-tag'  itemprop=\"headline\"  >Welche Dienste wir nutzen<\/h3><div class=\"special-heading-border\"><div class=\"special-heading-inner-border\"><\/div><\/div><\/div>\n<div  class='togglecontainer av-lm7ujwgf-a7a217fd1a1b25add26d65b7873c586c  avia-builder-el-6  el_after_av_heading  el_before_av_hr  toggle_close_all' >\n<section class='av_toggle_section av-lm7uhx3a-8e04682a63262bd9a8caea3b5a54cd78'  itemscope=\"itemscope\" itemtype=\"https:\/\/schema.org\/CreativeWork\" ><div role=\"tablist\" class=\"single_toggle\" data-tags=\"{All} \"  ><p data-fake-id='#toggle-id-1' class='toggler'  itemprop=\"headline\"  role='tab' tabindex='0' aria-controls='toggle-id-1'>Google Analytics<span class=\"toggle_icon\"><span class=\"vert_icon\"><\/span><span class=\"hor_icon\"><\/span><\/span><\/p><div id='toggle-id-1' class='toggle_wrap'  ><div class='toggle_content invers-color'  itemprop=\"text\" ><div><strong>Wie funktioniert Google Analytics?<\/strong><\/div>\n<p>Unsere Webseite benutzt Google Analytics, eine Dienstleistung der Google Ireland Ltd., Google Building Gordon House, Barrow St, Dublin 4, Irland und der Google LLC, 1600 Amphitheatre Parkway Mountain View, CA 94043, USA; beide zusammen \u201eGoogle\u201c, wobei Google Ireland Ltd. f\u00fcr die Bearbeitung von Personendaten verantwortlich ist. Google verwendet Cookies, die auf Ihrem Ger\u00e4t gespeichert werden und eine Analyse der Webseite durch Sie erm\u00f6glichen. Die durch das Cookie erzeugten Informationen \u00fcber Ihre Benutzung der Webseite werden an einen Server von Google in den USA \u00fcbertragen und dort gespeichert. Wir haben Google Analytics um den Code \u00abanonymizeIP\u00bb erg\u00e4nzt. Dadurch wird sichergestellt, dass alle Daten anonym erhoben werden. Nur in Ausnahmef\u00e4llen wird die volle IP-Adresse an einen Server von Google in den USA \u00fcbertragen und dort gek\u00fcrzt.<\/p>\n<div><strong>Weshalb d\u00fcrfen wir Google Analytics verwenden?<\/strong><\/div>\n<p>Google wertet die erhobenen Daten in unserem Auftrag aus, damit wir uns ein Bild \u00fcber die Besuche und das Nutzerverhalten auf unserer Webseite machen k\u00f6nnen. Dadurch k\u00f6nnen wir unsere Dienstleistungen und die Webseiteninhalte sowie deren Gestaltung verbessern.<\/p>\n<div><strong>Wie k\u00f6nnen Sie die Erfassung Ihrer Daten \u00fcber Google Analytics verhindern?<\/strong><\/div>\n<p>Sie k\u00f6nnen die Speicherung der Cookies durch eine entsprechende Anpassung der Einstellungen in Ihrem Browser verhindern (vgl. unsere Ausf\u00fchrungen zu den Cookies). Sie k\u00f6nnen Google Analytics deaktivieren, indem Sie das Google Browser-Add-On herunterladen und installieren.<\/p>\n<p>https:\/\/google.com\/analytics<\/p>\n<\/div><\/div><\/div><\/section>\n<section class='av_toggle_section av-lm7uidk4-64ac8edb7823f0ab2dcb6114725b21c8'  itemscope=\"itemscope\" itemtype=\"https:\/\/schema.org\/CreativeWork\" ><div role=\"tablist\" class=\"single_toggle\" data-tags=\"{All} \"  ><p data-fake-id='#toggle-id-2' class='toggler'  itemprop=\"headline\"  role='tab' tabindex='0' aria-controls='toggle-id-2'>Google Tag Manager<span class=\"toggle_icon\"><span class=\"vert_icon\"><\/span><span class=\"hor_icon\"><\/span><\/span><\/p><div id='toggle-id-2' class='toggle_wrap'  ><div class='toggle_content invers-color'  itemprop=\"text\" ><p>Wir benutzen auf unserer Website den Google Tag Manager. Dieser erfasst auf unserer Webseite Daten \u00fcber das Nutzerverhalten und leitet diese an unsere Analyse-Tools weiter. Google Tag Manager hat dabei keinen Zugriff auf die Daten, er erhebt lediglich die Daten. Da der Google Tag Manager damit an sich keine personenbezogenen Daten verarbeitet ist auf die Ausf\u00fchrungen zu den jeweiligen Tracking Diensten und auf die Nutzungsrichtlinien von Google Tag Manager zu verweisen. Nutzungsrichtlinien:\u00a0<a href=\"https:\/\/www.google.com\/intl\/de\/tagmanager\/use-policy.html\" target=\"_blank\" rel=\"\u201dnoopener noopener\">https:\/\/www.google.com\/intl\/de\/tagmanager\/use-policy.html<\/a>.<\/p>\n<p>https:\/\/tagmanager.google.com<\/p>\n<\/div><\/div><\/div><\/section>\n<section class='av_toggle_section av-lm7uizwf-fcfd2374065aa0696c882fe3dd6f4bf8'  itemscope=\"itemscope\" itemtype=\"https:\/\/schema.org\/CreativeWork\" ><div role=\"tablist\" class=\"single_toggle\" data-tags=\"{All} \"  ><p data-fake-id='#toggle-id-3' class='toggler'  itemprop=\"headline\"  role='tab' tabindex='0' aria-controls='toggle-id-3'>Global Site Tag<span class=\"toggle_icon\"><span class=\"vert_icon\"><\/span><span class=\"hor_icon\"><\/span><\/span><\/p><div id='toggle-id-3' class='toggle_wrap'  ><div class='toggle_content invers-color'  itemprop=\"text\" ><p>Global Site Tag (gtag.js) ist ein Tag-Management-System, das von Google entwickelt wurde. Es wird verwendet, um Daten wie Traffic, Umsatz, Conversions und mehr \u00fcber eine einzige Codezeile zu tracken und zu verwalten. Es erm\u00f6glicht es Unternehmen, Tracking-Tags f\u00fcr verschiedene Zwecke zu implementieren, z.B. Google Ads, Google Analytics und mehr.<\/p>\n<p>https:\/\/support.google.com<\/p>\n<\/div><\/div><\/div><\/section>\n<section class='av_toggle_section av-lm7ujge4-3f76a1b2c769059287f65741eabce4be'  itemscope=\"itemscope\" itemtype=\"https:\/\/schema.org\/CreativeWork\" ><div role=\"tablist\" class=\"single_toggle\" data-tags=\"{All} \"  ><p data-fake-id='#toggle-id-4' class='toggler'  itemprop=\"headline\"  role='tab' tabindex='0' aria-controls='toggle-id-4'>Fontello<span class=\"toggle_icon\"><span class=\"vert_icon\"><\/span><span class=\"hor_icon\"><\/span><\/span><\/p><div id='toggle-id-4' class='toggle_wrap'  ><div class='toggle_content invers-color'  itemprop=\"text\" ><p>Fontello ist ein Tool f\u00fcr Webdesigner, mit dem sie eine eigene Sammlung von Web-Icons erstellen k\u00f6nnen. Es erm\u00f6glicht es Webdesignern, benutzerdefinierte Icons auf einer Webseite zu erstellen und zu verwenden, um das Design ihrer Seite zu verbessern und es ansprechender zu gestalten. Mit Fontello k\u00f6nnen Webdesigner Icons aus verschiedenen Quellen einf\u00fcgen und anpassen, um eine einzigartige Sammlung von Icons f\u00fcr ihre Webseite zu erstellen.<\/p>\n<p>https:\/\/fontello.com<\/p>\n<\/div><\/div><\/div><\/section>\n<section class='av_toggle_section av-lm7ujvb3-a1c8810b93fa3e6ebefae66c4ee4a92f'  itemscope=\"itemscope\" itemtype=\"https:\/\/schema.org\/CreativeWork\" ><div role=\"tablist\" class=\"single_toggle\" data-tags=\"{All} \"  ><p data-fake-id='#toggle-id-5' class='toggler'  itemprop=\"headline\"  role='tab' tabindex='0' aria-controls='toggle-id-5'>US Privacy User Signal Mechanism<span class=\"toggle_icon\"><span class=\"vert_icon\"><\/span><span class=\"hor_icon\"><\/span><\/span><\/p><div id='toggle-id-5' class='toggle_wrap'  ><div class='toggle_content invers-color'  itemprop=\"text\" ><p>Der US Privacy User Signal Mechanism wird auf einer Webseite verwendet, um dem Nutzer die M\u00f6glichkeit zu geben, seine Einwilligung f\u00fcr die Verarbeitung seiner personenbezogenen Daten zu erteilen oder zu verweigern. Dieses Mechanismus kann auf verschiedene Weise implementiert werden, z.B. durch ein Opt-In- oder Opt-Out-System, das dem Nutzer erm\u00f6glicht, auszuw\u00e4hlen, welche Daten verarbeitet werden d\u00fcrfen und welche nicht.<\/p>\n<p>https:\/\/github.com<\/p>\n<\/div><\/div><\/div><\/section>\n<\/div>\n<div  class='hr av-dz2tg-3ad82409d52a499da009a15ecbe1128c hr-default  avia-builder-el-7  el_after_av_toggle_container  el_before_av_heading'><span class='hr-inner'><span class=\"hr-inner-style\"><\/span><\/span><\/div>\n\n<style type=\"text\/css\" data-created_by=\"avia_inline_auto\" id=\"style-css-av-mjsaiw78-5340964f6ff0cbfa65b00f2686d9a6da\">\n#top .av-special-heading.av-mjsaiw78-5340964f6ff0cbfa65b00f2686d9a6da{\npadding-bottom:10px;\n}\nbody .av-special-heading.av-mjsaiw78-5340964f6ff0cbfa65b00f2686d9a6da .av-special-heading-tag .heading-char{\nfont-size:25px;\n}\n.av-special-heading.av-mjsaiw78-5340964f6ff0cbfa65b00f2686d9a6da .av-subheading{\nfont-size:15px;\n}\n<\/style>\n<div  class='av-special-heading av-mjsaiw78-5340964f6ff0cbfa65b00f2686d9a6da av-special-heading-h3 blockquote modern-quote  avia-builder-el-8  el_after_av_hr  el_before_av_heading'><h3 class='av-special-heading-tag'  itemprop=\"headline\"  >Datenschutz<\/h3><div class=\"special-heading-border\"><div class=\"special-heading-inner-border\"><\/div><\/div><\/div>\n\n<style type=\"text\/css\" data-created_by=\"avia_inline_auto\" id=\"style-css-av-mjsakl4p-a1e8db1fb9e52c107a8740781111e6c6\">\n#top .av-special-heading.av-mjsakl4p-a1e8db1fb9e52c107a8740781111e6c6{\npadding-bottom:10px;\n}\nbody .av-special-heading.av-mjsakl4p-a1e8db1fb9e52c107a8740781111e6c6 .av-special-heading-tag .heading-char{\nfont-size:25px;\n}\n.av-special-heading.av-mjsakl4p-a1e8db1fb9e52c107a8740781111e6c6 .av-subheading{\nfont-size:15px;\n}\n<\/style>\n<div  class='av-special-heading av-mjsakl4p-a1e8db1fb9e52c107a8740781111e6c6 av-special-heading-h4 blockquote modern-quote  avia-builder-el-9  el_after_av_heading  el_before_av_textblock'><h4 class='av-special-heading-tag'  itemprop=\"headline\"  >1. Was tun wir?<\/h4><div class=\"special-heading-border\"><div class=\"special-heading-inner-border\"><\/div><\/div><\/div>\n<section  class='av_textblock_section av-lm7uqjtm-ea3b6191bde972df822dc304739b9e73'  itemscope=\"itemscope\" itemtype=\"https:\/\/schema.org\/CreativeWork\" ><div class='avia_textblock'  itemprop=\"text\" ><div class=\"Global_text__SBBRr Global_mt6__ML1lS\">Liegenschaftsbetreuung \/ Vermietung (Alpenhaus, 3992 Bettmeralp) betreibt die Website ferienchalet-wallis.ch (nachfolgend als \u00abwir\u00bb bezeichnet). Auf dieser Webseite k\u00f6nnen Sie sich \u00fcber unsere Organisation informieren, unsere Online-Services in Anspruch nehmen und mit uns in Kontakt treten.<br \/>\nDer Schutz Ihrer pers\u00f6nlichen Daten ist uns ein grosses Anliegen. Wir informieren Sie in dieser Datenschutzerkl\u00e4rung transparent und verst\u00e4ndlich dar\u00fcber, welche Daten wir \u00fcber unsere Website sammeln und wie wir damit umgehen. Aus diesem Grund verwenden wir die Icons des Vereins\u00a0<a class=\"Global_link__2C__L\" href=\"https:\/\/privacy-icons.ch\/\" target=\"_blank\" rel=\"noopener\">PRIVACY ICONS<\/a>. Sie sollen Ihnen dabei helfen, sich rasch einen \u00dcberblick \u00fcber die Bearbeitung Ihrer Daten durch uns zu verschaffen.<\/div>\n<div id=\"section2\" class=\"Global_h2__77Os4 Global_mt14__nlIB3\"><\/div>\n<\/div><\/section>\n\n<style type=\"text\/css\" data-created_by=\"avia_inline_auto\" id=\"style-css-av-mjsal1qq-24d95aafc654468371a9010c09f46155\">\n#top .av-special-heading.av-mjsal1qq-24d95aafc654468371a9010c09f46155{\npadding-bottom:10px;\n}\nbody .av-special-heading.av-mjsal1qq-24d95aafc654468371a9010c09f46155 .av-special-heading-tag .heading-char{\nfont-size:25px;\n}\n.av-special-heading.av-mjsal1qq-24d95aafc654468371a9010c09f46155 .av-subheading{\nfont-size:15px;\n}\n<\/style>\n<div  class='av-special-heading av-mjsal1qq-24d95aafc654468371a9010c09f46155 av-special-heading-h4 blockquote modern-quote  avia-builder-el-11  el_after_av_textblock  el_before_av_textblock'><h4 class='av-special-heading-tag'  itemprop=\"headline\"  >2. \u00dcber was informieren wir?<\/h4><div class=\"special-heading-border\"><div class=\"special-heading-inner-border\"><\/div><\/div><\/div>\n<section  class='av_textblock_section av-lm7ushzw-ad9034153c675f0c0aeedaee651e4d33'  itemscope=\"itemscope\" itemtype=\"https:\/\/schema.org\/CreativeWork\" ><div class='avia_textblock'  itemprop=\"text\" ><ul class=\"Global_list__X1Zzr\">\n<li class=\"Global_listElement__KYPKI\">Welche Daten auf ferienchalet-wallis.ch\u00a0<strong>gesammelt<\/strong>\u00a0werden;<\/li>\n<li class=\"Global_listElement__KYPKI\">Unter welchen Voraussetzungen wir Ihre Daten\u00a0<strong>bearbeiten<\/strong>\u00a0und zu welchem\u00a0<strong>Zweck<\/strong>;<\/li>\n<li class=\"Global_listElement__KYPKI\">Wie lange wir Ihre Daten\u00a0<strong>aufbewahren<\/strong>;<\/li>\n<li class=\"Global_listElement__KYPKI\">Wann eine Weitergabe an Dritte zul\u00e4ssig ist;<\/li>\n<li class=\"Global_listElement__KYPKI\">Wie wir Ihre Daten bearbeiten (\u00ab<strong>einzelne Datenbearbeitungsvorg\u00e4nge<\/strong>\u00bb);<\/li>\n<li class=\"Global_listElement__KYPKI\">Wann und wie Sie einer Datenbearbeitung\u00a0<strong>widersprechen<\/strong>\u00a0k\u00f6nnen;<\/li>\n<li class=\"Global_listElement__KYPKI\"><strong>Welche Rechte Sie<\/strong>\u00a0haben und wie Sie diese\u00a0<strong>geltend machen k\u00f6nnen.<\/strong><\/li>\n<\/ul>\n<\/div><\/section>\n\n<style type=\"text\/css\" data-created_by=\"avia_inline_auto\" id=\"style-css-av-mjsalhdv-1a5e39eda6959d16933ef900745e0bf6\">\n#top .av-special-heading.av-mjsalhdv-1a5e39eda6959d16933ef900745e0bf6{\npadding-bottom:10px;\n}\nbody .av-special-heading.av-mjsalhdv-1a5e39eda6959d16933ef900745e0bf6 .av-special-heading-tag .heading-char{\nfont-size:25px;\n}\n.av-special-heading.av-mjsalhdv-1a5e39eda6959d16933ef900745e0bf6 .av-subheading{\nfont-size:15px;\n}\n<\/style>\n<div  class='av-special-heading av-mjsalhdv-1a5e39eda6959d16933ef900745e0bf6 av-special-heading-h4 blockquote modern-quote  avia-builder-el-13  el_after_av_textblock  el_before_av_textblock'><h4 class='av-special-heading-tag'  itemprop=\"headline\"  >3. Begriffsdefinitionen<\/h4><div class=\"special-heading-border\"><div class=\"special-heading-inner-border\"><\/div><\/div><\/div>\n<section  class='av_textblock_section av-33g5z8-5222f47bcef66cfdb5b46da4b0397020'  itemscope=\"itemscope\" itemtype=\"https:\/\/schema.org\/CreativeWork\" ><div class='avia_textblock'  itemprop=\"text\" ><div class=\"\">\n<div class=\"Global_h3__xQbHE Global_mt6__ML1lS\"><strong>3.1 Was sind personenbezogene Daten?<\/strong><\/div>\n<div class=\"Global_text__SBBRr Global_mt2__u1OPR\">Personenbezogene Daten sind alle Angaben, die sich auf eine bestimmte oder bestimmbare nat\u00fcrliche Person beziehen. Dazu geh\u00f6ren beispielsweise Name, Adresse, Geburtsdatum, E-Mail-Adresse oder Telefonnummer. Auch Daten \u00fcber pers\u00f6nliche Vorlieben wie Freizeitbesch\u00e4ftigungen oder Mitgliedschaften z\u00e4hlen zu den personenbezogenen Daten.<\/div>\n<div class=\"Global_h3__xQbHE Global_mt6__ML1lS\"><strong>3.2 Was sind besonders sch\u00fctzenswerte Personendaten?<\/strong><\/div>\n<div class=\"Global_text__SBBRr Global_mt2__u1OPR\">Daten \u00fcber religi\u00f6se, weltanschauliche, politische oder gewerkschaftliche Ansichten oder T\u00e4tigkeiten; Daten \u00fcber die Gesundheit und gegebenenfalls Angaben zu administrativen oder strafrechtlichen Verfolgungen und Sanktionen sowie Daten \u00fcber Massnahmen der sozialen Hilfe gelten als besonders sch\u00fctzenswerte Personendaten. Soweit erforderlich und geeignet, k\u00f6nnen wir besonders sch\u00fctzenswerte Personendaten einfordern und bearbeiten. In diesem Fall unterliegen deren Bearbeitung strengerer Vertraulichkeit.<\/div>\n<\/div>\n<div class=\"Global_h3__xQbHE Global_mt6__ML1lS\"><strong>3.3 Was ist das Bearbeiten von Personendaten?<\/strong><\/div>\n<div class=\"Global_text__SBBRr Global_mt2__u1OPR\">Bearbeiten ist jeder Umgang mit Personendaten, unabh\u00e4ngig von den angewandten Mitteln und Verfahren, insbesondere das Beschaffen, Speichern, Aufbewahren, Verwenden, Ver\u00e4ndern, Bekanntgeben, Archivieren, L\u00f6schen oder Vernichten von Daten.<\/div>\n<div class=\"Global_h3__xQbHE Global_mt6__ML1lS\"><strong>3.4 Was ist das Bekanntgeben von Personendaten?<\/strong><\/div>\n<div class=\"Global_text__SBBRr Global_mt2__u1OPR\">Dies ist das \u00dcbermitteln oder Zug\u00e4nglichmachen von Personendaten, bspw. die Ver\u00f6ffentlichung oder die Offenbarung an einen Dritten.<\/div>\n<\/div><\/section>\n\n<style type=\"text\/css\" data-created_by=\"avia_inline_auto\" id=\"style-css-av-mjsalzf1-54954ab5b0c05caf19da27f29043b79f\">\n#top .av-special-heading.av-mjsalzf1-54954ab5b0c05caf19da27f29043b79f{\npadding-bottom:10px;\n}\nbody .av-special-heading.av-mjsalzf1-54954ab5b0c05caf19da27f29043b79f .av-special-heading-tag .heading-char{\nfont-size:25px;\n}\n.av-special-heading.av-mjsalzf1-54954ab5b0c05caf19da27f29043b79f .av-subheading{\nfont-size:15px;\n}\n<\/style>\n<div  class='av-special-heading av-mjsalzf1-54954ab5b0c05caf19da27f29043b79f av-special-heading-h4 blockquote modern-quote  avia-builder-el-15  el_after_av_textblock  el_before_av_textblock'><h4 class='av-special-heading-tag'  itemprop=\"headline\"  >4. Wie k\u00f6nnen Sie mit uns in Kontakt treten?<\/h4><div class=\"special-heading-border\"><div class=\"special-heading-inner-border\"><\/div><\/div><\/div>\n<section  class='av_textblock_section av-lm8r2wcg-d21cb007773aef822ec058d27a6f2eed'  itemscope=\"itemscope\" itemtype=\"https:\/\/schema.org\/CreativeWork\" ><div class='avia_textblock'  itemprop=\"text\" ><div class=\"Global_text__SBBRr Global_mt2__u1OPR\">Bei Fragen oder Anliegen zum Schutz Ihrer Daten durch uns erreichen Sie uns jederzeit per E-Mail unter <a href=\"mailto:info@kranzfelder.ch\">info@kranzfelder.ch<\/a>. Verantwortlich f\u00fcr die Datenbearbeitungen, die \u00fcber diese Website erfolgen, ist:<\/div>\n<div class=\"Global_text__SBBRr Global_mt2__u1OPR\">Liegenschaftsbetreuung \/ Vermietung<br \/>\nRiederalp und Bettmeralp<br \/>\nAlpenhaus<br \/>\n3992\u00a0Bettmeralp<\/div>\n<\/div><\/section>\n\n<style type=\"text\/css\" data-created_by=\"avia_inline_auto\" id=\"style-css-av-mjsamcy6-bc1c454073631e78790088a9f64b965f\">\n#top .av-special-heading.av-mjsamcy6-bc1c454073631e78790088a9f64b965f{\npadding-bottom:10px;\n}\nbody .av-special-heading.av-mjsamcy6-bc1c454073631e78790088a9f64b965f .av-special-heading-tag .heading-char{\nfont-size:25px;\n}\n.av-special-heading.av-mjsamcy6-bc1c454073631e78790088a9f64b965f .av-subheading{\nfont-size:15px;\n}\n<\/style>\n<div  class='av-special-heading av-mjsamcy6-bc1c454073631e78790088a9f64b965f av-special-heading-h4 blockquote modern-quote  avia-builder-el-17  el_after_av_textblock  el_before_av_textblock'><h4 class='av-special-heading-tag'  itemprop=\"headline\"  >5. Bleibt unsere Datenschutzerkl\u00e4rung immer gleich?<\/h4><div class=\"special-heading-border\"><div class=\"special-heading-inner-border\"><\/div><\/div><\/div>\n<section  class='av_textblock_section av-lm8r5qna-1048931b7153724bdb7e45aded237446'  itemscope=\"itemscope\" itemtype=\"https:\/\/schema.org\/CreativeWork\" ><div class='avia_textblock'  itemprop=\"text\" ><p>Wir k\u00f6nnen diese Datenschutzerkl\u00e4rung jederzeit \u00e4ndern. Die \u00c4nderungen werden auf ferienchalet-wallis.ch ver\u00f6ffentlicht, Sie werden nicht gesondert informiert.<\/p>\n<\/div><\/section>\n\n<style type=\"text\/css\" data-created_by=\"avia_inline_auto\" id=\"style-css-av-mjsanfg1-e38e95fe9cc0e33cd10beebb30aa5391\">\n#top .av-special-heading.av-mjsanfg1-e38e95fe9cc0e33cd10beebb30aa5391{\npadding-bottom:10px;\n}\nbody .av-special-heading.av-mjsanfg1-e38e95fe9cc0e33cd10beebb30aa5391 .av-special-heading-tag .heading-char{\nfont-size:25px;\n}\n.av-special-heading.av-mjsanfg1-e38e95fe9cc0e33cd10beebb30aa5391 .av-subheading{\nfont-size:15px;\n}\n<\/style>\n<div  class='av-special-heading av-mjsanfg1-e38e95fe9cc0e33cd10beebb30aa5391 av-special-heading-h4 blockquote modern-quote  avia-builder-el-19  el_after_av_textblock  el_before_av_textblock'><h4 class='av-special-heading-tag'  itemprop=\"headline\"  >6. Allgemeine Grunds\u00e4tze<\/h4><div class=\"special-heading-border\"><div class=\"special-heading-inner-border\"><\/div><\/div><\/div>\n<section  class='av_textblock_section av-lm8r98ot-51ccdd89581e9cd55984bb7100a3e88f'  itemscope=\"itemscope\" itemtype=\"https:\/\/schema.org\/CreativeWork\" ><div class='avia_textblock'  itemprop=\"text\" ><div class=\"Global_h3__xQbHE Global_mt6__ML1lS\"><strong>6.1 Welche Daten sammeln wir von Ihnen und von wem erhalten wir diese Daten<\/strong><\/div>\n<div class=\"Global_text__SBBRr Global_mt2__u1OPR\">In erster Linie bearbeiten wir Personendaten, die Sie uns \u00fcbermitteln oder die wir beim Betrieb unserer Website sammeln. Unter Umst\u00e4nden erhalten wir Personendaten \u00fcber Sie auch von Dritten. Das k\u00f6nnen folgende Kategorien sein:<\/div>\n<div class=\"Global_text__SBBRr Global_mt2__u1OPR\">\n<ul class=\"Global_list__X1Zzr\">\n<li class=\"Global_listElement__KYPKI\">Personenstammdaten (Name, Adresse, Geburtsdaten, etc.);<\/li>\n<li class=\"Global_listElement__KYPKI\">Kontaktdaten (Handynummer, E-Mailadresse, etc.);<\/li>\n<li class=\"Global_listElement__KYPKI\">Finanzdaten (bspw. Kontoangaben);<\/li>\n<li class=\"Global_listElement__KYPKI\">Onlinekennungen (bspw. Cookie-Kennung, IP-Adressen);<\/li>\n<li class=\"Global_listElement__KYPKI\">Standort- und Verkehrsdaten;<\/li>\n<li class=\"Global_listElement__KYPKI\">Ton- und Bildaufnahmen;<\/li>\n<li class=\"Global_listElement__KYPKI\">besonders sch\u00fctzenswerte Daten (bspw. biometrische Daten oder Angaben \u00fcber Ihre Gesundheit).<\/li>\n<\/ul>\n<\/div>\n<div class=\"Global_h3__xQbHE Global_mt6__ML1lS\"><strong>6.2 Unter welchen Voraussetzungen bearbeiten wir Ihre Daten?<\/strong><\/div>\n<div class=\"Global_text__SBBRr Global_mt2__u1OPR\">Wir bearbeiten Ihre Daten nach Treu und Glauben und nach den in dieser Datenschutzerkl\u00e4rung festgelegten Zwecken. Wir achten dabei auf eine transparente und verh\u00e4ltnism\u00e4ssige Bearbeitung.<\/div>\n<div class=\"Global_text__SBBRr Global_mt2__u1OPR\">Sollten wir diese Grunds\u00e4tze ausnahmsweise nicht einhalten k\u00f6nnen, kann die Datenbearbeitung trotzdem rechtm\u00e4ssig sein, weil ein Rechtfertigungsgrund vorliegt. Als Rechtfertigungsgrund kommt namentlich in Frage:<\/div>\n<div class=\"Global_text__SBBRr Global_mt2__u1OPR\">\n<ul class=\"Global_list__X1Zzr\">\n<li class=\"Global_listElement__KYPKI\">Ihre Einwilligung;<\/li>\n<li class=\"Global_listElement__KYPKI\">die Durchf\u00fchrung eines Vertrages oder vorvertraglicher Massnahmen;<\/li>\n<li class=\"Global_listElement__KYPKI\">unsere berechtigten Interessen, sofern Ihre Interessen nicht \u00fcberwiegen.<\/li>\n<\/ul>\n<\/div>\n<div class=\"Global_h3__xQbHE Global_mt6__ML1lS\"><strong>6.3 Wie k\u00f6nnen Sie Ihre Einwilligung widerrufen?<\/strong><\/div>\n<div class=\"Global_text__SBBRr Global_mt2__u1OPR\">Haben Sie uns eine Einwilligung zur Bearbeitung Ihrer personenbezogenen Daten f\u00fcr bestimmte Zwecke erteilt, bearbeiten wir Ihre Daten im Rahmen dieser Einwilligung, soweit wir keinen anderen Rechtfertigungsgrund haben.<\/div>\n<div class=\"Global_text__SBBRr Global_mt2__u1OPR\">Sie k\u00f6nnen Ihre erteilte Einwilligung jederzeit widerrufen und eine E-Mail an die im Impressum genannte Adresse schicken. Bereits erfolgte Datenverarbeitungen sind davon nicht betroffen.<\/div>\n<div class=\"Global_h3__xQbHE Global_mt6__ML1lS\"><strong>6.4 In welchen F\u00e4llen k\u00f6nnen wir Ihre Daten an Dritte weitergeben?<\/strong><\/div>\n<div class=\"Global_text__SBBRr Global_mt2__u1OPR\"><strong>a. Grundsatz<\/strong><br \/>\nWir sind unter Umst\u00e4nden darauf angewiesen, die Dienste Dritter oder von verbundenen Unternehmen in Anspruch zu nehmen und diese mit der Verarbeitung Ihrer Daten zu beauftragen (sog. Auftragsverarbeiter). Kategorien der Empf\u00e4nger sind namentlich:<\/div>\n<div class=\"Global_text__SBBRr Global_mt2__u1OPR\">\n<ul class=\"Global_list__X1Zzr\">\n<li class=\"Global_listElement__KYPKI\">Buchhaltung, Treuhand und Revisionsunternehmen;<\/li>\n<li class=\"Global_listElement__KYPKI\">Beratungsunternehmen (Rechtsberatung, Steuern, etc.);<\/li>\n<li class=\"Global_listElement__KYPKI\">IT-Dienstleister (Webhosting, Support, Clouddienste, Webseitengestaltung, etc.);<\/li>\n<li class=\"Global_listElement__KYPKI\">Zahlungsdienstleister (ausschlie\u00dflich nach Ihrer vorherigen Zustimmung);<\/li>\n<li class=\"Global_listElement__KYPKI\">Anbieter von Tracking-, Conversion- und Werbedienstleistungen (ausschlie\u00dflich nach Ihrer vorherigen Zustimmung).<\/li>\n<\/ul>\n<\/div>\n<div class=\"Global_text__SBBRr Global_mt2__u1OPR\">Wir stellen sicher, dass eine Weitergabe der Daten nur mit Ihrer ausdr\u00fccklichen Einwilligung erfolgt, sofern es sich dabei um keine Auftragsdatenverarbeitung handelt. Zudem stellen wir sicher, dass diese Dritten und unsere verbundenen Unternehmen die Voraussetzungen des Datenschutzes einhalten und Ihre personenbezogenen Daten vertraulich behandeln.<\/div>\n<div class=\"Global_text__SBBRr Global_mt2__u1OPR\">Unter Umst\u00e4nden sind wir auch verpflichtet, Ihre personenbezogenen Daten an Beh\u00f6rden bekanntzugeben.<\/div>\n<div class=\"Global_text__SBBRr Global_mt2__u1OPR\"><strong>b. Weitergabe an Partner und Kooperationsunternehmen<\/strong><br \/>\nWir arbeiten teils mit unterschiedlichen Unternehmen und Partnern zusammen, die Ihre Angebote auf unserer Website aufschalten. Es ist f\u00fcr Sie erkennbar, dass es sich um ein Drittangebot (als \u00abWerbung\u00bb gekennzeichnet) handelt.<\/div>\n<div class=\"Global_text__SBBRr Global_mt2__u1OPR\">Wenn Sie ein solches Angebot in Anspruch nehmen, \u00fcbermitteln wir Ihre personenbezogenen Daten an den entsprechenden Partner oder das Kooperationsunternehmen (z.B. Name, Funktion, Kommunikation etc.), dessen Angebot Sie wahrnehmen wollen, sofern Sie darin zuvor ausdr\u00fccklich eingewilligt haben. Diese Partner und Kooperationsunternehmen sind eigenst\u00e4ndig f\u00fcr die empfangenen personenbezogenen Daten verantwortlich. Nach der \u00dcbermittlung der Daten gelten die Datenschutzbestimmungen des jeweiligen Partners.<\/div>\n<div class=\"Global_text__SBBRr Global_mt2__u1OPR\"><strong>c. Besuch unserer Social-Media-Kan\u00e4le<\/strong><br \/>\nWir haben auf unserer Website Links zu unseren Social-Media-Kan\u00e4len eingebettet. Das ist f\u00fcr Sie jeweils ersichtlich (typischerweise \u00fcber entsprechende Symbole). Klicken Sie auf die Symbole, werden Sie auf unsere Social-Media-Kan\u00e4le weitergeleitet.<\/div>\n<div class=\"Global_text__SBBRr Global_mt2__u1OPR\">Die Social Media Anbieter erfahren in diesem Fall, dass Sie von unserer Website auf deren Plattform zugreifen. Die Social Media Anbieter k\u00f6nnen die so erhobenen Daten f\u00fcr eigene Zwecke nutzen. Wir weisen darauf hin, dass wir keine Kenntnis vom Inhalt der \u00fcbermittelten Daten sowie deren Nutzung durch die Betreiber erhalten.<\/div>\n<div class=\"Global_text__SBBRr Global_mt2__u1OPR\"><strong>d. Weitergabe ins Ausland<\/strong><br \/>\nUnter Umst\u00e4nden kann es im Rahmen der Auftragsbearbeitung zu \u00dcbermittlung Ihrer personenbezogenen Daten an Unternehmen im Ausland kommen. Diese Unternehmen sind im gleichen Umfang zum Datenschutz verpflichtet, wie wir selbst. Die \u00dcbermittlung kann weltweit stattfinden.<\/div>\n<div class=\"Global_text__SBBRr Global_mt2__u1OPR\">Entspricht das Datenschutzniveau nicht demjenigen des der Schweiz, so nehmen wir eine vorg\u00e4ngige Risikoeinsch\u00e4tzung vor und stellen vertraglich sicher, dass der gleiche Schutz wie in der Schweiz garantiert wird (bspw. mittels der neuen Standardvertragsklauseln der EU-Kommission oder anderen, gesetzlich vorgegebenen Massnahmen). Sollte unsere Risikoeinsch\u00e4tzung negativ ausfallen, ergreifen wir zus\u00e4tzliche technische Massnahmen zum Schutz Ihrer Daten. Sie k\u00f6nnen die Standardvertragsklauseln der EU-Kommission abrufen unter folgendem\u00a0<a class=\"Global_link__2C__L\" href=\"https:\/\/commission.europa.eu\/publications\/standard-contractual-clauses-controllers-and-processors-eueea_de\" target=\"_blank\" rel=\"noopener\">Link.<\/a><\/div>\n<div class=\"Global_h3__xQbHE Global_mt6__ML1lS\"><strong>6.5 Wie lange bewahren wir Ihre Daten auf?<\/strong><\/div>\n<div class=\"Global_text__SBBRr Global_mt2__u1OPR\">Wir speichern personenbezogene Daten nur so lange, wie dies erforderlich ist, um die einzelnen Zwecke, zu denen die Daten erhoben wurden, zu erf\u00fcllen.<\/div>\n<div class=\"Global_text__SBBRr Global_mt2__u1OPR\">Daten, die wir bei Ihrem Besuch auf unserer Website speichern, werden w\u00e4hrend zw\u00f6lf Monaten aufbewahrt. Eine Ausnahme gilt f\u00fcr Analyse- und Trackingdaten, die l\u00e4nger aufbewahrt werden k\u00f6nnen.<\/div>\n<div class=\"Global_text__SBBRr Global_mt2__u1OPR\">Vertragsdaten speichern wir l\u00e4nger, da wir dazu durch gesetzliche Vorschriften verpflichtet sind. Wir m\u00fcssen insbesondere gesch\u00e4ftliche Kommunikation, geschlossene Vertr\u00e4ge und Buchungsbelege bis zu 10 Jahren aufbewahren. Soweit wir solche Daten von Ihnen nicht mehr zur Durchf\u00fchrung der Dienstleistungen ben\u00f6tigen, werden die Daten gesperrt und wir verwenden sie nur noch f\u00fcr Zwecke der Rechnungslegung und f\u00fcr Steuerzwecke.<\/div>\n<div class=\"Global_h3__xQbHE Global_mt6__ML1lS\"><strong>6.6 Wie sch\u00fctzen wir Ihre Daten?<\/strong><\/div>\n<div class=\"Global_text__SBBRr Global_mt2__u1OPR\">Wir werden Ihre Daten sicher aufbewahren und alle angemessenen Massnahmen ergreifen, um Ihre Daten vor Verlust, Zugriff, Missbrauch oder \u00c4nderungen zu sch\u00fctzen.<\/div>\n<div class=\"Global_text__SBBRr Global_mt2__u1OPR\">Unsere Vertragspartner und Mitarbeitende, die Zugang zu Ihren Daten haben, sind zur Einhaltung der datenschutzrechtlichen Bestimmungen verpflichtet. In manchen F\u00e4llen wird es erforderlich sein, dass wir Ihre Anfragen an mit uns verbundene Unternehmen weiterreichen. Auch in diesen F\u00e4llen werden Ihre Daten vertraulich behandelt.<\/div>\n<div class=\"Global_text__SBBRr Global_mt2__u1OPR\">Innerhalb unserer Webseite verwenden wir das SSL-Verfahren (Secure Socket Layer) in Verbindung mit der jeweils h\u00f6chsten Verschl\u00fcsselungsstufe, die von Ihrem Browser unterst\u00fctzt wird.<\/div>\n<div class=\"Global_h3__xQbHE Global_mt6__ML1lS\"><strong>6.8 Welche Rechte haben Sie?<\/strong><\/div>\n<div class=\"Global_text__SBBRr Global_mt2__u1OPR\"><strong>a. Auskunftsrecht<\/strong><br \/>\nSie k\u00f6nnen jederzeit eine Auskunft \u00fcber die von uns \u00fcber Sie gespeicherten Daten verlangen. Wir bitten Sie, Ihr Auskunftsgesuch zusammen mit einem Identit\u00e4tsnachweis an <a href=\"mailto:info@kranzfelder.ch\">info@kranzfelder.ch<\/a>\u00a0zu senden.<\/div>\n<div class=\"Global_text__SBBRr Global_mt2__u1OPR\">Sie haben ausserdem das Recht, Ihre Daten in einem g\u00e4ngigen Dateiformat zu erhalten, wenn wir Ihre Daten automatisiert bearbeiten, und wenn<\/div>\n<div class=\"Global_text__SBBRr Global_mt2__u1OPR\">\n<ul class=\"Global_list__X1Zzr\">\n<li class=\"Global_listElement__KYPKI\">Sie Ihre Einwilligung f\u00fcr die Bearbeitung dieser Daten erteilt haben; oder<\/li>\n<li class=\"Global_listElement__KYPKI\">Sie Daten im Zusammenhang mit dem Abschluss oder der Abwicklung eines Vertrags bekannt gegeben haben.<\/li>\n<\/ul>\n<\/div>\n<div class=\"Global_text__SBBRr Global_mt2__u1OPR\">Wir k\u00f6nnen die Auskunft bzw. Datenherausgabe einschr\u00e4nken oder verweigern, wenn dies unseren gesetzlichen Verpflichtungen, berechtigten eigenen oder \u00f6ffentlichen Interessen oder Interessen einer Drittperson entgegensteht.<\/div>\n<div class=\"Global_text__SBBRr Global_mt2__u1OPR\">Die Bearbeitung Ihres Gesuchs unterliegt der gesetzlichen Bearbeitungsfrist von 30 Tagen. Diese Frist d\u00fcrfen wir jedoch aufgrund von hohem Anfragevolumen, aus rechtlichen oder technischen Gr\u00fcnden oder weil wir n\u00e4here Angaben von Ihnen ben\u00f6tigen, verl\u00e4ngern. Sie werden \u00fcber die Fristverl\u00e4ngerung rechtzeitig mindestens in Textform informiert.<\/div>\n<div class=\"Global_text__SBBRr Global_mt2__u1OPR\"><strong>b. L\u00f6schung und Berichtigung<\/strong><br \/>\nSie haben jederzeit die M\u00f6glichkeit, die L\u00f6schung oder Berichtigung Ihrer Daten zu verlangen. Wir k\u00f6nnen das Gesuch abweisen, wenn gesetzliche Vorschriften uns zur l\u00e4ngeren bzw. unver\u00e4nderten Aufbewahrung verpflichten oder ein Erlaubnistatbestand Ihrem Gesuch entgegensteht.<\/div>\n<div class=\"Global_text__SBBRr Global_mt2__u1OPR\">Bitte beachten Sie, dass die Aus\u00fcbung Ihrer Rechte unter Umst\u00e4nden im Konflikt mit vertraglichen Abmachungen stehen und entsprechende Auswirkungen auf die Vertragsdurchf\u00fchrung haben kann (z.B. vorzeitige Vertragsaufl\u00f6sung oder Kostenfolgen).<\/div>\n<div class=\"Global_text__SBBRr Global_mt2__u1OPR\"><strong>c. Rechtsweg<\/strong><br \/>\nSind Sie von der Bearbeitung personenbezogener Daten betroffen, haben Sie das Recht, Ihre Rechte gerichtlich durchzusetzen oder bei der zust\u00e4ndigen Aufsichtsbeh\u00f6rde eine Meldung einzureichen. Die zust\u00e4ndige Aufsichtsbeh\u00f6rde in der Schweiz ist der Eidgen\u00f6ssische Datenschutz- und \u00d6ffentlichkeitsbeauftragte:\u00a0<a class=\"Global_link__2C__L\" href=\"https:\/\/www.edoeb.admin.ch\/\" target=\"_blank\" rel=\"noopener\">https:\/\/www.edoeb.admin.ch<\/a>.<\/div>\n<\/div><\/section>\n\n<style type=\"text\/css\" data-created_by=\"avia_inline_auto\" id=\"style-css-av-mjsanyb6-f3895945f26eff9ee5ee42d30d9c1e2b\">\n#top .av-special-heading.av-mjsanyb6-f3895945f26eff9ee5ee42d30d9c1e2b{\npadding-bottom:10px;\n}\nbody .av-special-heading.av-mjsanyb6-f3895945f26eff9ee5ee42d30d9c1e2b .av-special-heading-tag .heading-char{\nfont-size:25px;\n}\n.av-special-heading.av-mjsanyb6-f3895945f26eff9ee5ee42d30d9c1e2b .av-subheading{\nfont-size:15px;\n}\n<\/style>\n<div  class='av-special-heading av-mjsanyb6-f3895945f26eff9ee5ee42d30d9c1e2b av-special-heading-h4 blockquote modern-quote  avia-builder-el-21  el_after_av_textblock  el_before_av_textblock'><h4 class='av-special-heading-tag'  itemprop=\"headline\"  >7. Einzelne Datenverarbeitungsvorg\u00e4nge<\/h4><div class=\"special-heading-border\"><div class=\"special-heading-inner-border\"><\/div><\/div><\/div>\n<section  class='av_textblock_section av-lmhkefw9-3c4d0d03041ab97806b2447c944daeb5'  itemscope=\"itemscope\" itemtype=\"https:\/\/schema.org\/CreativeWork\" ><div class='avia_textblock'  itemprop=\"text\" ><div class=\"Global_h3__xQbHE Global_mt6__ML1lS\"><strong>7.1\u00a0Bereitstellen der Webseite und Erstellung von Logfiles<\/strong><\/div>\n<div class=\"Global_text__SBBRr Global_mt2__u1OPR\"><strong>Welche Informationen erhalten wir und wie nutzen wir sie?<\/strong><br \/>\nIndem Sie ferienchalet-wallis.ch besuchen, werden auf unseren Servern oder auf Servern von Dienstleistungen und Produkten, die wir beziehen und \/ oder installiert haben, bestimmte Daten automatisch zu Zwecken der Systemadministration, f\u00fcr statistische oder f\u00fcr Sicherungszwecke oder f\u00fcr Trackingzwecke gespeichert. Es handelt sich dabei um:<\/div>\n<div class=\"Global_text__SBBRr Global_mt2__u1OPR\">\n<ul class=\"Global_list__X1Zzr\">\n<li class=\"Global_listElement__KYPKI\">den Namen Ihres Internetserviceproviders;<\/li>\n<li class=\"Global_listElement__KYPKI\">Ihre IP-Adresse (unter Umst\u00e4nden);<\/li>\n<li class=\"Global_listElement__KYPKI\">die Version Ihrer Browser-Software;<\/li>\n<li class=\"Global_listElement__KYPKI\">das Betriebssystem des Rechners mit dem auf die URL zugegriffen wird;<\/li>\n<li class=\"Global_listElement__KYPKI\">das Datum und die Uhrzeit des Zugriffs;<\/li>\n<li class=\"Global_listElement__KYPKI\">die Webseite, von der aus Sie URL besuchen;<\/li>\n<li class=\"Global_listElement__KYPKI\">die Suchw\u00f6rter die Sie benutzt haben, um URL finden.<\/li>\n<\/ul>\n<\/div>\n<div class=\"Global_text__SBBRr Global_mt2__u1OPR\"><strong>Weshalb d\u00fcrfen wir diese Daten bearbeiten?<\/strong><br \/>\nDiese Daten k\u00f6nnen keiner bestimmten Person zugeordnet werden und es findet keine Zusammenf\u00fchrung dieser Daten mit anderen Datenquellen statt. Die Speicherung der Logfiles erfolgt, um die Funktionsf\u00e4higkeit der Webseite zu garantieren und zur Sicherstellung der Sicherheit unserer informationstechnischen Systeme. Hierin besteht unser berechtigtes Interesse.<\/div>\n<div class=\"Global_text__SBBRr Global_mt2__u1OPR\"><strong>Wie k\u00f6nnen Sie die Datenerfassung verhindern?<\/strong><br \/>\nDie Daten werden nur solange gespeichert, wie dies zur Erreichung des Zweckes Ihrer Erhebung notwendig ist. Dementsprechend werden die Daten nach Beendigung jeder Sitzung gel\u00f6scht. Die Speicherung der Logfiles ist f\u00fcr den Betrieb der Webseite zwingend notwendig, Sie haben daher keine M\u00f6glichkeit dagegen Widerspruch zu erheben.<\/div>\n<div class=\"Global_h3__xQbHE Global_mt6__ML1lS\"><strong>7.2\u00a0Z\u00e4hlpixel<\/strong><\/div>\n<div class=\"Global_text__SBBRr Global_mt2__u1OPR\"><strong>Wie funktionieren Z\u00e4hlpixel?<\/strong><br \/>\nWir k\u00f6nnen Z\u00e4hlpixel auf unserer Website verwenden. Z\u00e4hlpixel werden auch als Web-Beacons bezeichnet. Bei Z\u00e4hlpixeln \u2013 auch von Dritten, deren Dienste wir nutzen \u2013 handelt es sich um kleine, \u00fcblicherweise nicht sichtbare Bilder, die beim Besuch unserer Website automatisch abgerufen werden. Mit Z\u00e4hlpixeln k\u00f6nnen die gleichen Angaben wie in Server-Logdateien erfasst werden. Wir nutzen sie zu denselben Zwecken wie Logfiles \u2013 Sie k\u00f6nnen die Datenerfassung nicht verhindern.<\/div>\n<div class=\"Global_h3__xQbHE Global_mt6__ML1lS\"><strong>7.3\u00a0Auswertungen<\/strong><\/div>\n<div class=\"Global_text__SBBRr Global_mt2__u1OPR\">Zum Teil werden Ihre personenbezogenen Daten automatisiert verarbeitet, um bestimmte pers\u00f6nliche Aspekte zu bewerten.<\/div>\n<div class=\"Global_text__SBBRr Global_mt2__u1OPR\">Solche Bewertungen werden von uns insbesondere eingesetzt, um Sie zielgerichtet \u00fcber gewisse Dienstleistungen oder Produkte von uns zu informieren und beraten zu k\u00f6nnen. Zu diesem Zweck setzen wir Auswertungsinstrumente ein, dank denen wir bedarfsgerecht kommunizieren k\u00f6nnen und passende Werbungsmassnahmen inkl. Markt- und Meinungsforschung ergreifen k\u00f6nnen.<\/div>\n<div class=\"Global_h3__xQbHE Global_mt6__ML1lS\"><strong>7.4 Kontakt<\/strong><\/div>\n<div class=\"Global_h3__xQbHE Global_mt6__ML1lS\"><strong>\u00a0<\/strong><strong>E-mail<\/strong><br \/>\n<strong>Welche Informationen erhalten wir und wie nutzen wir sie?<\/strong><br \/>\nSie haben die M\u00f6glichkeit uns per E-Mail zu kontaktieren. Nehmen Sie mit uns Kontakt per E-Mail auf, werden folgende Daten verarbeitet:<\/div>\n<div class=\"Global_text__SBBRr Global_mt2__u1OPR\">\n<ul class=\"Global_list__X1Zzr\">\n<li class=\"Global_listElement__KYPKI\">E-Mail-Adresse;<\/li>\n<li class=\"Global_listElement__KYPKI\">Inhalt, Betreff und Datum Ihrer E-Mail;<\/li>\n<li class=\"Global_listElement__KYPKI\">von Ihnen angegebene Kontaktdaten (z.B. Name, ggf. Telefonnummer, Anschrift).<\/li>\n<\/ul>\n<\/div>\n<div class=\"Global_text__SBBRr Global_mt2__u1OPR\"><strong>Weshalb d\u00fcrfen wir diese Daten bearbeiten?<\/strong><br \/>\nIhre Angaben werden zwecks Bearbeitung der Anfrage und f\u00fcr den Fall von Anschlussfragen bei uns gespeichert. Als Rechtfertigungsgrund dienen vorvertragliche Massnahmen bzw. unsere berechtigten Interessen an der Erledigung der Anfrage.<\/div>\n<div class=\"Global_text__SBBRr Global_mt2__u1OPR\"><strong>Sicherheitshinweis<\/strong><br \/>\nWir weisen Sie darauf hin, dass E-Mails auf dem \u00dcbertragungsweg unbefugt und unbemerkt mitgelesen oder ver\u00e4ndert werden k\u00f6nnen. Durch den Spam-Filter k\u00f6nnen E-Mails abgewiesen werden, wenn diese durch bestimmte Merkmale als Spam identifiziert wurden.<\/div>\n<div class=\"Global_h3__xQbHE Global_mt6__ML1lS\"><strong>7.5\u00a0Erfolgs- und Reichweitenmessung<\/strong><\/div>\n<div class=\"Global_text__SBBRr Global_mt2__u1OPR\"><strong>Wie funktioniert die Erfolgs- und Reichweitenmessung?<\/strong><br \/>\nUnsere Benachrichtigungen und Mitteilungen k\u00f6nnen Weblinks oder Z\u00e4hlpixel enthalten, die erfassen, ob eine einzelne Mitteilung ge\u00f6ffnet wurde und welche Weblinks dabei angeklickt wurden. Solche Weblinks und Z\u00e4hlpixel k\u00f6nnen die Nutzung von Benachrichtigungen und Mitteilungen auch personenbezogen erfassen.<\/div>\n<div class=\"Global_text__SBBRr Global_mt2__u1OPR\"><strong>Weshalb d\u00fcrfen wir diese Daten bearbeiten?<\/strong><br \/>\nWir ben\u00f6tigen diese statistische Erfassung der Nutzung f\u00fcr die Erfolgs- und Reichweitenmessung, um Benachrichtigungen und Mitteilungen aufgrund der Bed\u00fcrfnisse und Lesegewohnheiten der Empf\u00e4ngerinnen und Empf\u00e4nger effektiv und nutzerfreundlich sowie dauerhaft, sicher und zuverl\u00e4ssig anbieten zu k\u00f6nnen.<\/div>\n<div class=\"Global_h3__xQbHE Global_mt6__ML1lS\"><strong>7.6\u00a0Cookies<\/strong><\/div>\n<div class=\"Global_text__SBBRr Global_mt2__u1OPR\"><strong>Wie funktionieren Cookies?<\/strong><br \/>\nUnsere Webseite verwendet Cookies. Bei Cookies handelt es sich um Datens\u00e4tze, die mit Hilfe des Browsers auf dem Betriebssystem Ihres Ger\u00e4tes abgelegt werden, wenn Sie unsere Webseite aufrufen. Cookies richten auf Ihrem Rechner keinen Schaden an und enthalten keine Viren.<\/div>\n<div class=\"Global_text__SBBRr Global_mt2__u1OPR\"><strong>Welche Informationen erhalten wir und wie nutzen wir sie?<\/strong><br \/>\nDie meisten der von uns verwendeten Cookies sind so genannte \u201cSession-Cookies\u201d. Sie werden nach Ende Ihres Besuchs automatisch gel\u00f6scht. Andere Cookies bleiben auf Ihrem Endger\u00e4t gespeichert bis Sie diese l\u00f6schen. Diese Cookies erm\u00f6glichen es uns, Ihren Browser beim n\u00e4chsten Besuch wiederzuerkennen. Dadurch k\u00f6nnen wir gewisse Einstellungen (wie z.B. Spracheinstellungen oder Ortsangaben) speichern, damit Sie diese bei erneutem Aufruf der Webseite nicht neu eingeben m\u00fcssen.<\/div>\n<div class=\"Global_text__SBBRr Global_mt2__u1OPR\"><strong>Weshalb d\u00fcrfen wir Cookies verwenden?<\/strong><br \/>\nWir verwenden Cookies, damit wir unsere Webseite benutzerfreundlicher, effektiver und sicherer gestalten k\u00f6nnen. Die Verwendung von Cookies und die diesbez\u00fcgliche Verarbeitung Ihrer Daten erfolgt aufgrund unserer berechtigten Interessen an den genannten Zwecken<\/div>\n<div class=\"Global_text__SBBRr Global_mt2__u1OPR\"><strong>Wie k\u00f6nnen Sie die Datenerfassung via Cookies verhindern?<\/strong><br \/>\nDie Cookies werden auf Ihrem Rechner gespeichert. Sie haben daher die volle Kontrolle \u00fcber die Verwendung der Cookies. Sie k\u00f6nnen diese vollst\u00e4ndig l\u00f6schen oder durch \u00c4nderung der Einstellungen in Ihrem Browser die \u00dcbertragung deaktivieren oder einschr\u00e4nken. Bei Deaktivierung von Cookies f\u00fcr unsere Webseite k\u00f6nnen m\u00f6glicherweise nicht mehr alle Funktionen der Webseite vollumf\u00e4nglich genutzt werden.<\/div>\n<\/div><\/section>","protected":false},"excerpt":{"rendered":"","protected":false},"author":1,"featured_media":0,"parent":0,"menu_order":0,"comment_status":"closed","ping_status":"closed","template":"","meta":{"footnotes":""},"class_list":["post-1620","page","type-page","status-publish","hentry"],"yoast_head":"<!-- This site is optimized with the Yoast SEO plugin v27.5 - https:\/\/yoast.com\/product\/yoast-seo-wordpress\/ -->\n<title>Datenschutz - Bettmeralp und Riederalp<\/title>\n<meta name=\"description\" content=\"Weitere Informationen zum Umgang mit personenbezogenen Daten finden Sie in unserer Datenschutzerkl\u00e4rung.\" \/>\n<meta name=\"robots\" content=\"index, follow, max-snippet:-1, max-image-preview:large, max-video-preview:-1\" \/>\n<link rel=\"canonical\" href=\"https:\/\/ferienchalet-wallis.ch\/en\/datenschutz\/\" \/>\n<meta property=\"og:locale\" content=\"en_GB\" \/>\n<meta property=\"og:type\" content=\"article\" \/>\n<meta property=\"og:title\" content=\"Datenschutz - Bettmeralp und Riederalp\" \/>\n<meta property=\"og:description\" content=\"Weitere Informationen zum Umgang mit personenbezogenen Daten finden Sie in unserer Datenschutzerkl\u00e4rung.\" \/>\n<meta property=\"og:url\" content=\"https:\/\/ferienchalet-wallis.ch\/en\/datenschutz\/\" \/>\n<meta property=\"og:site_name\" content=\"Bettmeralp und Riederalp\" \/>\n<meta property=\"article:modified_time\" content=\"2025-12-30T07:57:28+00:00\" \/>\n<meta name=\"twitter:card\" content=\"summary_large_image\" \/>\n<meta name=\"twitter:label1\" content=\"Estimated reading time\" \/>\n\t<meta name=\"twitter:data1\" content=\"22 minutes\" \/>\n<script type=\"application\/ld+json\" class=\"yoast-schema-graph\">{\"@context\":\"https:\\\/\\\/schema.org\",\"@graph\":[{\"@type\":\"WebPage\",\"@id\":\"https:\\\/\\\/ferienchalet-wallis.ch\\\/datenschutz\\\/\",\"url\":\"https:\\\/\\\/ferienchalet-wallis.ch\\\/datenschutz\\\/\",\"name\":\"Datenschutz - Bettmeralp und Riederalp\",\"isPartOf\":{\"@id\":\"https:\\\/\\\/ferienchalet-wallis.ch\\\/#website\"},\"datePublished\":\"2023-09-06T14:25:09+00:00\",\"dateModified\":\"2025-12-30T07:57:28+00:00\",\"description\":\"Weitere Informationen zum Umgang mit personenbezogenen Daten finden Sie in unserer Datenschutzerkl\u00e4rung.\",\"breadcrumb\":{\"@id\":\"https:\\\/\\\/ferienchalet-wallis.ch\\\/datenschutz\\\/#breadcrumb\"},\"inLanguage\":\"en-GB\",\"potentialAction\":[{\"@type\":\"ReadAction\",\"target\":[\"https:\\\/\\\/ferienchalet-wallis.ch\\\/datenschutz\\\/\"]}]},{\"@type\":\"BreadcrumbList\",\"@id\":\"https:\\\/\\\/ferienchalet-wallis.ch\\\/datenschutz\\\/#breadcrumb\",\"itemListElement\":[{\"@type\":\"ListItem\",\"position\":1,\"name\":\"Home\",\"item\":\"https:\\\/\\\/ferienchalet-wallis.ch\\\/\"},{\"@type\":\"ListItem\",\"position\":2,\"name\":\"Datenschutz\"}]},{\"@type\":\"WebSite\",\"@id\":\"https:\\\/\\\/ferienchalet-wallis.ch\\\/#website\",\"url\":\"https:\\\/\\\/ferienchalet-wallis.ch\\\/\",\"name\":\"Bettmeralp und Riederalp\",\"description\":\"Kranzfelder Markus\",\"publisher\":{\"@id\":\"https:\\\/\\\/ferienchalet-wallis.ch\\\/#organization\"},\"potentialAction\":[{\"@type\":\"SearchAction\",\"target\":{\"@type\":\"EntryPoint\",\"urlTemplate\":\"https:\\\/\\\/ferienchalet-wallis.ch\\\/?s={search_term_string}\"},\"query-input\":{\"@type\":\"PropertyValueSpecification\",\"valueRequired\":true,\"valueName\":\"search_term_string\"}}],\"inLanguage\":\"en-GB\"},{\"@type\":\"Organization\",\"@id\":\"https:\\\/\\\/ferienchalet-wallis.ch\\\/#organization\",\"name\":\"Liegenschaftsbetreuung \\\/ Vermietung \u2013 M. Kranzfelder\",\"url\":\"https:\\\/\\\/ferienchalet-wallis.ch\\\/\",\"logo\":{\"@type\":\"ImageObject\",\"inLanguage\":\"en-GB\",\"@id\":\"https:\\\/\\\/ferienchalet-wallis.ch\\\/#\\\/schema\\\/logo\\\/image\\\/\",\"url\":\"https:\\\/\\\/ferienchalet-wallis.ch\\\/wp-content\\\/uploads\\\/2022\\\/01\\\/Logo_Kranzfelder.png\",\"contentUrl\":\"https:\\\/\\\/ferienchalet-wallis.ch\\\/wp-content\\\/uploads\\\/2022\\\/01\\\/Logo_Kranzfelder.png\",\"width\":1526,\"height\":447,\"caption\":\"Liegenschaftsbetreuung \\\/ Vermietung \u2013 M. Kranzfelder\"},\"image\":{\"@id\":\"https:\\\/\\\/ferienchalet-wallis.ch\\\/#\\\/schema\\\/logo\\\/image\\\/\"}}]}<\/script>\n<!-- \/ Yoast SEO plugin. -->","yoast_head_json":{"title":"Datenschutz - Bettmeralp und Riederalp","description":"Weitere Informationen zum Umgang mit personenbezogenen Daten finden Sie in unserer Datenschutzerkl\u00e4rung.","robots":{"index":"index","follow":"follow","max-snippet":"max-snippet:-1","max-image-preview":"max-image-preview:large","max-video-preview":"max-video-preview:-1"},"canonical":"https:\/\/ferienchalet-wallis.ch\/en\/datenschutz\/","og_locale":"en_GB","og_type":"article","og_title":"Datenschutz - Bettmeralp und Riederalp","og_description":"Weitere Informationen zum Umgang mit personenbezogenen Daten finden Sie in unserer Datenschutzerkl\u00e4rung.","og_url":"https:\/\/ferienchalet-wallis.ch\/en\/datenschutz\/","og_site_name":"Bettmeralp und Riederalp","article_modified_time":"2025-12-30T07:57:28+00:00","twitter_card":"summary_large_image","twitter_misc":{"Estimated reading time":"22 minutes"},"schema":{"@context":"https:\/\/schema.org","@graph":[{"@type":"WebPage","@id":"https:\/\/ferienchalet-wallis.ch\/datenschutz\/","url":"https:\/\/ferienchalet-wallis.ch\/datenschutz\/","name":"Datenschutz - Bettmeralp und Riederalp","isPartOf":{"@id":"https:\/\/ferienchalet-wallis.ch\/#website"},"datePublished":"2023-09-06T14:25:09+00:00","dateModified":"2025-12-30T07:57:28+00:00","description":"Weitere Informationen zum Umgang mit personenbezogenen Daten finden Sie in unserer Datenschutzerkl\u00e4rung.","breadcrumb":{"@id":"https:\/\/ferienchalet-wallis.ch\/datenschutz\/#breadcrumb"},"inLanguage":"en-GB","potentialAction":[{"@type":"ReadAction","target":["https:\/\/ferienchalet-wallis.ch\/datenschutz\/"]}]},{"@type":"BreadcrumbList","@id":"https:\/\/ferienchalet-wallis.ch\/datenschutz\/#breadcrumb","itemListElement":[{"@type":"ListItem","position":1,"name":"Home","item":"https:\/\/ferienchalet-wallis.ch\/"},{"@type":"ListItem","position":2,"name":"Datenschutz"}]},{"@type":"WebSite","@id":"https:\/\/ferienchalet-wallis.ch\/#website","url":"https:\/\/ferienchalet-wallis.ch\/","name":"Bettmeralp and Riederalp","description":"Kranzfelder Markus","publisher":{"@id":"https:\/\/ferienchalet-wallis.ch\/#organization"},"potentialAction":[{"@type":"SearchAction","target":{"@type":"EntryPoint","urlTemplate":"https:\/\/ferienchalet-wallis.ch\/?s={search_term_string}"},"query-input":{"@type":"PropertyValueSpecification","valueRequired":true,"valueName":"search_term_string"}}],"inLanguage":"en-GB"},{"@type":"Organization","@id":"https:\/\/ferienchalet-wallis.ch\/#organization","name":"Liegenschaftsbetreuung \/ Vermietung \u2013 M. Kranzfelder","url":"https:\/\/ferienchalet-wallis.ch\/","logo":{"@type":"ImageObject","inLanguage":"en-GB","@id":"https:\/\/ferienchalet-wallis.ch\/#\/schema\/logo\/image\/","url":"https:\/\/ferienchalet-wallis.ch\/wp-content\/uploads\/2022\/01\/Logo_Kranzfelder.png","contentUrl":"https:\/\/ferienchalet-wallis.ch\/wp-content\/uploads\/2022\/01\/Logo_Kranzfelder.png","width":1526,"height":447,"caption":"Liegenschaftsbetreuung \/ Vermietung \u2013 M. Kranzfelder"},"image":{"@id":"https:\/\/ferienchalet-wallis.ch\/#\/schema\/logo\/image\/"}}]}},"_links":{"self":[{"href":"https:\/\/ferienchalet-wallis.ch\/en\/wp-json\/wp\/v2\/pages\/1620","targetHints":{"allow":["GET"]}}],"collection":[{"href":"https:\/\/ferienchalet-wallis.ch\/en\/wp-json\/wp\/v2\/pages"}],"about":[{"href":"https:\/\/ferienchalet-wallis.ch\/en\/wp-json\/wp\/v2\/types\/page"}],"author":[{"embeddable":true,"href":"https:\/\/ferienchalet-wallis.ch\/en\/wp-json\/wp\/v2\/users\/1"}],"replies":[{"embeddable":true,"href":"https:\/\/ferienchalet-wallis.ch\/en\/wp-json\/wp\/v2\/comments?post=1620"}],"version-history":[{"count":53,"href":"https:\/\/ferienchalet-wallis.ch\/en\/wp-json\/wp\/v2\/pages\/1620\/revisions"}],"predecessor-version":[{"id":2825,"href":"https:\/\/ferienchalet-wallis.ch\/en\/wp-json\/wp\/v2\/pages\/1620\/revisions\/2825"}],"wp:attachment":[{"href":"https:\/\/ferienchalet-wallis.ch\/en\/wp-json\/wp\/v2\/media?parent=1620"}],"curies":[{"name":"wp","href":"https:\/\/api.w.org\/{rel}","templated":true}]}}