{"id":44,"date":"2022-01-13T07:25:15","date_gmt":"2022-01-13T07:25:15","guid":{"rendered":"https:\/\/new.ferienchalet-wallis.ch\/?page_id=44"},"modified":"2026-02-11T12:48:49","modified_gmt":"2026-02-11T12:48:49","slug":"ferienunterkuenfte","status":"publish","type":"page","link":"https:\/\/ferienchalet-wallis.ch\/en\/ferienunterkuenfte\/","title":{"rendered":"holiday accommodation"},"content":{"rendered":"<div class='flex_column av-1byt4-b96cffee2fcc603c44cf80ae3b4e9b49 av_one_full  avia-builder-el-0  el_before_av_two_third  avia-builder-el-first  first flex_column_div'   ><style type=\"text\/css\" data-created_by=\"avia_inline_auto\" id=\"style-css-av-l6mbfk11-486d6c79327abc77efd1497c41b88369\">\n#top .av-special-heading.av-l6mbfk11-486d6c79327abc77efd1497c41b88369{\npadding-bottom:10px;\n}\nbody .av-special-heading.av-l6mbfk11-486d6c79327abc77efd1497c41b88369 .av-special-heading-tag .heading-char{\nfont-size:25px;\n}\n.av-special-heading.av-l6mbfk11-486d6c79327abc77efd1497c41b88369 .av-subheading{\nfont-size:15px;\n}\n<\/style>\n<div  class='av-special-heading av-l6mbfk11-486d6c79327abc77efd1497c41b88369 av-special-heading-h1 blockquote modern-quote  avia-builder-el-1  avia-builder-el-no-sibling'><h1 class='av-special-heading-tag'  itemprop=\"headline\"  >Relaxing holidays in the Aletsch Arena<\/h1><div class=\"special-heading-border\"><div class=\"special-heading-inner-border\"><\/div><\/div><\/div><\/div>\n<div class='flex_column av-3b4ro-b51ca51fd5fbfaff08fc83961a05d1e5 av_two_third  avia-builder-el-2  el_after_av_one_full  el_before_av_one_third  first flex_column_div column-top-margin'   ><section  class='av_textblock_section av-kyco1dga-1c1d359a4d3e9f9863b0c8d67dc38552'  itemscope=\"itemscope\" itemtype=\"https:\/\/schema.org\/CreativeWork\" ><div class='avia_textblock'  itemprop=\"text\" ><p class=\"bodytext\">For over 23 years our name has stood for relaxing holidays on Bettmeralp and Riederalp. Many long-time guests as well as the owners of these holiday flats know this.<\/p>\n<p class=\"bodytext\">Our team is committed every day to providing you with a pleasant and relaxing holiday. We and our guests can rely on this. With us, you're in excellent hands. The quality of the apartment and the service we provide are of utmost importance to us. We are happy to <a href=\"https:\/\/ferienchalet-wallis.ch\/en\/kontakt-und-anfrage\/\">answer any questions<\/a> you may have.<\/p>\n<h3>Accommodation with different facilities<\/h3>\n<p class=\"bodytext\">It's important to us that all our accommodations offer a variety of styles and amenities, from modern and luxurious to more rustic and cozy. All our holiday homes and apartments in Bettmeralp and Riederalp are centrally located, just a 2- to 10-minute walk from all the leisure activities.<\/p>\n<h3>Special weeks<\/h3>\n<p class=\"bodytext\">And there are always <a href=\"https:\/\/ferienchalet-wallis.ch\/en\/ferien-am-aletsch\/#angebote\">special weeks with special prices<\/a> in der Aletsch Arena.<\/p>\n<p>We are looking forward to seeing you!<\/p>\n<p>Markus &amp; Tabitha Kranzfelder and Team<\/p>\n<\/div><\/section><\/div>\n<div class='flex_column av-2sdug-30a8a17c0a9fd66ba024ba8fedf2879d av_one_third  avia-builder-el-4  el_after_av_two_third  el_before_av_section  avia-builder-el-last  flex_column_div column-top-margin'   ><style type=\"text\/css\" data-created_by=\"avia_inline_auto\" id=\"style-css-av-kyco0pqb-e58d7bad852fed20181946df02a33e88\">\n.avia-image-container.av-kyco0pqb-e58d7bad852fed20181946df02a33e88 .av-image-caption-overlay-center{\ncolor:#ffffff;\n}\n<\/style>\n<div  class='avia-image-container av-kyco0pqb-e58d7bad852fed20181946df02a33e88 av-styling- avia-align-center  avia-builder-el-5  avia-builder-el-no-sibling'  itemprop=\"image\" itemscope=\"itemscope\" itemtype=\"https:\/\/schema.org\/ImageObject\" ><div class=\"avia-image-container-inner\"><div class=\"avia-image-overlay-wrap\"><img decoding=\"async\" class='wp-image-1210 avia-img-lazy-loading-not-1210 avia_image' src=\"https:\/\/ferienchalet-wallis.ch\/wp-content\/uploads\/2022\/11\/Kranzfelder.jpg\" alt='Ehepaar Kranzfelder' title=''  height=\"1350\" width=\"900\"  itemprop=\"thumbnailUrl\" srcset=\"https:\/\/ferienchalet-wallis.ch\/wp-content\/uploads\/2022\/11\/Kranzfelder.jpg 900w, https:\/\/ferienchalet-wallis.ch\/wp-content\/uploads\/2022\/11\/Kranzfelder-200x300.jpg 200w, https:\/\/ferienchalet-wallis.ch\/wp-content\/uploads\/2022\/11\/Kranzfelder-687x1030.jpg 687w, https:\/\/ferienchalet-wallis.ch\/wp-content\/uploads\/2022\/11\/Kranzfelder-768x1152.jpg 768w, https:\/\/ferienchalet-wallis.ch\/wp-content\/uploads\/2022\/11\/Kranzfelder-8x12.jpg 8w, https:\/\/ferienchalet-wallis.ch\/wp-content\/uploads\/2022\/11\/Kranzfelder-470x705.jpg 470w\" sizes=\"(max-width: 900px) 100vw, 900px\" \/><\/div><\/div><\/div><\/div>\n<\/div><\/div><\/div><!-- close content main div --><\/div><\/div>\n<style type=\"text\/css\" data-created_by=\"avia_inline_auto\" id=\"style-css-av-l6vxu9qi-0c70acea13c61cee83e390dfb20d1c17\">\n.avia-section.av-l6vxu9qi-0c70acea13c61cee83e390dfb20d1c17{\nbackground-color:#f8f6f2;\n}\n<\/style>\n<div id='av_section_1'  class='avia-section av-l6vxu9qi-0c70acea13c61cee83e390dfb20d1c17 main_color avia-section-default avia-no-border-styling  avia-builder-el-6  el_after_av_one_third  el_before_av_section  avia-bg-style-scroll container_wrap sidebar_right'  ><div class='container av-section-cont-open' ><div class='template-page content  av-content-small alpha units'><div class='post-entry post-entry-type-page post-entry-44'><div class='entry-content-wrapper clearfix'>\n<div class='flex_column av-4zk8c-62608d38b6c93664f769eb9b214b0e72 av_one_half  avia-builder-el-7  el_before_av_one_half  avia-builder-el-first  first flex_column_div'   ><style type=\"text\/css\" data-created_by=\"avia_inline_auto\" id=\"style-css-av-l6mbifwy-473e26f223cad66ee59804750873327b\">\n.iconbox.av-l6mbifwy-473e26f223cad66ee59804750873327b .iconbox_icon{\nbackground-color:#c3512f;\n}\n<\/style>\n<article  class='iconbox iconbox_top av-l6mbifwy-473e26f223cad66ee59804750873327b av-no-box  avia-builder-el-8  avia-builder-el-no-sibling'  itemscope=\"itemscope\" itemtype=\"https:\/\/schema.org\/CreativeWork\" ><div class=\"iconbox_content\"><header class=\"entry-content-header\"><div class=\"iconbox_icon heading-color\" aria-hidden='true' data-av_icon='\ue854' data-av_iconfont='entypo-fontello'><\/div><h3 class='iconbox_content_title'  itemprop=\"headline\" >Competent advice<\/h3><\/header><div class='iconbox_content_container'  itemprop=\"text\" ><p>It is our concern to respond to your wishes and needs regarding location, size, comfort of your holiday home (whether chalet or flat).<\/p>\n<\/div><\/div><footer class=\"entry-footer\"><\/footer><\/article><\/div><div class='flex_column av-4pll8-769af80d5e77409fa478273983975b6b av_one_half  avia-builder-el-9  el_after_av_one_half  avia-builder-el-last  flex_column_div'   ><style type=\"text\/css\" data-created_by=\"avia_inline_auto\" id=\"style-css-av-l6mbki4x-abd6bfbde9f32c687aa816482bd9ee61\">\n.iconbox.av-l6mbki4x-abd6bfbde9f32c687aa816482bd9ee61 .iconbox_icon{\nbackground-color:#c3512f;\n}\n<\/style>\n<article  class='iconbox iconbox_top av-l6mbki4x-abd6bfbde9f32c687aa816482bd9ee61 av-no-box  avia-builder-el-10  avia-builder-el-no-sibling'  itemscope=\"itemscope\" itemtype=\"https:\/\/schema.org\/CreativeWork\" ><div class=\"iconbox_content\"><header class=\"entry-content-header\"><div class=\"iconbox_icon heading-color\" aria-hidden='true' data-av_icon='\ue826' data-av_iconfont='entypo-fontello'><\/div><h3 class='iconbox_content_title'  itemprop=\"headline\" >Personal support<\/h3><\/header><div class='iconbox_content_container'  itemprop=\"text\" ><p>That is our top priority. During your stay in one of our holiday flats or chalets, we will be happy to personally visit and welcome you and promptly fulfil any outstanding wishes.<\/p>\n<\/div><\/div><footer class=\"entry-footer\"><\/footer><\/article><\/div>\n\n<\/div><\/div><\/div><!-- close content main div --><\/div><\/div><div id='av_section_2'  class='avia-section av-gm7ww-ac5a36d97fdceb7e0d03ee5a55358914 main_color avia-section-default avia-no-border-styling  avia-builder-el-11  el_after_av_section  el_before_av_section  avia-bg-style-scroll container_wrap sidebar_right'  ><div class='container av-section-cont-open' ><div class='template-page content  av-content-small alpha units'><div class='post-entry post-entry-type-page post-entry-44'><div class='entry-content-wrapper clearfix'>\n\n<style type=\"text\/css\" data-created_by=\"avia_inline_auto\" id=\"style-css-av-flosg-5bacb16a22476c066bf3315f7098e67b\">\n#top .av-special-heading.av-flosg-5bacb16a22476c066bf3315f7098e67b{\npadding-bottom:10px;\n}\nbody .av-special-heading.av-flosg-5bacb16a22476c066bf3315f7098e67b .av-special-heading-tag .heading-char{\nfont-size:25px;\n}\n.av-special-heading.av-flosg-5bacb16a22476c066bf3315f7098e67b .av-subheading{\nfont-size:15px;\n}\n<\/style>\n<div  class='av-special-heading av-flosg-5bacb16a22476c066bf3315f7098e67b av-special-heading-h2 blockquote modern-quote  avia-builder-el-12  el_before_av_hr  avia-builder-el-first'><h2 class='av-special-heading-tag'  itemprop=\"headline\"  >Comfortable holiday apartments and chalets from 2 to 5 stars<\/h2><div class=\"special-heading-border\"><div class=\"special-heading-inner-border\"><\/div><\/div><\/div>\n\n<style type=\"text\/css\" data-created_by=\"avia_inline_auto\" id=\"style-css-av-13fh8-cc7fb7680c6c6ba0f5739ceb49125d6f\">\n#top .hr.hr-invisible.av-13fh8-cc7fb7680c6c6ba0f5739ceb49125d6f{\nheight:50px;\n}\n<\/style>\n<div  class='hr av-13fh8-cc7fb7680c6c6ba0f5739ceb49125d6f hr-invisible  avia-builder-el-13  el_after_av_heading  el_before_av_one_half'><span class='hr-inner'><span class=\"hr-inner-style\"><\/span><\/span><\/div>\n<div class='flex_column av-ezswk-41d4340fc654dfb4bf19e96b7e1f0249 av_one_half  avia-builder-el-14  el_after_av_hr  el_before_av_one_half  first flex_column_div'   ><section  class='av_textblock_section av-ernjg-57a00957adcc1521591d588bce7de930'  itemscope=\"itemscope\" itemtype=\"https:\/\/schema.org\/CreativeWork\" ><div class='avia_textblock'  itemprop=\"text\" ><h4>Basic equipment of the holiday flats<\/h4>\n<p class=\"bodytext\"><span lang=\"DE\">All flats are tastefully furnished and equipped with<\/span><\/p>\n<ul>\n<li class=\"bodytext\"><span lang=\"DE\">Balcony or terrace<\/span><\/li>\n<li class=\"bodytext\"><span lang=\"DE\">Modern well-equipped kitchen-cum-living-room (cooker, extractor fan, oven, fridge, coffee machine, fondue set etc.)\u00a0 <\/span>etc.)<\/li>\n<li class=\"bodytext\">cosy living room<\/li>\n<li class=\"bodytext\">Satellite TV and radio<\/li>\n<\/ul>\n<p>Of course, regular care is provided by our competent team.<\/p>\n<\/div><\/section><\/div><div class='flex_column av-e3uo8-78cd4461c9cef5e0020e320c3a7a88c3 av_one_half  avia-builder-el-16  el_after_av_one_half  el_before_av_one_half  flex_column_div'   ><section  class='av_textblock_section av-d8l4s-cfb0dfacb56d8282e439664d1abbc96f'  itemscope=\"itemscope\" itemtype=\"https:\/\/schema.org\/CreativeWork\" ><div class='avia_textblock'  itemprop=\"text\" ><h4>Comfort requirements for your accommodation<\/h4>\n<p>Individually you find<\/p>\n<ul>\n<li class=\"bodytext\">Dishwasher<\/li>\n<li class=\"bodytext\">Microwave<\/li>\n<li class=\"bodytext\">Washing machine\/dryer<\/li>\n<li class=\"bodytext\">Telephone, internet connection<\/li>\n<li class=\"bodytext\">2-3 bathrooms<\/li>\n<li class=\"bodytext\">open fireplace<\/li>\n<li>sauna<\/li>\n<\/ul>\n<\/div><\/section><\/div><div class='flex_column av-cc8mk-82f02bb7b40b1d792f92cefd303cbab8 av_one_half  avia-builder-el-18  el_after_av_one_half  el_before_av_one_half  first flex_column_div column-top-margin'   ><p>\n<style type=\"text\/css\" data-created_by=\"avia_inline_auto\" id=\"style-css-av-bqw3w-2ff6bdd42fa6366b67f8feeae9c33b2e\">\n.avia-image-container.av-bqw3w-2ff6bdd42fa6366b67f8feeae9c33b2e .av-image-caption-overlay-center{\ncolor:#ffffff;\n}\n<\/style>\n<div  class='avia-image-container av-bqw3w-2ff6bdd42fa6366b67f8feeae9c33b2e av-styling- avia-align-center  avia-builder-el-19  el_before_av_textblock  avia-builder-el-first'  itemprop=\"image\" itemscope=\"itemscope\" itemtype=\"https:\/\/schema.org\/ImageObject\" ><div class=\"avia-image-container-inner\"><div class=\"avia-image-overlay-wrap\"><img decoding=\"async\" class='wp-image-466 avia-img-lazy-loading-not-466 avia_image' src=\"https:\/\/ferienchalet-wallis.ch\/wp-content\/uploads\/2022\/08\/HohfluhOG_Wohnz.2_org.2013-07-20_2780-Benutzerdefiniert.jpg\" alt='Riederalp - Wohnung Hohfluh - Wohnzimmer' title=''  height=\"1066\" width=\"1600\"  itemprop=\"thumbnailUrl\" srcset=\"https:\/\/ferienchalet-wallis.ch\/wp-content\/uploads\/2022\/08\/HohfluhOG_Wohnz.2_org.2013-07-20_2780-Benutzerdefiniert.jpg 1600w, https:\/\/ferienchalet-wallis.ch\/wp-content\/uploads\/2022\/08\/HohfluhOG_Wohnz.2_org.2013-07-20_2780-Benutzerdefiniert-300x200.jpg 300w, https:\/\/ferienchalet-wallis.ch\/wp-content\/uploads\/2022\/08\/HohfluhOG_Wohnz.2_org.2013-07-20_2780-Benutzerdefiniert-1030x686.jpg 1030w, https:\/\/ferienchalet-wallis.ch\/wp-content\/uploads\/2022\/08\/HohfluhOG_Wohnz.2_org.2013-07-20_2780-Benutzerdefiniert-768x512.jpg 768w, https:\/\/ferienchalet-wallis.ch\/wp-content\/uploads\/2022\/08\/HohfluhOG_Wohnz.2_org.2013-07-20_2780-Benutzerdefiniert-1536x1023.jpg 1536w, https:\/\/ferienchalet-wallis.ch\/wp-content\/uploads\/2022\/08\/HohfluhOG_Wohnz.2_org.2013-07-20_2780-Benutzerdefiniert-1500x999.jpg 1500w, https:\/\/ferienchalet-wallis.ch\/wp-content\/uploads\/2022\/08\/HohfluhOG_Wohnz.2_org.2013-07-20_2780-Benutzerdefiniert-705x470.jpg 705w\" sizes=\"(max-width: 1600px) 100vw, 1600px\" \/><\/div><\/div><\/div><br \/>\n<section  class='av_textblock_section av-b4czw-d013f1e11d7569a74ea6b500bee329d8'  itemscope=\"itemscope\" itemtype=\"https:\/\/schema.org\/CreativeWork\" ><div class='avia_textblock'  itemprop=\"text\" ><p style=\"text-align: center;\">Holiday flats in chalets or single chalets for 2-8 people, located on the Rieder or Bettmeralp near a ski lift.<\/p>\n<\/div><\/section><\/p><\/div><div class='flex_column av-122sg-16aae1d659bf2c6bf17245262ece934b av_one_half  avia-builder-el-21  el_after_av_one_half  el_before_av_heading  flex_column_div column-top-margin'   ><p>\n<style type=\"text\/css\" data-created_by=\"avia_inline_auto\" id=\"style-css-av-9q7wk-610f1c0721c192b5d67892f38b47f1d7\">\n.avia-image-container.av-9q7wk-610f1c0721c192b5d67892f38b47f1d7 .av-image-caption-overlay-center{\ncolor:#ffffff;\n}\n<\/style>\n<div  class='avia-image-container av-9q7wk-610f1c0721c192b5d67892f38b47f1d7 av-styling- avia-align-center  avia-builder-el-22  el_before_av_textblock  avia-builder-el-first'  itemprop=\"image\" itemscope=\"itemscope\" itemtype=\"https:\/\/schema.org\/ImageObject\" ><div class=\"avia-image-container-inner\"><div class=\"avia-image-overlay-wrap\"><img decoding=\"async\" class='wp-image-310 avia-img-lazy-loading-not-310 avia_image' src=\"https:\/\/ferienchalet-wallis.ch\/wp-content\/uploads\/2022\/03\/Wilhelm-Tell_Wohnz7_900_2014-07-13_1045_bearbeitet-2.jpg\" alt='Riederalp - Wohnung Willhelm Tell' title=''  height=\"598\" width=\"900\"  itemprop=\"thumbnailUrl\" srcset=\"https:\/\/ferienchalet-wallis.ch\/wp-content\/uploads\/2022\/03\/Wilhelm-Tell_Wohnz7_900_2014-07-13_1045_bearbeitet-2.jpg 900w, https:\/\/ferienchalet-wallis.ch\/wp-content\/uploads\/2022\/03\/Wilhelm-Tell_Wohnz7_900_2014-07-13_1045_bearbeitet-2-300x199.jpg 300w, https:\/\/ferienchalet-wallis.ch\/wp-content\/uploads\/2022\/03\/Wilhelm-Tell_Wohnz7_900_2014-07-13_1045_bearbeitet-2-768x510.jpg 768w, https:\/\/ferienchalet-wallis.ch\/wp-content\/uploads\/2022\/03\/Wilhelm-Tell_Wohnz7_900_2014-07-13_1045_bearbeitet-2-705x468.jpg 705w\" sizes=\"(max-width: 900px) 100vw, 900px\" \/><\/div><\/div><\/div><br \/>\n<section  class='av_textblock_section av-90a14-6468b9fb1b34964231d1459066b7e67c'  itemscope=\"itemscope\" itemtype=\"https:\/\/schema.org\/CreativeWork\" ><div class='avia_textblock'  itemprop=\"text\" ><p style=\"text-align: center;\">Flat houses with studios, 2-room and 3-room flats, located directly at the mountain station and also very suitable for larger groups<\/p>\n<\/div><\/section><\/p><\/div>\n<style type=\"text\/css\" data-created_by=\"avia_inline_auto\" id=\"style-css-av-8iklw-0bd82b1e4ffe9dda876605418fe2cd69\">\n#top .av-special-heading.av-8iklw-0bd82b1e4ffe9dda876605418fe2cd69{\npadding-bottom:10px;\n}\nbody .av-special-heading.av-8iklw-0bd82b1e4ffe9dda876605418fe2cd69 .av-special-heading-tag .heading-char{\nfont-size:25px;\n}\n.av-special-heading.av-8iklw-0bd82b1e4ffe9dda876605418fe2cd69 .av-subheading{\nfont-size:15px;\n}\n<\/style>\n<div  class='av-special-heading av-8iklw-0bd82b1e4ffe9dda876605418fe2cd69 av-special-heading-h2 blockquote modern-quote  avia-builder-el-24  el_after_av_one_half  el_before_av_hr'><h2 class='av-special-heading-tag'  itemprop=\"headline\"  >Do you have personal wishes regarding your stay?<\/h2><div class=\"special-heading-border\"><div class=\"special-heading-inner-border\"><\/div><\/div><\/div>\n\n<style type=\"text\/css\" data-created_by=\"avia_inline_auto\" id=\"style-css-av-14694-50d6a0e8ba4ea7a2f50b1bd2d7904f57\">\n#top .hr.hr-invisible.av-14694-50d6a0e8ba4ea7a2f50b1bd2d7904f57{\nheight:50px;\n}\n<\/style>\n<div  class='hr av-14694-50d6a0e8ba4ea7a2f50b1bd2d7904f57 hr-invisible  avia-builder-el-25  el_after_av_heading  el_before_av_one_half'><span class='hr-inner'><span class=\"hr-inner-style\"><\/span><\/span><\/div>\n\n<style type=\"text\/css\" data-created_by=\"avia_inline_auto\" id=\"style-css-av-7x4p0-b1557bbb4855dfef313a4248918f2595\">\n.flex_column.av-7x4p0-b1557bbb4855dfef313a4248918f2595{\npadding:0 0 0 0;\n}\n<\/style>\n<div class='flex_column av-7x4p0-b1557bbb4855dfef313a4248918f2595 av_one_half  avia-builder-el-26  el_after_av_hr  el_before_av_one_half  first flex_column_div'   ><section  class='av_textblock_section av-7egh0-15d8ede3a831cbde89b3d6d006044d05'  itemscope=\"itemscope\" itemtype=\"https:\/\/schema.org\/CreativeWork\" ><div class='avia_textblock'  itemprop=\"text\" ><h4>Holidays with kids<\/h4>\n<p>And your children are of course also very close to our hearts.<\/p>\n<p>No matter whether you need a cot or a high chair or a children's sledge. Ask us!<\/p>\n<\/div><\/section><br \/>\n<section  class='av_textblock_section av-6xsxo-6ce76210867e865f359f55392bf252a1'  itemscope=\"itemscope\" itemtype=\"https:\/\/schema.org\/CreativeWork\" ><div class='avia_textblock'  itemprop=\"text\" ><p class=\"bodytext\"><strong>Note<\/strong>: Only refuse sacks that are subject to a fee (Geb\u00fchrenverbund Oberwallis) can be used.\u00a0If you need more than are available, you can also obtain individual bags at the cash desk in any grocery shop (a 35L bag costs CHF 2.60).<\/p>\n<\/div><\/section><\/p><\/div><div class='flex_column av-6ddlg-00466c2f4c1b28eb66781941fbd1ea26 av_one_half  avia-builder-el-29  el_after_av_one_half  avia-builder-el-last  flex_column_div'   ><section  class='av_textblock_section av-5qfo4-298abf43e3fcb374fd2d988ec3aa81b2'  itemscope=\"itemscope\" itemtype=\"https:\/\/schema.org\/CreativeWork\" ><div class='avia_textblock'  itemprop=\"text\" ><h4>Features of your accommodation<\/h4>\n<p class=\"bodytext\"><span lang=\"DE\">We are happy to accommodate your personal wishes such as a <strong>non-smoking flat<\/strong> or holiday flats that are suitable for <strong>allergy sufferers<\/strong> .<\/span><\/p>\n<p class=\"bodytext\"><span lang=\"DE\">Only a few flats allow <strong>pets.<\/strong> So if you would like to bring your dog, for example, please call us so that we can name the appropriate rental properties for you.<\/span><\/p>\n<p class=\"bodytext\"><span lang=\"DE\">After your excursion or your skiing day you love to go to the <a href=\"https:\/\/www.sportzentrum-bachtla.ch\/\" target=\"_blank\" rel=\"noopener\">indoor swimming pool<\/a> or <a href=\"https:\/\/www.aletschspa.ch\/en\/news\">sauna<\/a> Everything is possible.<\/span><\/p>\n<\/div><\/section><\/div>\n\n<\/div><\/div><\/div><!-- close content main div --><\/div><\/div>\n<style type=\"text\/css\" data-created_by=\"avia_inline_auto\" id=\"style-css-av-2ssns-e5696f4aa699e5f5cd58752771172531\">\n.avia-section.av-2ssns-e5696f4aa699e5f5cd58752771172531{\nbackground-color:#f8f6f2;\n}\n<\/style>\n<div id='av_section_3'  class='avia-section av-2ssns-e5696f4aa699e5f5cd58752771172531 main_color avia-section-default avia-no-border-styling  avia-builder-el-31  el_after_av_section  el_before_av_section  avia-bg-style-scroll container_wrap sidebar_right'  ><div class='container av-section-cont-open' ><div class='template-page content  av-content-small alpha units'><div class='post-entry post-entry-type-page post-entry-44'><div class='entry-content-wrapper clearfix'>\n<div class='flex_column av-1kw9c-f27bb310da0f66ef7cae62c76208e83f av_one_fourth  avia-builder-el-32  el_before_av_one_fourth  avia-builder-el-first  first flex_column_div'   ><style type=\"text\/css\" data-created_by=\"avia_inline_auto\" id=\"style-css-av-160os-e837ca630e1e204b4b3a55b9c92ee274\">\n.iconbox.av-160os-e837ca630e1e204b4b3a55b9c92ee274 .iconbox_icon{\nborder:1px solid #c3512f;\ncolor:#c3512f;\n}\n#top #wrap_all .iconbox.av-160os-e837ca630e1e204b4b3a55b9c92ee274 .iconbox_content_title{\ncolor:#946a52;\n}\n.iconbox.av-160os-e837ca630e1e204b4b3a55b9c92ee274 .iconbox_content_container{\ncolor:#946a52;\n}\n<\/style>\n<article  class='iconbox iconbox_top av-160os-e837ca630e1e204b4b3a55b9c92ee274 av-no-box  avia-builder-el-33  avia-builder-el-no-sibling'  itemscope=\"itemscope\" itemtype=\"https:\/\/schema.org\/CreativeWork\" ><div class=\"iconbox_content\"><header class=\"entry-content-header\"><div class=\"iconbox_icon heading-color\" aria-hidden='true' data-av_icon='\ue8dd' data-av_iconfont='entypo-fontello'><\/div><h3 class='iconbox_content_title'  itemprop=\"headline\" >Rent cot<\/h3><\/header><div class='iconbox_content_container av_inherit_color'  itemprop=\"text\" ><p>50 CHF\/week<\/p>\n<\/div><\/div><footer class=\"entry-footer\"><\/footer><\/article><\/div><div class='flex_column av-3uwng-2f7a1645ac1bbfc8b1992f36b8597f61 av_one_fourth  avia-builder-el-34  el_after_av_one_fourth  el_before_av_one_fourth  flex_column_div'   ><style type=\"text\/css\" data-created_by=\"avia_inline_auto\" id=\"style-css-av-34w2s-08fd7153c84eebcb1dbc7b6d252c3e81\">\n.iconbox.av-34w2s-08fd7153c84eebcb1dbc7b6d252c3e81 .iconbox_icon{\nborder:1px solid #c3512f;\ncolor:#c3512f;\n}\n#top #wrap_all .iconbox.av-34w2s-08fd7153c84eebcb1dbc7b6d252c3e81 .iconbox_content_title{\ncolor:#946a52;\n}\n.iconbox.av-34w2s-08fd7153c84eebcb1dbc7b6d252c3e81 .iconbox_content_container{\ncolor:#946a52;\n}\n<\/style>\n<article  class='iconbox iconbox_top av-34w2s-08fd7153c84eebcb1dbc7b6d252c3e81 av-no-box  avia-builder-el-35  avia-builder-el-no-sibling'  itemscope=\"itemscope\" itemtype=\"https:\/\/schema.org\/CreativeWork\" ><div class=\"iconbox_content\"><header class=\"entry-content-header\"><div class=\"iconbox_icon heading-color\" aria-hidden='true' data-av_icon='\ue09d' data-av_iconfont='wp-svg-plugin-icon-set1'><\/div><h3 class='iconbox_content_title'  itemprop=\"headline\" >Rent high chair<\/h3><\/header><div class='iconbox_content_container av_inherit_color'  itemprop=\"text\" ><p>30 CHF\/week<\/p>\n<\/div><\/div><footer class=\"entry-footer\"><\/footer><\/article><\/div><div class='flex_column av-590qo-e9c1e63cc21211fed95a671ae532f682 av_one_fourth  avia-builder-el-36  el_after_av_one_fourth  el_before_av_one_fourth  flex_column_div'   ><style type=\"text\/css\" data-created_by=\"avia_inline_auto\" id=\"style-css-av-4gu04-b46602ffc7080ecf95beca042edf64ad\">\n.iconbox.av-4gu04-b46602ffc7080ecf95beca042edf64ad .iconbox_icon{\nborder:1px solid #c3512f;\ncolor:#c3512f;\n}\n#top #wrap_all .iconbox.av-4gu04-b46602ffc7080ecf95beca042edf64ad .iconbox_content_title{\ncolor:#946a52;\n}\n.iconbox.av-4gu04-b46602ffc7080ecf95beca042edf64ad .iconbox_content_container{\ncolor:#946a52;\n}\n<\/style>\n<article  class='iconbox iconbox_top av-4gu04-b46602ffc7080ecf95beca042edf64ad av-no-box  avia-builder-el-37  avia-builder-el-no-sibling'  itemscope=\"itemscope\" itemtype=\"https:\/\/schema.org\/CreativeWork\" ><div class=\"iconbox_content\"><header class=\"entry-content-header\"><div class=\"iconbox_icon heading-color\" aria-hidden='true' data-av_icon='\ue8a8' data-av_iconfont='entypo-fontello'><\/div><h3 class='iconbox_content_title'  itemprop=\"headline\" >Rent children sledge<\/h3><\/header><div class='iconbox_content_container av_inherit_color'  itemprop=\"text\" ><p>30 CHF\/week<\/p>\n<\/div><\/div><footer class=\"entry-footer\"><\/footer><\/article><\/div><div class='flex_column av-a6us-77bdab39d26abacc6eace0e7aa1f2122 av_one_fourth  avia-builder-el-38  el_after_av_one_fourth  avia-builder-el-last  flex_column_div'   ><style type=\"text\/css\" data-created_by=\"avia_inline_auto\" id=\"style-css-av-21sa8-63970de8ed8fa1e7e3fec389a11ef51f\">\n.iconbox.av-21sa8-63970de8ed8fa1e7e3fec389a11ef51f .iconbox_icon{\nborder:1px solid #c3512f;\ncolor:#c3512f;\n}\n#top #wrap_all .iconbox.av-21sa8-63970de8ed8fa1e7e3fec389a11ef51f .iconbox_content_title{\ncolor:#946a52;\n}\n.iconbox.av-21sa8-63970de8ed8fa1e7e3fec389a11ef51f .iconbox_content_container{\ncolor:#946a52;\n}\n<\/style>\n<article  class='iconbox iconbox_top av-21sa8-63970de8ed8fa1e7e3fec389a11ef51f av-no-box  avia-builder-el-39  avia-builder-el-no-sibling'  itemscope=\"itemscope\" itemtype=\"https:\/\/schema.org\/CreativeWork\" ><div class=\"iconbox_content\"><header class=\"entry-content-header\"><div class=\"iconbox_icon heading-color\" aria-hidden='true' data-av_icon='\ue821' data-av_iconfont='entypo-fontello'><\/div><h3 class='iconbox_content_title'  itemprop=\"headline\" >Pets allowed<\/h3><\/header><div class='iconbox_content_container av_inherit_color'  itemprop=\"text\" ><p>50 CHF\/week<\/p>\n<\/div><\/div><footer class=\"entry-footer\"><\/footer><\/article><\/div>\n\n<\/div><\/div><\/div><!-- close content main div --><\/div><\/div>\n<style type=\"text\/css\" data-created_by=\"avia_inline_auto\" id=\"style-css-av-mjscykkq-09c3650ab8ec5f57feff888da1d4f712\">\n.avia-section.av-mjscykkq-09c3650ab8ec5f57feff888da1d4f712 .av-extra-border-element .av-extra-border-inner{\nbackground-color:#c3512f;\n}\n<\/style>\n<div id='verkauf_immo'  class='avia-section av-mjscykkq-09c3650ab8ec5f57feff888da1d4f712 main_color avia-section-default avia-no-border-styling  avia-builder-el-40  el_after_av_section  el_before_av_section  avia-bg-style-scroll container_wrap sidebar_right'  ><div class='container av-section-cont-open' ><div class='template-page content  av-content-small alpha units'><div class='post-entry post-entry-type-page post-entry-44'><div class='entry-content-wrapper clearfix'>\n\n<style type=\"text\/css\" data-created_by=\"avia_inline_auto\" id=\"style-css-av-1n5qo-018bc8bcfc29c4243060e10bbfbfbd49\">\n#top .av-special-heading.av-1n5qo-018bc8bcfc29c4243060e10bbfbfbd49{\npadding-bottom:10px;\n}\nbody .av-special-heading.av-1n5qo-018bc8bcfc29c4243060e10bbfbfbd49 .av-special-heading-tag .heading-char{\nfont-size:25px;\n}\n.av-special-heading.av-1n5qo-018bc8bcfc29c4243060e10bbfbfbd49 .av-subheading{\nfont-size:15px;\n}\n<\/style>\n<div  class='av-special-heading av-1n5qo-018bc8bcfc29c4243060e10bbfbfbd49 av-special-heading-h2 custom-color-heading blockquote modern-quote  avia-builder-el-41  el_before_av_hr  avia-builder-el-first'><h2 class='av-special-heading-tag'  itemprop=\"headline\"  >Current sales offers in the Aletsch Arena<\/h2><div class=\"special-heading-border\"><div class=\"special-heading-inner-border\"><\/div><\/div><\/div>\n\n<style type=\"text\/css\" data-created_by=\"avia_inline_auto\" id=\"style-css-av-uvdk-ad725a392b4aa036fdc269962d3b02e8\">\n#top .hr.hr-invisible.av-uvdk-ad725a392b4aa036fdc269962d3b02e8{\nheight:50px;\n}\n<\/style>\n<div  class='hr av-uvdk-ad725a392b4aa036fdc269962d3b02e8 hr-invisible  avia-builder-el-42  el_after_av_heading  el_before_av_textblock'><span class='hr-inner'><span class=\"hr-inner-style\"><\/span><\/span><\/div>\n\n<style type=\"text\/css\" data-created_by=\"avia_inline_auto\" id=\"style-css-av-mjsbmcfl-14e2631977cc374e2b7c4cff606d05a8\">\n\n@media only screen and (max-width: 479px){ \n#top .av_textblock_section.av-mjsbmcfl-14e2631977cc374e2b7c4cff606d05a8 .avia_textblock{\nfont-size:8px;\n}\n}\n<\/style>\n<section  class='av_textblock_section av-mjsbmcfl-14e2631977cc374e2b7c4cff606d05a8'  itemscope=\"itemscope\" itemtype=\"https:\/\/schema.org\/CreativeWork\" ><div class='avia_textblock'  itemprop=\"text\" ><table width=\"526\">\n<tbody>\n<tr>\n<td width=\"113\"><strong>object<\/strong><\/td>\n<td width=\"83\"><strong>size<\/strong><\/td>\n<td width=\"164\"><strong>location<\/strong><\/td>\n<td width=\"83\"><strong>selling price<\/strong><\/td>\n<td width=\"83\"><strong>more info<\/strong><\/td>\n<\/tr>\n<tr>\n<td><a href=\"https:\/\/ferienchalet-wallis.ch\/en\/fewo\/wohnung\/?linked=1&amp;immoID=30\" target=\"_blank\" rel=\"noopener\">Alpenhaus Nr. 51 \u00a0<\/a><\/td>\n<td>67m2<\/td>\n<td>below the mountain station<\/td>\n<td>CHF 850&#8217;000<\/td>\n<td><a href=\"https:\/\/ferienchalet-wallis.ch\/wp-content\/uploads\/2025\/12\/Alpenhaus-Nr.-51.pdf\" target=\"_blank\" rel=\"noopener\">PDF<\/a><\/td>\n<\/tr>\n<\/tbody>\n<\/table>\n<\/div><\/section>\n\n<\/div><\/div><\/div><!-- close content main div --><\/div><div class='av-extra-border-element border-extra-diagonal'><div class='av-extra-border-outer'><div class='av-extra-border-inner'><\/div><\/div><\/div><\/div><div id='av_section_5'  class='avia-section av-64aqs-96de79d4478970517e843c91df011a72 main_color avia-section-default avia-no-border-styling  avia-builder-el-44  el_after_av_section  avia-builder-el-last  avia-bg-style-scroll container_wrap sidebar_right'  ><div class='container av-section-cont-open' ><div class='template-page content  av-content-small alpha units'><div class='post-entry post-entry-type-page post-entry-44'><div class='entry-content-wrapper clearfix'>\n\n<style type=\"text\/css\" data-created_by=\"avia_inline_auto\" id=\"style-css-av-5mz7k-a5888843b797a809ba9a52eebc83d1df\">\n#top .av-special-heading.av-5mz7k-a5888843b797a809ba9a52eebc83d1df{\npadding-bottom:10px;\n}\nbody .av-special-heading.av-5mz7k-a5888843b797a809ba9a52eebc83d1df .av-special-heading-tag .heading-char{\nfont-size:25px;\n}\n.av-special-heading.av-5mz7k-a5888843b797a809ba9a52eebc83d1df .av-subheading{\nfont-size:15px;\n}\n<\/style>\n<div  class='av-special-heading av-5mz7k-a5888843b797a809ba9a52eebc83d1df av-special-heading-h2 blockquote modern-quote  avia-builder-el-45  el_before_av_textblock  avia-builder-el-first'><h2 class='av-special-heading-tag'  itemprop=\"headline\"  >Do you still have questions?<\/h2><div class=\"special-heading-border\"><div class=\"special-heading-inner-border\"><\/div><\/div><\/div>\n<section  class='av_textblock_section av-53zn8-bdebeb835754cfadb8cd556b807da212'  itemscope=\"itemscope\" itemtype=\"https:\/\/schema.org\/CreativeWork\" ><div class='avia_textblock'  itemprop=\"text\" ><p>We will gladly provide you with information if you have any questions or require more detailed information about a particular apartment.<\/p>\n<\/div><\/section>\n\n<style type=\"text\/css\" data-created_by=\"avia_inline_auto\" id=\"style-css-av-4f3t8-f3009e431e8de8c2daef6ee559a94a30\">\n#top .hr.hr-invisible.av-4f3t8-f3009e431e8de8c2daef6ee559a94a30{\nheight:50px;\n}\n<\/style>\n<div  class='hr av-4f3t8-f3009e431e8de8c2daef6ee559a94a30 hr-invisible  avia-builder-el-47  el_after_av_textblock  el_before_av_one_third'><span class='hr-inner'><span class=\"hr-inner-style\"><\/span><\/span><\/div>\n<div class='flex_column av-45000-8cecce2790322a07f0a415412b1ff428 av_one_third  avia-builder-el-48  el_after_av_hr  el_before_av_one_third  first flex_column_div'   ><style type=\"text\/css\" data-created_by=\"avia_inline_auto\" id=\"style-css-av-33ut4-99c3b96eb0fdad027eb4d383d7ba42f7\">\n#top #wrap_all .iconbox.av-33ut4-99c3b96eb0fdad027eb4d383d7ba42f7 .iconbox_content_title{\nfont-size:18px;\n}\n<\/style>\n<article  class='iconbox iconbox_top av-33ut4-99c3b96eb0fdad027eb4d383d7ba42f7  avia-builder-el-49  avia-builder-el-no-sibling  main_color'  itemscope=\"itemscope\" itemtype=\"https:\/\/schema.org\/CreativeWork\" ><div class=\"iconbox_content\"><header class=\"entry-content-header\"><div class=\"iconbox_icon heading-color\" aria-hidden='true' data-av_icon='\ue854' data-av_iconfont='entypo-fontello'><\/div><h3 class='iconbox_content_title'  itemprop=\"headline\" >By telephone<\/h3><\/header><div class='iconbox_content_container'  itemprop=\"text\" ><p>Festnetz:\u00a0 <a href=\"tel:+41279273025\"><b>+ 41 27 927 30 25<\/b><\/a><\/p>\n<p>Mobil:\u00a0 <a href=\"tel:+41793101557\"><b>+ 41 79 310 15 57<\/b><\/a><\/p>\n<\/div><\/div><footer class=\"entry-footer\"><\/footer><\/article><\/div><div class='flex_column av-8xvc-7a70383989ac483f381b2e61b1737c51 av_one_third  avia-builder-el-50  el_after_av_one_third  el_before_av_one_third  flex_column_div'   ><style type=\"text\/css\" data-created_by=\"avia_inline_auto\" id=\"style-css-av-29xyg-6beb0f193e21f28814ccee223b3af94e\">\n#top #wrap_all .iconbox.av-29xyg-6beb0f193e21f28814ccee223b3af94e .iconbox_content_title{\nfont-size:18px;\n}\n<\/style>\n<article  class='iconbox iconbox_top av-29xyg-6beb0f193e21f28814ccee223b3af94e  avia-builder-el-51  avia-builder-el-no-sibling  main_color'  itemscope=\"itemscope\" itemtype=\"https:\/\/schema.org\/CreativeWork\" ><div class=\"iconbox_content\"><header class=\"entry-content-header\"><div class=\"iconbox_icon heading-color\" aria-hidden='true' data-av_icon='\ue836' data-av_iconfont='entypo-fontello'><\/div><h3 class='iconbox_content_title'  itemprop=\"headline\" >E-mail<\/h3><\/header><div class='iconbox_content_container'  itemprop=\"text\" ><p><a href=\"mailto:info@kranzfelder.ch\">Write an E-mail<\/a><\/p>\n<\/div><\/div><footer class=\"entry-footer\"><\/footer><\/article><\/div><div class='flex_column av-1im8k-6e052fd156639bd14ed2ec40f39d9174 av_one_third  avia-builder-el-52  el_after_av_one_third  avia-builder-el-last  flex_column_div'   ><style type=\"text\/css\" data-created_by=\"avia_inline_auto\" id=\"style-css-av-zpok-5a7b33d8d8515ca9e4a0e4427bbc6561\">\n#top #wrap_all .iconbox.av-zpok-5a7b33d8d8515ca9e4a0e4427bbc6561 .iconbox_content_title{\nfont-size:18px;\n}\n<\/style>\n<article  class='iconbox iconbox_top av-zpok-5a7b33d8d8515ca9e4a0e4427bbc6561  avia-builder-el-53  avia-builder-el-no-sibling  main_color'  itemscope=\"itemscope\" itemtype=\"https:\/\/schema.org\/CreativeWork\" ><div class=\"iconbox_content\"><header class=\"entry-content-header\"><div class=\"iconbox_icon heading-color\" aria-hidden='true' data-av_icon='\ue805' data-av_iconfont='entypo-fontello'><\/div><h3 class='iconbox_content_title'  itemprop=\"headline\" >Contact form<\/h3><\/header><div class='iconbox_content_container'  itemprop=\"text\" ><p>Use our <a href=\"https:\/\/ferienchalet-wallis.ch\/en\/kontakt-und-anfrage\/\">Contact form<\/a> to submit an inquiry<\/p>\n<\/div><\/div><footer class=\"entry-footer\"><\/footer><\/article><\/div><\/div><\/div><\/div><!-- close content main div --><\/div><\/div><div id='after_section_5'  class='main_color av_default_container_wrap container_wrap sidebar_right'  ><div class='container av-section-cont-open' ><div class='template-page content  av-content-small alpha units'><div class='post-entry post-entry-type-page post-entry-44'><div class='entry-content-wrapper clearfix'>","protected":false},"excerpt":{"rendered":"<p>Ferienunterk\u00fcnfte in der Aletsch Arena von 2 bis 5 Sterne vermieten wir Ihnen auf der Riederalp und Bettmeralp. Sie erreichen uns telefonisch und schriftlich.<\/p>","protected":false},"author":2,"featured_media":0,"parent":0,"menu_order":0,"comment_status":"closed","ping_status":"closed","template":"","meta":{"footnotes":""},"class_list":["post-44","page","type-page","status-publish","hentry"],"yoast_head":"<!-- This site is optimized with the Yoast SEO plugin v27.5 - https:\/\/yoast.com\/product\/yoast-seo-wordpress\/ -->\n<title>Ferienunterk\u00fcnfte - Bettmeralp und Riederalp<\/title>\n<meta name=\"description\" content=\"Der Name Kranzfelder steht seit \u00fcber 23 Jahren f\u00fcr erholsame Ferien auf Bettmeralp und Riederalp.\" \/>\n<meta name=\"robots\" content=\"index, follow, max-snippet:-1, max-image-preview:large, max-video-preview:-1\" \/>\n<link rel=\"canonical\" href=\"https:\/\/ferienchalet-wallis.ch\/en\/ferienunterkuenfte\/\" \/>\n<meta property=\"og:locale\" content=\"en_GB\" \/>\n<meta property=\"og:type\" content=\"article\" \/>\n<meta property=\"og:title\" content=\"Ferienunterk\u00fcnfte - Bettmeralp und Riederalp\" \/>\n<meta property=\"og:description\" content=\"Der Name Kranzfelder steht seit \u00fcber 23 Jahren f\u00fcr erholsame Ferien auf Bettmeralp und Riederalp.\" \/>\n<meta property=\"og:url\" content=\"https:\/\/ferienchalet-wallis.ch\/en\/ferienunterkuenfte\/\" \/>\n<meta property=\"og:site_name\" content=\"Bettmeralp und Riederalp\" \/>\n<meta property=\"article:modified_time\" content=\"2026-02-11T12:48:49+00:00\" \/>\n<meta name=\"twitter:card\" content=\"summary_large_image\" \/>\n<meta name=\"twitter:label1\" content=\"Estimated reading time\" \/>\n\t<meta name=\"twitter:data1\" content=\"16 minutes\" \/>\n<script type=\"application\/ld+json\" class=\"yoast-schema-graph\">{\"@context\":\"https:\\\/\\\/schema.org\",\"@graph\":[{\"@type\":\"WebPage\",\"@id\":\"https:\\\/\\\/ferienchalet-wallis.ch\\\/ferienunterkuenfte\\\/\",\"url\":\"https:\\\/\\\/ferienchalet-wallis.ch\\\/ferienunterkuenfte\\\/\",\"name\":\"Ferienunterk\u00fcnfte - Bettmeralp und Riederalp\",\"isPartOf\":{\"@id\":\"https:\\\/\\\/ferienchalet-wallis.ch\\\/#website\"},\"datePublished\":\"2022-01-13T07:25:15+00:00\",\"dateModified\":\"2026-02-11T12:48:49+00:00\",\"description\":\"Der Name Kranzfelder steht seit \u00fcber 23 Jahren f\u00fcr erholsame Ferien auf Bettmeralp und Riederalp.\",\"breadcrumb\":{\"@id\":\"https:\\\/\\\/ferienchalet-wallis.ch\\\/ferienunterkuenfte\\\/#breadcrumb\"},\"inLanguage\":\"en-GB\",\"potentialAction\":[{\"@type\":\"ReadAction\",\"target\":[\"https:\\\/\\\/ferienchalet-wallis.ch\\\/ferienunterkuenfte\\\/\"]}]},{\"@type\":\"BreadcrumbList\",\"@id\":\"https:\\\/\\\/ferienchalet-wallis.ch\\\/ferienunterkuenfte\\\/#breadcrumb\",\"itemListElement\":[{\"@type\":\"ListItem\",\"position\":1,\"name\":\"Home\",\"item\":\"https:\\\/\\\/ferienchalet-wallis.ch\\\/\"},{\"@type\":\"ListItem\",\"position\":2,\"name\":\"Ferienunterk\u00fcnfte\"}]},{\"@type\":\"WebSite\",\"@id\":\"https:\\\/\\\/ferienchalet-wallis.ch\\\/#website\",\"url\":\"https:\\\/\\\/ferienchalet-wallis.ch\\\/\",\"name\":\"Bettmeralp und Riederalp\",\"description\":\"Kranzfelder Markus\",\"publisher\":{\"@id\":\"https:\\\/\\\/ferienchalet-wallis.ch\\\/#organization\"},\"potentialAction\":[{\"@type\":\"SearchAction\",\"target\":{\"@type\":\"EntryPoint\",\"urlTemplate\":\"https:\\\/\\\/ferienchalet-wallis.ch\\\/?s={search_term_string}\"},\"query-input\":{\"@type\":\"PropertyValueSpecification\",\"valueRequired\":true,\"valueName\":\"search_term_string\"}}],\"inLanguage\":\"en-GB\"},{\"@type\":\"Organization\",\"@id\":\"https:\\\/\\\/ferienchalet-wallis.ch\\\/#organization\",\"name\":\"Liegenschaftsbetreuung \\\/ Vermietung \u2013 M. Kranzfelder\",\"url\":\"https:\\\/\\\/ferienchalet-wallis.ch\\\/\",\"logo\":{\"@type\":\"ImageObject\",\"inLanguage\":\"en-GB\",\"@id\":\"https:\\\/\\\/ferienchalet-wallis.ch\\\/#\\\/schema\\\/logo\\\/image\\\/\",\"url\":\"https:\\\/\\\/ferienchalet-wallis.ch\\\/wp-content\\\/uploads\\\/2022\\\/01\\\/Logo_Kranzfelder.png\",\"contentUrl\":\"https:\\\/\\\/ferienchalet-wallis.ch\\\/wp-content\\\/uploads\\\/2022\\\/01\\\/Logo_Kranzfelder.png\",\"width\":1526,\"height\":447,\"caption\":\"Liegenschaftsbetreuung \\\/ Vermietung \u2013 M. Kranzfelder\"},\"image\":{\"@id\":\"https:\\\/\\\/ferienchalet-wallis.ch\\\/#\\\/schema\\\/logo\\\/image\\\/\"}}]}<\/script>\n<!-- \/ Yoast SEO plugin. -->","yoast_head_json":{"title":"Ferienunterk\u00fcnfte - Bettmeralp und Riederalp","description":"Der Name Kranzfelder steht seit \u00fcber 23 Jahren f\u00fcr erholsame Ferien auf Bettmeralp und Riederalp.","robots":{"index":"index","follow":"follow","max-snippet":"max-snippet:-1","max-image-preview":"max-image-preview:large","max-video-preview":"max-video-preview:-1"},"canonical":"https:\/\/ferienchalet-wallis.ch\/en\/ferienunterkuenfte\/","og_locale":"en_GB","og_type":"article","og_title":"Ferienunterk\u00fcnfte - Bettmeralp und Riederalp","og_description":"Der Name Kranzfelder steht seit \u00fcber 23 Jahren f\u00fcr erholsame Ferien auf Bettmeralp und Riederalp.","og_url":"https:\/\/ferienchalet-wallis.ch\/en\/ferienunterkuenfte\/","og_site_name":"Bettmeralp und Riederalp","article_modified_time":"2026-02-11T12:48:49+00:00","twitter_card":"summary_large_image","twitter_misc":{"Estimated reading time":"16 minutes"},"schema":{"@context":"https:\/\/schema.org","@graph":[{"@type":"WebPage","@id":"https:\/\/ferienchalet-wallis.ch\/ferienunterkuenfte\/","url":"https:\/\/ferienchalet-wallis.ch\/ferienunterkuenfte\/","name":"Ferienunterk\u00fcnfte - Bettmeralp und Riederalp","isPartOf":{"@id":"https:\/\/ferienchalet-wallis.ch\/#website"},"datePublished":"2022-01-13T07:25:15+00:00","dateModified":"2026-02-11T12:48:49+00:00","description":"Der Name Kranzfelder steht seit \u00fcber 23 Jahren f\u00fcr erholsame Ferien auf Bettmeralp und Riederalp.","breadcrumb":{"@id":"https:\/\/ferienchalet-wallis.ch\/ferienunterkuenfte\/#breadcrumb"},"inLanguage":"en-GB","potentialAction":[{"@type":"ReadAction","target":["https:\/\/ferienchalet-wallis.ch\/ferienunterkuenfte\/"]}]},{"@type":"BreadcrumbList","@id":"https:\/\/ferienchalet-wallis.ch\/ferienunterkuenfte\/#breadcrumb","itemListElement":[{"@type":"ListItem","position":1,"name":"Home","item":"https:\/\/ferienchalet-wallis.ch\/"},{"@type":"ListItem","position":2,"name":"Ferienunterk\u00fcnfte"}]},{"@type":"WebSite","@id":"https:\/\/ferienchalet-wallis.ch\/#website","url":"https:\/\/ferienchalet-wallis.ch\/","name":"Bettmeralp and Riederalp","description":"Kranzfelder Markus","publisher":{"@id":"https:\/\/ferienchalet-wallis.ch\/#organization"},"potentialAction":[{"@type":"SearchAction","target":{"@type":"EntryPoint","urlTemplate":"https:\/\/ferienchalet-wallis.ch\/?s={search_term_string}"},"query-input":{"@type":"PropertyValueSpecification","valueRequired":true,"valueName":"search_term_string"}}],"inLanguage":"en-GB"},{"@type":"Organization","@id":"https:\/\/ferienchalet-wallis.ch\/#organization","name":"Liegenschaftsbetreuung \/ Vermietung \u2013 M. Kranzfelder","url":"https:\/\/ferienchalet-wallis.ch\/","logo":{"@type":"ImageObject","inLanguage":"en-GB","@id":"https:\/\/ferienchalet-wallis.ch\/#\/schema\/logo\/image\/","url":"https:\/\/ferienchalet-wallis.ch\/wp-content\/uploads\/2022\/01\/Logo_Kranzfelder.png","contentUrl":"https:\/\/ferienchalet-wallis.ch\/wp-content\/uploads\/2022\/01\/Logo_Kranzfelder.png","width":1526,"height":447,"caption":"Liegenschaftsbetreuung \/ Vermietung \u2013 M. Kranzfelder"},"image":{"@id":"https:\/\/ferienchalet-wallis.ch\/#\/schema\/logo\/image\/"}}]}},"_links":{"self":[{"href":"https:\/\/ferienchalet-wallis.ch\/en\/wp-json\/wp\/v2\/pages\/44","targetHints":{"allow":["GET"]}}],"collection":[{"href":"https:\/\/ferienchalet-wallis.ch\/en\/wp-json\/wp\/v2\/pages"}],"about":[{"href":"https:\/\/ferienchalet-wallis.ch\/en\/wp-json\/wp\/v2\/types\/page"}],"author":[{"embeddable":true,"href":"https:\/\/ferienchalet-wallis.ch\/en\/wp-json\/wp\/v2\/users\/2"}],"replies":[{"embeddable":true,"href":"https:\/\/ferienchalet-wallis.ch\/en\/wp-json\/wp\/v2\/comments?post=44"}],"version-history":[{"count":161,"href":"https:\/\/ferienchalet-wallis.ch\/en\/wp-json\/wp\/v2\/pages\/44\/revisions"}],"predecessor-version":[{"id":2962,"href":"https:\/\/ferienchalet-wallis.ch\/en\/wp-json\/wp\/v2\/pages\/44\/revisions\/2962"}],"wp:attachment":[{"href":"https:\/\/ferienchalet-wallis.ch\/en\/wp-json\/wp\/v2\/media?parent=44"}],"curies":[{"name":"wp","href":"https:\/\/api.w.org\/{rel}","templated":true}]}}