{"id":48,"date":"2022-01-13T07:26:58","date_gmt":"2022-01-13T07:26:58","guid":{"rendered":"https:\/\/new.ferienchalet-wallis.ch\/?page_id=48"},"modified":"2025-11-11T16:10:26","modified_gmt":"2025-11-11T16:10:26","slug":"kontakt-und-anfrage","status":"publish","type":"page","link":"https:\/\/ferienchalet-wallis.ch\/en\/kontakt-und-anfrage\/","title":{"rendered":"Contact &amp; inquiry"},"content":{"rendered":"<style type=\"text\/css\" data-created_by=\"avia_inline_auto\" id=\"style-css-av-mhumw6vk-e11f2ca3288a49b28adcacdc4dd79ee8\">\n#top .av-special-heading.av-mhumw6vk-e11f2ca3288a49b28adcacdc4dd79ee8{\npadding-bottom:10px;\n}\nbody .av-special-heading.av-mhumw6vk-e11f2ca3288a49b28adcacdc4dd79ee8 .av-special-heading-tag .heading-char{\nfont-size:25px;\n}\n.av-special-heading.av-mhumw6vk-e11f2ca3288a49b28adcacdc4dd79ee8 .av-subheading{\nfont-size:15px;\n}\n<\/style>\n<div  class='av-special-heading av-mhumw6vk-e11f2ca3288a49b28adcacdc4dd79ee8 av-special-heading-h2  avia-builder-el-0  el_before_av_textblock  avia-builder-el-first'><h2 class='av-special-heading-tag'  itemprop=\"headline\"  >Contact <span class='special_amp'>&amp;<\/span> Inquiry<\/h2><div class=\"special-heading-border\"><div class=\"special-heading-inner-border\"><\/div><\/div><\/div>\n<section  class='av_textblock_section av-mhumx9r1-4e7deea5058c5a556a04133c71f7512d'  itemscope=\"itemscope\" itemtype=\"https:\/\/schema.org\/CreativeWork\" ><div class='avia_textblock'  itemprop=\"text\" ><p>We are delighted that you are interested in staying in our holiday accommodations and would be happy to provide you with a non-binding offer. Simply fill out the following contact form and send us your inquiry. We will get back to you as soon as possible.<\/p>\n<\/div><\/section>\n<form action=\"https:\/\/ferienchalet-wallis.ch\/en\/kontakt-und-anfrage\/\" method=\"post\"  class=\"avia_ajax_form av-form-labels-visible   avia-builder-el-2  el_after_av_textblock  avia-builder-el-last\" data-avia-form-id=\"1\" data-avia-redirect='' data-trp-original-action=\"https:\/\/ferienchalet-wallis.ch\/en\/kontakt-und-anfrage\/\" ><h3 class=''>Contact form<\/h3><fieldset><p class='first_form  form_element form_fullwidth' id='element_avia_1_1'><label for=\"avia_1_1\">Name <abbr class=\"required\" title=\"required\">*<\/abbr><\/label> <input name=\"avia_1_1\" class=\"text_input is_empty\" type=\"text\" id=\"avia_1_1\" value=\"\" \/><\/p><p class='first_form  form_element form_fullwidth' id='element_avia_2_1'><label for=\"avia_2_1\">First name <abbr class=\"required\" title=\"required\">*<\/abbr><\/label> <input name=\"avia_2_1\" class=\"text_input is_empty\" type=\"text\" id=\"avia_2_1\" value=\"\" \/><\/p><p class='first_form  form_element form_fullwidth' id='element_avia_3_1'><label for=\"avia_3_1\">E-mail <abbr class=\"required\" title=\"required\">*<\/abbr><\/label> <input name=\"avia_3_1\" class=\"text_input is_email\" type=\"text\" id=\"avia_3_1\" value=\"\" \/><\/p><p class='first_form  form_element form_fullwidth' id='element_avia_4_1'><label for=\"avia_4_1\">Street, No.<\/label> <input name=\"avia_4_1\" class=\"text_input\" type=\"text\" id=\"avia_4_1\" value=\"\" \/><\/p><p class='first_form  form_element form_fullwidth' id='element_avia_5_1'><label for=\"avia_5_1\">Postcode, City<\/label> <input name=\"avia_5_1\" class=\"text_input\" type=\"text\" id=\"avia_5_1\" value=\"\" \/><\/p><p class='first_form  form_element form_fullwidth' id='element_avia_6_1'><label for=\"avia_6_1\">Country<\/label> <input name=\"avia_6_1\" class=\"text_input\" type=\"text\" id=\"avia_6_1\" value=\"\" \/><\/p><p class='first_form  form_element form_fullwidth' id='element_avia_7_1'><label for=\"avia_7_1\">Phone <abbr class=\"required\" title=\"required\">*<\/abbr><\/label> <input name=\"avia_7_1\" class=\"text_input is_empty\" type=\"text\" id=\"avia_7_1\" value=\"\" \/><\/p><p class='first_form  form_element form_fullwidth' id='element_avia_8_1'><label for=\"avia_8_1\">Subject <abbr class=\"required\" title=\"required\">*<\/abbr><\/label> <input name=\"avia_8_1\" class=\"text_input is_empty\" type=\"text\" id=\"avia_8_1\" value=\"\" \/><\/p><p class='first_form  form_element form_fullwidth' id='element_avia_9_1'><label for=\"avia_9_1\" class=\"textare_label hidden textare_label_avia_9_1\">Message <abbr class=\"required\" title=\"required\">*<\/abbr><\/label><textarea  name=\"avia_9_1\" class=\"text_area is_empty\" cols=\"40\" rows=\"7\" id=\"avia_9_1\" ><\/textarea><\/p><p class=\"hidden\"><input type=\"text\" name=\"avia_10_1\" class=\"hidden\" id=\"avia_10_1\" value=\"\" \/><\/p><p class='form_element form_fullwidth' id='element_avia_11_1'><span class='value_verifier_label'>0 + 8 = ?<\/span><input name=\"avia_11_1_verifier\" type=\"hidden\" id=\"avia_11_1_verifier\" value=\"684415481\"\/><label for=\"avia_11_1\">Please prove that you are human by solving the equation <abbr class=\"required\" title=\"required\">*<\/abbr><\/label><input name=\"avia_11_1\" class=\"text_input captcha\" type=\"text\" id=\"avia_11_1\" value=\"\"\/><\/p><p class=\"form_element\"><input type=\"hidden\" value=\"1\" name=\"avia_generated_form1\" \/><input type=\"submit\" value=\"Send\" class=\"button\"  data-sending-label=\"Sending\"\/><\/p><\/fieldset><input type=\"hidden\" name=\"trp-form-language\" value=\"en\"\/><\/form><div id=\"ajaxresponse_1\" class=\"ajaxresponse ajaxresponse_1 hidden\"><\/div>","protected":false},"excerpt":{"rendered":"","protected":false},"author":1,"featured_media":0,"parent":0,"menu_order":0,"comment_status":"closed","ping_status":"closed","template":"","meta":{"footnotes":""},"class_list":["post-48","page","type-page","status-publish","hentry"],"yoast_head":"<!-- This site is optimized with the Yoast SEO plugin v27.5 - https:\/\/yoast.com\/product\/yoast-seo-wordpress\/ -->\n<title>Kontakt &amp; Anfrage - Bettmeralp und Riederalp<\/title>\n<meta name=\"description\" content=\"Sie m\u00f6chten Kontakt mit uns aufnehmen? Dann f\u00fcllen Sie bitte das Kontaktformular aus und stellen Sie Ihre Fragen. Wir melden uns sobald wie m\u00f6glich bei Ihnen.\" \/>\n<meta name=\"robots\" content=\"index, follow, max-snippet:-1, max-image-preview:large, max-video-preview:-1\" \/>\n<link rel=\"canonical\" href=\"https:\/\/ferienchalet-wallis.ch\/en\/kontakt-und-anfrage\/\" \/>\n<meta property=\"og:locale\" content=\"en_GB\" \/>\n<meta property=\"og:type\" content=\"article\" \/>\n<meta property=\"og:title\" content=\"Kontakt &amp; Anfrage - Bettmeralp und Riederalp\" \/>\n<meta property=\"og:description\" content=\"Sie m\u00f6chten Kontakt mit uns aufnehmen? Dann f\u00fcllen Sie bitte das Kontaktformular aus und stellen Sie Ihre Fragen. Wir melden uns sobald wie m\u00f6glich bei Ihnen.\" \/>\n<meta property=\"og:url\" content=\"https:\/\/ferienchalet-wallis.ch\/en\/kontakt-und-anfrage\/\" \/>\n<meta property=\"og:site_name\" content=\"Bettmeralp und Riederalp\" \/>\n<meta property=\"article:modified_time\" content=\"2025-11-11T16:10:26+00:00\" \/>\n<meta name=\"twitter:card\" content=\"summary_large_image\" \/>\n<meta name=\"twitter:label1\" content=\"Estimated reading time\" \/>\n\t<meta name=\"twitter:data1\" content=\"2 minutes\" \/>\n<script type=\"application\/ld+json\" class=\"yoast-schema-graph\">{\"@context\":\"https:\\\/\\\/schema.org\",\"@graph\":[{\"@type\":\"WebPage\",\"@id\":\"https:\\\/\\\/ferienchalet-wallis.ch\\\/kontakt-und-anfrage\\\/\",\"url\":\"https:\\\/\\\/ferienchalet-wallis.ch\\\/kontakt-und-anfrage\\\/\",\"name\":\"Kontakt & Anfrage - Bettmeralp und Riederalp\",\"isPartOf\":{\"@id\":\"https:\\\/\\\/ferienchalet-wallis.ch\\\/#website\"},\"datePublished\":\"2022-01-13T07:26:58+00:00\",\"dateModified\":\"2025-11-11T16:10:26+00:00\",\"description\":\"Sie m\u00f6chten Kontakt mit uns aufnehmen? Dann f\u00fcllen Sie bitte das Kontaktformular aus und stellen Sie Ihre Fragen. Wir melden uns sobald wie m\u00f6glich bei Ihnen.\",\"breadcrumb\":{\"@id\":\"https:\\\/\\\/ferienchalet-wallis.ch\\\/kontakt-und-anfrage\\\/#breadcrumb\"},\"inLanguage\":\"en-GB\",\"potentialAction\":[{\"@type\":\"ReadAction\",\"target\":[\"https:\\\/\\\/ferienchalet-wallis.ch\\\/kontakt-und-anfrage\\\/\"]}]},{\"@type\":\"BreadcrumbList\",\"@id\":\"https:\\\/\\\/ferienchalet-wallis.ch\\\/kontakt-und-anfrage\\\/#breadcrumb\",\"itemListElement\":[{\"@type\":\"ListItem\",\"position\":1,\"name\":\"Home\",\"item\":\"https:\\\/\\\/ferienchalet-wallis.ch\\\/\"},{\"@type\":\"ListItem\",\"position\":2,\"name\":\"Kontakt &#038; Anfrage\"}]},{\"@type\":\"WebSite\",\"@id\":\"https:\\\/\\\/ferienchalet-wallis.ch\\\/#website\",\"url\":\"https:\\\/\\\/ferienchalet-wallis.ch\\\/\",\"name\":\"Bettmeralp und Riederalp\",\"description\":\"Kranzfelder Markus\",\"publisher\":{\"@id\":\"https:\\\/\\\/ferienchalet-wallis.ch\\\/#organization\"},\"potentialAction\":[{\"@type\":\"SearchAction\",\"target\":{\"@type\":\"EntryPoint\",\"urlTemplate\":\"https:\\\/\\\/ferienchalet-wallis.ch\\\/?s={search_term_string}\"},\"query-input\":{\"@type\":\"PropertyValueSpecification\",\"valueRequired\":true,\"valueName\":\"search_term_string\"}}],\"inLanguage\":\"en-GB\"},{\"@type\":\"Organization\",\"@id\":\"https:\\\/\\\/ferienchalet-wallis.ch\\\/#organization\",\"name\":\"Liegenschaftsbetreuung \\\/ Vermietung \u2013 M. Kranzfelder\",\"url\":\"https:\\\/\\\/ferienchalet-wallis.ch\\\/\",\"logo\":{\"@type\":\"ImageObject\",\"inLanguage\":\"en-GB\",\"@id\":\"https:\\\/\\\/ferienchalet-wallis.ch\\\/#\\\/schema\\\/logo\\\/image\\\/\",\"url\":\"https:\\\/\\\/ferienchalet-wallis.ch\\\/wp-content\\\/uploads\\\/2022\\\/01\\\/Logo_Kranzfelder.png\",\"contentUrl\":\"https:\\\/\\\/ferienchalet-wallis.ch\\\/wp-content\\\/uploads\\\/2022\\\/01\\\/Logo_Kranzfelder.png\",\"width\":1526,\"height\":447,\"caption\":\"Liegenschaftsbetreuung \\\/ Vermietung \u2013 M. Kranzfelder\"},\"image\":{\"@id\":\"https:\\\/\\\/ferienchalet-wallis.ch\\\/#\\\/schema\\\/logo\\\/image\\\/\"}}]}<\/script>\n<!-- \/ Yoast SEO plugin. -->","yoast_head_json":{"title":"Kontakt & Anfrage - Bettmeralp und Riederalp","description":"Sie m\u00f6chten Kontakt mit uns aufnehmen? Dann f\u00fcllen Sie bitte das Kontaktformular aus und stellen Sie Ihre Fragen. Wir melden uns sobald wie m\u00f6glich bei Ihnen.","robots":{"index":"index","follow":"follow","max-snippet":"max-snippet:-1","max-image-preview":"max-image-preview:large","max-video-preview":"max-video-preview:-1"},"canonical":"https:\/\/ferienchalet-wallis.ch\/en\/kontakt-und-anfrage\/","og_locale":"en_GB","og_type":"article","og_title":"Kontakt & Anfrage - Bettmeralp und Riederalp","og_description":"Sie m\u00f6chten Kontakt mit uns aufnehmen? Dann f\u00fcllen Sie bitte das Kontaktformular aus und stellen Sie Ihre Fragen. Wir melden uns sobald wie m\u00f6glich bei Ihnen.","og_url":"https:\/\/ferienchalet-wallis.ch\/en\/kontakt-und-anfrage\/","og_site_name":"Bettmeralp und Riederalp","article_modified_time":"2025-11-11T16:10:26+00:00","twitter_card":"summary_large_image","twitter_misc":{"Estimated reading time":"2 minutes"},"schema":{"@context":"https:\/\/schema.org","@graph":[{"@type":"WebPage","@id":"https:\/\/ferienchalet-wallis.ch\/kontakt-und-anfrage\/","url":"https:\/\/ferienchalet-wallis.ch\/kontakt-und-anfrage\/","name":"Kontakt & Anfrage - Bettmeralp und Riederalp","isPartOf":{"@id":"https:\/\/ferienchalet-wallis.ch\/#website"},"datePublished":"2022-01-13T07:26:58+00:00","dateModified":"2025-11-11T16:10:26+00:00","description":"Sie m\u00f6chten Kontakt mit uns aufnehmen? Dann f\u00fcllen Sie bitte das Kontaktformular aus und stellen Sie Ihre Fragen. Wir melden uns sobald wie m\u00f6glich bei Ihnen.","breadcrumb":{"@id":"https:\/\/ferienchalet-wallis.ch\/kontakt-und-anfrage\/#breadcrumb"},"inLanguage":"en-GB","potentialAction":[{"@type":"ReadAction","target":["https:\/\/ferienchalet-wallis.ch\/kontakt-und-anfrage\/"]}]},{"@type":"BreadcrumbList","@id":"https:\/\/ferienchalet-wallis.ch\/kontakt-und-anfrage\/#breadcrumb","itemListElement":[{"@type":"ListItem","position":1,"name":"Home","item":"https:\/\/ferienchalet-wallis.ch\/"},{"@type":"ListItem","position":2,"name":"Kontakt &#038; Anfrage"}]},{"@type":"WebSite","@id":"https:\/\/ferienchalet-wallis.ch\/#website","url":"https:\/\/ferienchalet-wallis.ch\/","name":"Bettmeralp and Riederalp","description":"Kranzfelder Markus","publisher":{"@id":"https:\/\/ferienchalet-wallis.ch\/#organization"},"potentialAction":[{"@type":"SearchAction","target":{"@type":"EntryPoint","urlTemplate":"https:\/\/ferienchalet-wallis.ch\/?s={search_term_string}"},"query-input":{"@type":"PropertyValueSpecification","valueRequired":true,"valueName":"search_term_string"}}],"inLanguage":"en-GB"},{"@type":"Organization","@id":"https:\/\/ferienchalet-wallis.ch\/#organization","name":"Liegenschaftsbetreuung \/ Vermietung \u2013 M. Kranzfelder","url":"https:\/\/ferienchalet-wallis.ch\/","logo":{"@type":"ImageObject","inLanguage":"en-GB","@id":"https:\/\/ferienchalet-wallis.ch\/#\/schema\/logo\/image\/","url":"https:\/\/ferienchalet-wallis.ch\/wp-content\/uploads\/2022\/01\/Logo_Kranzfelder.png","contentUrl":"https:\/\/ferienchalet-wallis.ch\/wp-content\/uploads\/2022\/01\/Logo_Kranzfelder.png","width":1526,"height":447,"caption":"Liegenschaftsbetreuung \/ Vermietung \u2013 M. Kranzfelder"},"image":{"@id":"https:\/\/ferienchalet-wallis.ch\/#\/schema\/logo\/image\/"}}]}},"_links":{"self":[{"href":"https:\/\/ferienchalet-wallis.ch\/en\/wp-json\/wp\/v2\/pages\/48","targetHints":{"allow":["GET"]}}],"collection":[{"href":"https:\/\/ferienchalet-wallis.ch\/en\/wp-json\/wp\/v2\/pages"}],"about":[{"href":"https:\/\/ferienchalet-wallis.ch\/en\/wp-json\/wp\/v2\/types\/page"}],"author":[{"embeddable":true,"href":"https:\/\/ferienchalet-wallis.ch\/en\/wp-json\/wp\/v2\/users\/1"}],"replies":[{"embeddable":true,"href":"https:\/\/ferienchalet-wallis.ch\/en\/wp-json\/wp\/v2\/comments?post=48"}],"version-history":[{"count":15,"href":"https:\/\/ferienchalet-wallis.ch\/en\/wp-json\/wp\/v2\/pages\/48\/revisions"}],"predecessor-version":[{"id":2615,"href":"https:\/\/ferienchalet-wallis.ch\/en\/wp-json\/wp\/v2\/pages\/48\/revisions\/2615"}],"wp:attachment":[{"href":"https:\/\/ferienchalet-wallis.ch\/en\/wp-json\/wp\/v2\/media?parent=48"}],"curies":[{"name":"wp","href":"https:\/\/api.w.org\/{rel}","templated":true}]}}